{"id":7035,"date":"2018-09-09T16:02:09","date_gmt":"2018-09-09T15:02:09","guid":{"rendered":"https:\/\/www.maisquecuidar.com\/loja\/produto\/imobilizador-do-ombro\/"},"modified":"2025-10-01T18:32:39","modified_gmt":"2025-10-01T17:32:39","slug":"imobilizador-do-ombro","status":"publish","type":"product","link":"https:\/\/www.maisquecuidar.com\/loja\/produtos-ortopedicos-ortoteses\/ortoteses-membros-superiores\/imobilizador-do-ombro","title":{"rendered":"Suporte de Bra\u00e7o com Banda Tor\u00e1cica Orliman"},"content":{"rendered":"<p>O suporte de bra\u00e7o com banda tor\u00e1cica \u00e9 fabricado em veludo com o formato do peito para dar apoio ao ante-bra\u00e7o, fecha sobre si mesmo permitindo regular a altura. Prolonga-se com duas faixas de cada lado dos ombros, que se cruzam nas costas e se fecham com velcro no ante-bra\u00e7o.<\/p>\n<p>Disp\u00f5e de uma faixa larga adicional imobilizadora para sub-luxa\u00e7\u00e3o da articula\u00e7\u00e3o escapulo-umeral para uma forte imobiliza\u00e7\u00e3o.<\/p>\n<p>Possibilidade de incorporar tira imobilizadora de ombro.<\/p>\n<h3>Indica\u00e7\u00f5es<\/h3>\n<p>Subluxa\u00e7\u00f5es e les\u00f5es leves do ombro.<\/p>\n<h3>Efeitos<\/h3>\n<p>Estabiliza a articula\u00e7\u00e3o esc\u00e1pulo-umeral.<\/p>\n<h3>Tamanhos<\/h3>\n<p><img decoding=\"async\" class=\"alignnone  wp-image-15167 lazyload\" data-src=\"https:\/\/img.maisquecuidar.com\/loja\/wp-content\/uploads\/2018\/09\/tamanhos-suporte-braco-banda-toracica.png\" alt=\"Tamanhos do suporte de bra\u00e7o com banda tor\u00e1cica\" width=\"343\" height=\"89\" data-srcset=\"https:\/\/img.maisquecuidar.com\/loja\/wp-content\/uploads\/2018\/09\/tamanhos-suporte-braco-banda-toracica.png 405w, https:\/\/img.maisquecuidar.com\/loja\/wp-content\/uploads\/2018\/09\/tamanhos-suporte-braco-banda-toracica-380x99.png 380w, https:\/\/img.maisquecuidar.com\/loja\/wp-content\/uploads\/2018\/09\/tamanhos-suporte-braco-banda-toracica-350x91.png 350w\" data-sizes=\"(max-width: 343px) 100vw, 343px\" src=\"data:image\/svg+xml;base64,PHN2ZyB3aWR0aD0iMSIgaGVpZ2h0PSIxIiB4bWxucz0iaHR0cDovL3d3dy53My5vcmcvMjAwMC9zdmciPjwvc3ZnPg==\" style=\"--smush-placeholder-width: 343px; --smush-placeholder-aspect-ratio: 343\/89;\" \/><\/p>\n<p>&nbsp;<\/p>\n","protected":false},"excerpt":{"rendered":"<p>O suporte de bra\u00e7o com banda tor\u00e1cica \u00e9 fabricado em veludo com o formato do peito para dar apoio ao ante-bra\u00e7o, fecha sobre si mesmo permitindo regular a altura. Prolonga-se com duas faixas de cada lado dos ombros, que se cruzam nas costas e se fecham com velcro no ante-bra\u00e7o. Disp\u00f5e de uma faixa larga&hellip;&nbsp;<a href=\"https:\/\/www.maisquecuidar.com\/loja\/produtos-ortopedicos-ortoteses\/ortoteses-membros-superiores\/imobilizador-do-ombro\" rel=\"bookmark\">Ler mais &raquo;<span class=\"screen-reader-text\">Suporte de Bra\u00e7o com Banda Tor\u00e1cica Orliman<\/span><\/a><\/p>\n","protected":false},"featured_media":15168,"template":"","meta":{"_acf_changed":false,"neve_meta_sidebar":"","neve_meta_container":"","neve_meta_enable_content_width":"","neve_meta_content_width":0,"neve_meta_title_alignment":"","neve_meta_author_avatar":"","neve_post_elements_order":"","neve_meta_disable_header":"","neve_meta_disable_footer":"","neve_meta_disable_title":""},"product_brand":[],"product_cat":[477],"product_tag":[559,548],"class_list":{"0":"post-7035","1":"product","2":"type-product","3":"status-publish","4":"has-post-thumbnail","6":"product_cat-ortoteses-membros-superiores","7":"product_tag-imobilizador-do-ombro","8":"product_tag-suporte-de-braco","10":"first","11":"instock","12":"taxable","13":"shipping-taxable","14":"purchasable","15":"product-type-variable"},"acf":[],"yoast_head":"<!-- This site is optimized with the Yoast SEO plugin v27.5 - https:\/\/yoast.com\/product\/yoast-seo-wordpress\/ -->\n<title>Suporte de Bra\u00e7o com Banda Tor\u00e1cica Orliman - Mais que Cuidar<\/title>\n<meta name=\"description\" content=\"Suporte de bra\u00e7o com banda tor\u00e1cica da Orliman recomendado no tratamento de subluxa\u00e7\u00f5es e les\u00f5es leves do ombro.\" \/>\n<meta name=\"robots\" content=\"index, follow, max-snippet:-1, max-image-preview:large, max-video-preview:-1\" \/>\n<link rel=\"canonical\" href=\"https:\/\/www.maisquecuidar.com\/loja\/produtos-ortopedicos-ortoteses\/ortoteses-membros-superiores\/imobilizador-do-ombro\" \/>\n<meta property=\"og:locale\" content=\"pt_PT\" \/>\n<meta property=\"og:type\" content=\"article\" \/>\n<meta property=\"og:title\" content=\"Suporte de Bra\u00e7o com Banda Tor\u00e1cica Orliman - Mais que Cuidar\" \/>\n<meta property=\"og:description\" content=\"Suporte de bra\u00e7o com banda tor\u00e1cica da Orliman recomendado no tratamento de subluxa\u00e7\u00f5es e les\u00f5es leves do ombro.\" \/>\n<meta property=\"og:url\" content=\"https:\/\/www.maisquecuidar.com\/loja\/produtos-ortopedicos-ortoteses\/ortoteses-membros-superiores\/imobilizador-do-ombro\" \/>\n<meta property=\"og:site_name\" content=\"Mais que Cuidar\" \/>\n<meta property=\"article:publisher\" content=\"https:\/\/www.facebook.com\/maisquecuidar.pt\" \/>\n<meta property=\"article:modified_time\" content=\"2025-10-01T17:32:39+00:00\" \/>\n<meta property=\"og:image\" content=\"https:\/\/img.maisquecuidar.com\/loja\/wp-content\/uploads\/2018\/09\/suporte-braco-banda-toracica.png\" \/>\n\t<meta property=\"og:image:width\" content=\"1280\" \/>\n\t<meta property=\"og:image:height\" content=\"800\" \/>\n\t<meta property=\"og:image:type\" content=\"image\/png\" \/>\n<meta name=\"twitter:label1\" content=\"Tempo estimado de leitura\" \/>\n\t<meta name=\"twitter:data1\" content=\"1 minuto\" \/>\n<script type=\"application\/ld+json\" class=\"yoast-schema-graph\">{\"@context\":\"https:\\\/\\\/schema.org\",\"@graph\":[{\"@type\":\"WebPage\",\"@id\":\"https:\\\/\\\/www.maisquecuidar.com\\\/loja\\\/produtos-ortopedicos-ortoteses\\\/ortoteses-membros-superiores\\\/imobilizador-do-ombro\",\"url\":\"https:\\\/\\\/www.maisquecuidar.com\\\/loja\\\/produtos-ortopedicos-ortoteses\\\/ortoteses-membros-superiores\\\/imobilizador-do-ombro\",\"name\":\"Suporte de Bra\u00e7o com Banda Tor\u00e1cica Orliman - Mais que Cuidar\",\"isPartOf\":{\"@id\":\"https:\\\/\\\/www.maisquecuidar.com\\\/loja\\\/#website\"},\"primaryImageOfPage\":{\"@id\":\"https:\\\/\\\/www.maisquecuidar.com\\\/loja\\\/produtos-ortopedicos-ortoteses\\\/ortoteses-membros-superiores\\\/imobilizador-do-ombro#primaryimage\"},\"image\":{\"@id\":\"https:\\\/\\\/www.maisquecuidar.com\\\/loja\\\/produtos-ortopedicos-ortoteses\\\/ortoteses-membros-superiores\\\/imobilizador-do-ombro#primaryimage\"},\"thumbnailUrl\":\"https:\\\/\\\/img.maisquecuidar.com\\\/loja\\\/wp-content\\\/uploads\\\/2018\\\/09\\\/suporte-braco-banda-toracica.png\",\"datePublished\":\"2018-09-09T15:02:09+00:00\",\"dateModified\":\"2025-10-01T17:32:39+00:00\",\"description\":\"Suporte de bra\u00e7o com banda tor\u00e1cica da Orliman recomendado no tratamento de subluxa\u00e7\u00f5es e les\u00f5es leves do ombro.\",\"breadcrumb\":{\"@id\":\"https:\\\/\\\/www.maisquecuidar.com\\\/loja\\\/produtos-ortopedicos-ortoteses\\\/ortoteses-membros-superiores\\\/imobilizador-do-ombro#breadcrumb\"},\"inLanguage\":\"pt-PT\",\"potentialAction\":[{\"@type\":\"ReadAction\",\"target\":[\"https:\\\/\\\/www.maisquecuidar.com\\\/loja\\\/produtos-ortopedicos-ortoteses\\\/ortoteses-membros-superiores\\\/imobilizador-do-ombro\"]}]},{\"@type\":\"ImageObject\",\"inLanguage\":\"pt-PT\",\"@id\":\"https:\\\/\\\/www.maisquecuidar.com\\\/loja\\\/produtos-ortopedicos-ortoteses\\\/ortoteses-membros-superiores\\\/imobilizador-do-ombro#primaryimage\",\"url\":\"https:\\\/\\\/img.maisquecuidar.com\\\/loja\\\/wp-content\\\/uploads\\\/2018\\\/09\\\/suporte-braco-banda-toracica.png\",\"contentUrl\":\"https:\\\/\\\/img.maisquecuidar.com\\\/loja\\\/wp-content\\\/uploads\\\/2018\\\/09\\\/suporte-braco-banda-toracica.png\",\"width\":1280,\"height\":800},{\"@type\":\"BreadcrumbList\",\"@id\":\"https:\\\/\\\/www.maisquecuidar.com\\\/loja\\\/produtos-ortopedicos-ortoteses\\\/ortoteses-membros-superiores\\\/imobilizador-do-ombro#breadcrumb\",\"itemListElement\":[{\"@type\":\"ListItem\",\"position\":1,\"name\":\"Home\",\"item\":\"https:\\\/\\\/www.maisquecuidar.com\\\/loja\\\/\"},{\"@type\":\"ListItem\",\"position\":2,\"name\":\"Loja Online de Ortopedia e Geriatria em Portugal\",\"item\":\"https:\\\/\\\/www.maisquecuidar.com\\\/loja\\\/loja\"},{\"@type\":\"ListItem\",\"position\":3,\"name\":\"Produtos Ortop\u00e9dicos - Ort\u00f3teses\",\"item\":\"https:\\\/\\\/www.maisquecuidar.com\\\/loja\\\/produtos-ortopedicos-ortoteses\"},{\"@type\":\"ListItem\",\"position\":4,\"name\":\"Ort\u00f3teses dos Membros Superiores\",\"item\":\"https:\\\/\\\/www.maisquecuidar.com\\\/loja\\\/produtos-ortopedicos-ortoteses\\\/ortoteses-membros-superiores\"},{\"@type\":\"ListItem\",\"position\":5,\"name\":\"Suporte de Bra\u00e7o com Banda Tor\u00e1cica Orliman\"}]},{\"@type\":\"WebSite\",\"@id\":\"https:\\\/\\\/www.maisquecuidar.com\\\/loja\\\/#website\",\"url\":\"https:\\\/\\\/www.maisquecuidar.com\\\/loja\\\/\",\"name\":\"Mais que Cuidar\",\"description\":\"Sa\u00fade, Ortopedia e Geriatria\",\"publisher\":{\"@id\":\"https:\\\/\\\/www.maisquecuidar.com\\\/loja\\\/#organization\"},\"potentialAction\":[{\"@type\":\"SearchAction\",\"target\":{\"@type\":\"EntryPoint\",\"urlTemplate\":\"https:\\\/\\\/www.maisquecuidar.com\\\/loja\\\/?s={search_term_string}\"},\"query-input\":{\"@type\":\"PropertyValueSpecification\",\"valueRequired\":true,\"valueName\":\"search_term_string\"}}],\"inLanguage\":\"pt-PT\"},{\"@type\":\"Organization\",\"@id\":\"https:\\\/\\\/www.maisquecuidar.com\\\/loja\\\/#organization\",\"name\":\"Mais Que Cuidar\",\"url\":\"https:\\\/\\\/www.maisquecuidar.com\\\/loja\\\/\",\"logo\":{\"@type\":\"ImageObject\",\"inLanguage\":\"pt-PT\",\"@id\":\"https:\\\/\\\/www.maisquecuidar.com\\\/loja\\\/#\\\/schema\\\/logo\\\/image\\\/\",\"url\":\"https:\\\/\\\/img.maisquecuidar.com\\\/loja\\\/wp-content\\\/uploads\\\/2019\\\/08\\\/logo-mais-que-cuidar-retina.png\",\"contentUrl\":\"https:\\\/\\\/img.maisquecuidar.com\\\/loja\\\/wp-content\\\/uploads\\\/2019\\\/08\\\/logo-mais-que-cuidar-retina.png\",\"width\":565,\"height\":75,\"caption\":\"Mais Que Cuidar\"},\"image\":{\"@id\":\"https:\\\/\\\/www.maisquecuidar.com\\\/loja\\\/#\\\/schema\\\/logo\\\/image\\\/\"},\"sameAs\":[\"https:\\\/\\\/www.facebook.com\\\/maisquecuidar.pt\",\"https:\\\/\\\/www.instagram.com\\\/maisquecuidar\"]}]}<\/script>\n<!-- \/ Yoast SEO plugin. -->","yoast_head_json":{"title":"Suporte de Bra\u00e7o com Banda Tor\u00e1cica Orliman - Mais que Cuidar","description":"Suporte de bra\u00e7o com banda tor\u00e1cica da Orliman recomendado no tratamento de subluxa\u00e7\u00f5es e les\u00f5es leves do ombro.","robots":{"index":"index","follow":"follow","max-snippet":"max-snippet:-1","max-image-preview":"max-image-preview:large","max-video-preview":"max-video-preview:-1"},"canonical":"https:\/\/www.maisquecuidar.com\/loja\/produtos-ortopedicos-ortoteses\/ortoteses-membros-superiores\/imobilizador-do-ombro","og_locale":"pt_PT","og_type":"article","og_title":"Suporte de Bra\u00e7o com Banda Tor\u00e1cica Orliman - Mais que Cuidar","og_description":"Suporte de bra\u00e7o com banda tor\u00e1cica da Orliman recomendado no tratamento de subluxa\u00e7\u00f5es e les\u00f5es leves do ombro.","og_url":"https:\/\/www.maisquecuidar.com\/loja\/produtos-ortopedicos-ortoteses\/ortoteses-membros-superiores\/imobilizador-do-ombro","og_site_name":"Mais que Cuidar","article_publisher":"https:\/\/www.facebook.com\/maisquecuidar.pt","article_modified_time":"2025-10-01T17:32:39+00:00","og_image":[{"width":1280,"height":800,"url":"https:\/\/img.maisquecuidar.com\/loja\/wp-content\/uploads\/2018\/09\/suporte-braco-banda-toracica.png","type":"image\/png"}],"twitter_misc":{"Tempo estimado de leitura":"1 minuto"},"schema":{"@context":"https:\/\/schema.org","@graph":[{"@type":"WebPage","@id":"https:\/\/www.maisquecuidar.com\/loja\/produtos-ortopedicos-ortoteses\/ortoteses-membros-superiores\/imobilizador-do-ombro","url":"https:\/\/www.maisquecuidar.com\/loja\/produtos-ortopedicos-ortoteses\/ortoteses-membros-superiores\/imobilizador-do-ombro","name":"Suporte de Bra\u00e7o com Banda Tor\u00e1cica Orliman - Mais que Cuidar","isPartOf":{"@id":"https:\/\/www.maisquecuidar.com\/loja\/#website"},"primaryImageOfPage":{"@id":"https:\/\/www.maisquecuidar.com\/loja\/produtos-ortopedicos-ortoteses\/ortoteses-membros-superiores\/imobilizador-do-ombro#primaryimage"},"image":{"@id":"https:\/\/www.maisquecuidar.com\/loja\/produtos-ortopedicos-ortoteses\/ortoteses-membros-superiores\/imobilizador-do-ombro#primaryimage"},"thumbnailUrl":"https:\/\/img.maisquecuidar.com\/loja\/wp-content\/uploads\/2018\/09\/suporte-braco-banda-toracica.png","datePublished":"2018-09-09T15:02:09+00:00","dateModified":"2025-10-01T17:32:39+00:00","description":"Suporte de bra\u00e7o com banda tor\u00e1cica da Orliman recomendado no tratamento de subluxa\u00e7\u00f5es e les\u00f5es leves do ombro.","breadcrumb":{"@id":"https:\/\/www.maisquecuidar.com\/loja\/produtos-ortopedicos-ortoteses\/ortoteses-membros-superiores\/imobilizador-do-ombro#breadcrumb"},"inLanguage":"pt-PT","potentialAction":[{"@type":"ReadAction","target":["https:\/\/www.maisquecuidar.com\/loja\/produtos-ortopedicos-ortoteses\/ortoteses-membros-superiores\/imobilizador-do-ombro"]}]},{"@type":"ImageObject","inLanguage":"pt-PT","@id":"https:\/\/www.maisquecuidar.com\/loja\/produtos-ortopedicos-ortoteses\/ortoteses-membros-superiores\/imobilizador-do-ombro#primaryimage","url":"https:\/\/img.maisquecuidar.com\/loja\/wp-content\/uploads\/2018\/09\/suporte-braco-banda-toracica.png","contentUrl":"https:\/\/img.maisquecuidar.com\/loja\/wp-content\/uploads\/2018\/09\/suporte-braco-banda-toracica.png","width":1280,"height":800},{"@type":"BreadcrumbList","@id":"https:\/\/www.maisquecuidar.com\/loja\/produtos-ortopedicos-ortoteses\/ortoteses-membros-superiores\/imobilizador-do-ombro#breadcrumb","itemListElement":[{"@type":"ListItem","position":1,"name":"Home","item":"https:\/\/www.maisquecuidar.com\/loja\/"},{"@type":"ListItem","position":2,"name":"Loja Online de Ortopedia e Geriatria em Portugal","item":"https:\/\/www.maisquecuidar.com\/loja\/loja"},{"@type":"ListItem","position":3,"name":"Produtos Ortop\u00e9dicos - Ort\u00f3teses","item":"https:\/\/www.maisquecuidar.com\/loja\/produtos-ortopedicos-ortoteses"},{"@type":"ListItem","position":4,"name":"Ort\u00f3teses dos Membros Superiores","item":"https:\/\/www.maisquecuidar.com\/loja\/produtos-ortopedicos-ortoteses\/ortoteses-membros-superiores"},{"@type":"ListItem","position":5,"name":"Suporte de Bra\u00e7o com Banda Tor\u00e1cica Orliman"}]},{"@type":"WebSite","@id":"https:\/\/www.maisquecuidar.com\/loja\/#website","url":"https:\/\/www.maisquecuidar.com\/loja\/","name":"Mais que Cuidar","description":"Sa\u00fade, Ortopedia e Geriatria","publisher":{"@id":"https:\/\/www.maisquecuidar.com\/loja\/#organization"},"potentialAction":[{"@type":"SearchAction","target":{"@type":"EntryPoint","urlTemplate":"https:\/\/www.maisquecuidar.com\/loja\/?s={search_term_string}"},"query-input":{"@type":"PropertyValueSpecification","valueRequired":true,"valueName":"search_term_string"}}],"inLanguage":"pt-PT"},{"@type":"Organization","@id":"https:\/\/www.maisquecuidar.com\/loja\/#organization","name":"Mais Que Cuidar","url":"https:\/\/www.maisquecuidar.com\/loja\/","logo":{"@type":"ImageObject","inLanguage":"pt-PT","@id":"https:\/\/www.maisquecuidar.com\/loja\/#\/schema\/logo\/image\/","url":"https:\/\/img.maisquecuidar.com\/loja\/wp-content\/uploads\/2019\/08\/logo-mais-que-cuidar-retina.png","contentUrl":"https:\/\/img.maisquecuidar.com\/loja\/wp-content\/uploads\/2019\/08\/logo-mais-que-cuidar-retina.png","width":565,"height":75,"caption":"Mais Que Cuidar"},"image":{"@id":"https:\/\/www.maisquecuidar.com\/loja\/#\/schema\/logo\/image\/"},"sameAs":["https:\/\/www.facebook.com\/maisquecuidar.pt","https:\/\/www.instagram.com\/maisquecuidar"]}]}},"_links":{"self":[{"href":"https:\/\/www.maisquecuidar.com\/loja\/wp-json\/wp\/v2\/product\/7035","targetHints":{"allow":["GET"]}}],"collection":[{"href":"https:\/\/www.maisquecuidar.com\/loja\/wp-json\/wp\/v2\/product"}],"about":[{"href":"https:\/\/www.maisquecuidar.com\/loja\/wp-json\/wp\/v2\/types\/product"}],"wp:featuredmedia":[{"embeddable":true,"href":"https:\/\/www.maisquecuidar.com\/loja\/wp-json\/wp\/v2\/media\/15168"}],"wp:attachment":[{"href":"https:\/\/www.maisquecuidar.com\/loja\/wp-json\/wp\/v2\/media?parent=7035"}],"wp:term":[{"taxonomy":"product_brand","embeddable":true,"href":"https:\/\/www.maisquecuidar.com\/loja\/wp-json\/wp\/v2\/product_brand?post=7035"},{"taxonomy":"product_cat","embeddable":true,"href":"https:\/\/www.maisquecuidar.com\/loja\/wp-json\/wp\/v2\/product_cat?post=7035"},{"taxonomy":"product_tag","embeddable":true,"href":"https:\/\/www.maisquecuidar.com\/loja\/wp-json\/wp\/v2\/product_tag?post=7035"}],"curies":[{"name":"wp","href":"https:\/\/api.w.org\/{rel}","templated":true}]}}