{"id":5770,"date":"2017-02-18T23:55:53","date_gmt":"2017-02-18T23:55:53","guid":{"rendered":"https:\/\/www.maisquecuidar.com\/loja\/?post_type=product&#038;p=5770"},"modified":"2025-10-01T18:32:32","modified_gmt":"2025-10-01T17:32:32","slug":"cinta-elastica-sacrolombar-curta","status":"publish","type":"product","link":"https:\/\/www.maisquecuidar.com\/loja\/produtos-ortopedicos-ortoteses\/bandas-cintas-ortopedicas\/cinta-elastica-sacrolombar-curta","title":{"rendered":"Cinta El\u00e1stica Sacrolombar Lumbitron Elite Curta Orliman"},"content":{"rendered":"<p>A cinta el\u00e1stica sacrolombar Lumbitron Elite Curta da Orliman tem fechos em forma de gancho, especialmente concebidos para uma f\u00e1cil coloca\u00e7\u00e3o.<\/p>\n<p>\u00c9 reforc\u0327ada na regia\u0303o inferior posterior com quatro barras de ac\u0327o flexi\u0301veis e adapta\u0301veis.<\/p>\n<p>A zona anterior tem duas barras flexi\u0301veis para garantir uma melhor consiste\u0302ncia e contenc\u0327a\u0303o abdominal.<\/p>\n<p>A zona interior e\u0301 composta por uma almofada lombar em espuma que fornece calor na a\u0301rea, criando um efeito te\u0301rmico sendo que ao mesmo tempo providencia uma compressa\u0303o seletiva na regia\u0303o lombar.<\/p>\n<h3>Indica\u00e7\u00f5es<\/h3>\n<ul>\n<li>Lumbago.<\/li>\n<li>Lombocia\u0301tica.<\/li>\n<li>Processos degenerativos.<\/li>\n<li>Atonia e fraqueza muscular.<\/li>\n<li>Tratamentos pre\u0301 e po\u0301s operato\u0301rios.<\/li>\n<\/ul>\n<h3>Efeitos<\/h3>\n<ul>\n<li>Sustenta\u00e7\u00e3o sacrolombar.<\/li>\n<li>Perfeita adapta\u00e7\u00e3o anat\u00f3mica, tacto macio quando em contacto com a pele.<\/li>\n<\/ul>\n<h3>Tamanhos<\/h3>\n<p><img fetchpriority=\"high\" decoding=\"async\" class=\"alignnone wp-image-15070\" src=\"https:\/\/img.maisquecuidar.com\/loja\/wp-content\/uploads\/2017\/02\/Tamanhos-cinta-lumbitron-curta.png\" alt=\"Tamanhos da cinta sacrolombar lumbitron elite curta da Orliman\" width=\"329\" height=\"255\" srcset=\"https:\/\/img.maisquecuidar.com\/loja\/wp-content\/uploads\/2017\/02\/Tamanhos-cinta-lumbitron-curta.png 500w, https:\/\/img.maisquecuidar.com\/loja\/wp-content\/uploads\/2017\/02\/Tamanhos-cinta-lumbitron-curta-380x295.png 380w, https:\/\/img.maisquecuidar.com\/loja\/wp-content\/uploads\/2017\/02\/Tamanhos-cinta-lumbitron-curta-350x272.png 350w\" sizes=\"(max-width: 329px) 100vw, 329px\" \/><\/p>\n","protected":false},"excerpt":{"rendered":"<p>Fabricado em material respira\u0301vel multibanda, proporcionando uma compressa\u0303o uniforme devido a\u0300 sua tecnologia, costuras sem fios, evitando atritos inconvenientes e perda de compressa\u0303o em torno do corpo do paciente.<\/p>\n","protected":false},"featured_media":15071,"template":"","meta":{"_acf_changed":false,"neve_meta_sidebar":"","neve_meta_container":"","neve_meta_enable_content_width":"","neve_meta_content_width":0,"neve_meta_title_alignment":"","neve_meta_author_avatar":"","neve_post_elements_order":"","neve_meta_disable_header":"","neve_meta_disable_footer":"","neve_meta_disable_title":""},"product_brand":[],"product_cat":[475],"product_tag":[495],"class_list":{"0":"post-5770","1":"product","2":"type-product","3":"status-publish","4":"has-post-thumbnail","6":"product_cat-bandas-cintas-ortopedicas","7":"product_tag-cinta-elastica-sacrolombar-curta","9":"first","10":"instock","11":"sold-individually","12":"taxable","13":"shipping-taxable","14":"purchasable","15":"product-type-variable"},"acf":[],"yoast_head":"<!-- This site is optimized with the Yoast SEO plugin v27.5 - https:\/\/yoast.com\/product\/yoast-seo-wordpress\/ -->\n<title>Cinta El\u00e1stica Sacrolombar Lumbitron Elite Curta Orliman<\/title>\n<meta name=\"description\" content=\"Descubra a cinta el\u00e1stica sacrolombar lumbitron elite curta da Orliman recomendada para problemas ortop\u00e9dicos e dores na regi\u00e3o lombar.\" \/>\n<meta name=\"robots\" content=\"index, follow, max-snippet:-1, max-image-preview:large, max-video-preview:-1\" \/>\n<link rel=\"canonical\" href=\"https:\/\/www.maisquecuidar.com\/loja\/produtos-ortopedicos-ortoteses\/bandas-cintas-ortopedicas\/cinta-elastica-sacrolombar-curta\" \/>\n<meta property=\"og:locale\" content=\"pt_PT\" \/>\n<meta property=\"og:type\" content=\"article\" \/>\n<meta property=\"og:title\" content=\"Cinta El\u00e1stica Sacrolombar Lumbitron Elite Curta Orliman\" \/>\n<meta property=\"og:description\" content=\"Descubra a cinta el\u00e1stica sacrolombar lumbitron elite curta da Orliman recomendada para problemas ortop\u00e9dicos e dores na regi\u00e3o lombar.\" \/>\n<meta property=\"og:url\" content=\"https:\/\/www.maisquecuidar.com\/loja\/produtos-ortopedicos-ortoteses\/bandas-cintas-ortopedicas\/cinta-elastica-sacrolombar-curta\" \/>\n<meta property=\"og:site_name\" content=\"Mais que Cuidar\" \/>\n<meta property=\"article:publisher\" content=\"https:\/\/www.facebook.com\/maisquecuidar.pt\" \/>\n<meta property=\"article:modified_time\" content=\"2025-10-01T17:32:32+00:00\" \/>\n<meta property=\"og:image\" content=\"https:\/\/img.maisquecuidar.com\/loja\/wp-content\/uploads\/2017\/02\/faixa-elastica-sacrolombar-lumbitron-elite.png\" \/>\n\t<meta property=\"og:image:width\" content=\"1280\" \/>\n\t<meta property=\"og:image:height\" content=\"800\" \/>\n\t<meta property=\"og:image:type\" content=\"image\/png\" \/>\n<meta name=\"twitter:label1\" content=\"Tempo estimado de leitura\" \/>\n\t<meta name=\"twitter:data1\" content=\"1 minuto\" \/>\n<script type=\"application\/ld+json\" class=\"yoast-schema-graph\">{\"@context\":\"https:\\\/\\\/schema.org\",\"@graph\":[{\"@type\":\"WebPage\",\"@id\":\"https:\\\/\\\/www.maisquecuidar.com\\\/loja\\\/produtos-ortopedicos-ortoteses\\\/bandas-cintas-ortopedicas\\\/cinta-elastica-sacrolombar-curta\",\"url\":\"https:\\\/\\\/www.maisquecuidar.com\\\/loja\\\/produtos-ortopedicos-ortoteses\\\/bandas-cintas-ortopedicas\\\/cinta-elastica-sacrolombar-curta\",\"name\":\"Cinta El\u00e1stica Sacrolombar Lumbitron Elite Curta Orliman\",\"isPartOf\":{\"@id\":\"https:\\\/\\\/www.maisquecuidar.com\\\/loja\\\/#website\"},\"primaryImageOfPage\":{\"@id\":\"https:\\\/\\\/www.maisquecuidar.com\\\/loja\\\/produtos-ortopedicos-ortoteses\\\/bandas-cintas-ortopedicas\\\/cinta-elastica-sacrolombar-curta#primaryimage\"},\"image\":{\"@id\":\"https:\\\/\\\/www.maisquecuidar.com\\\/loja\\\/produtos-ortopedicos-ortoteses\\\/bandas-cintas-ortopedicas\\\/cinta-elastica-sacrolombar-curta#primaryimage\"},\"thumbnailUrl\":\"https:\\\/\\\/img.maisquecuidar.com\\\/loja\\\/wp-content\\\/uploads\\\/2017\\\/02\\\/faixa-elastica-sacrolombar-lumbitron-elite.png\",\"datePublished\":\"2017-02-18T23:55:53+00:00\",\"dateModified\":\"2025-10-01T17:32:32+00:00\",\"description\":\"Descubra a cinta el\u00e1stica sacrolombar lumbitron elite curta da Orliman recomendada para problemas ortop\u00e9dicos e dores na regi\u00e3o lombar.\",\"breadcrumb\":{\"@id\":\"https:\\\/\\\/www.maisquecuidar.com\\\/loja\\\/produtos-ortopedicos-ortoteses\\\/bandas-cintas-ortopedicas\\\/cinta-elastica-sacrolombar-curta#breadcrumb\"},\"inLanguage\":\"pt-PT\",\"potentialAction\":[{\"@type\":\"ReadAction\",\"target\":[\"https:\\\/\\\/www.maisquecuidar.com\\\/loja\\\/produtos-ortopedicos-ortoteses\\\/bandas-cintas-ortopedicas\\\/cinta-elastica-sacrolombar-curta\"]}]},{\"@type\":\"ImageObject\",\"inLanguage\":\"pt-PT\",\"@id\":\"https:\\\/\\\/www.maisquecuidar.com\\\/loja\\\/produtos-ortopedicos-ortoteses\\\/bandas-cintas-ortopedicas\\\/cinta-elastica-sacrolombar-curta#primaryimage\",\"url\":\"https:\\\/\\\/img.maisquecuidar.com\\\/loja\\\/wp-content\\\/uploads\\\/2017\\\/02\\\/faixa-elastica-sacrolombar-lumbitron-elite.png\",\"contentUrl\":\"https:\\\/\\\/img.maisquecuidar.com\\\/loja\\\/wp-content\\\/uploads\\\/2017\\\/02\\\/faixa-elastica-sacrolombar-lumbitron-elite.png\",\"width\":1280,\"height\":800},{\"@type\":\"BreadcrumbList\",\"@id\":\"https:\\\/\\\/www.maisquecuidar.com\\\/loja\\\/produtos-ortopedicos-ortoteses\\\/bandas-cintas-ortopedicas\\\/cinta-elastica-sacrolombar-curta#breadcrumb\",\"itemListElement\":[{\"@type\":\"ListItem\",\"position\":1,\"name\":\"Home\",\"item\":\"https:\\\/\\\/www.maisquecuidar.com\\\/loja\\\/\"},{\"@type\":\"ListItem\",\"position\":2,\"name\":\"Loja Online de Ortopedia e Geriatria em Portugal\",\"item\":\"https:\\\/\\\/www.maisquecuidar.com\\\/loja\\\/loja\"},{\"@type\":\"ListItem\",\"position\":3,\"name\":\"Produtos Ortop\u00e9dicos - Ort\u00f3teses\",\"item\":\"https:\\\/\\\/www.maisquecuidar.com\\\/loja\\\/produtos-ortopedicos-ortoteses\"},{\"@type\":\"ListItem\",\"position\":4,\"name\":\"Bandas e Cintas Ortop\u00e9dicas\",\"item\":\"https:\\\/\\\/www.maisquecuidar.com\\\/loja\\\/produtos-ortopedicos-ortoteses\\\/bandas-cintas-ortopedicas\"},{\"@type\":\"ListItem\",\"position\":5,\"name\":\"Cinta El\u00e1stica Sacrolombar Lumbitron Elite Curta Orliman\"}]},{\"@type\":\"WebSite\",\"@id\":\"https:\\\/\\\/www.maisquecuidar.com\\\/loja\\\/#website\",\"url\":\"https:\\\/\\\/www.maisquecuidar.com\\\/loja\\\/\",\"name\":\"Mais que Cuidar\",\"description\":\"Sa\u00fade, Ortopedia e Geriatria\",\"publisher\":{\"@id\":\"https:\\\/\\\/www.maisquecuidar.com\\\/loja\\\/#organization\"},\"potentialAction\":[{\"@type\":\"SearchAction\",\"target\":{\"@type\":\"EntryPoint\",\"urlTemplate\":\"https:\\\/\\\/www.maisquecuidar.com\\\/loja\\\/?s={search_term_string}\"},\"query-input\":{\"@type\":\"PropertyValueSpecification\",\"valueRequired\":true,\"valueName\":\"search_term_string\"}}],\"inLanguage\":\"pt-PT\"},{\"@type\":\"Organization\",\"@id\":\"https:\\\/\\\/www.maisquecuidar.com\\\/loja\\\/#organization\",\"name\":\"Mais Que Cuidar\",\"url\":\"https:\\\/\\\/www.maisquecuidar.com\\\/loja\\\/\",\"logo\":{\"@type\":\"ImageObject\",\"inLanguage\":\"pt-PT\",\"@id\":\"https:\\\/\\\/www.maisquecuidar.com\\\/loja\\\/#\\\/schema\\\/logo\\\/image\\\/\",\"url\":\"https:\\\/\\\/img.maisquecuidar.com\\\/loja\\\/wp-content\\\/uploads\\\/2019\\\/08\\\/logo-mais-que-cuidar-retina.png\",\"contentUrl\":\"https:\\\/\\\/img.maisquecuidar.com\\\/loja\\\/wp-content\\\/uploads\\\/2019\\\/08\\\/logo-mais-que-cuidar-retina.png\",\"width\":565,\"height\":75,\"caption\":\"Mais Que Cuidar\"},\"image\":{\"@id\":\"https:\\\/\\\/www.maisquecuidar.com\\\/loja\\\/#\\\/schema\\\/logo\\\/image\\\/\"},\"sameAs\":[\"https:\\\/\\\/www.facebook.com\\\/maisquecuidar.pt\",\"https:\\\/\\\/www.instagram.com\\\/maisquecuidar\"]}]}<\/script>\n<!-- \/ Yoast SEO plugin. -->","yoast_head_json":{"title":"Cinta El\u00e1stica Sacrolombar Lumbitron Elite Curta Orliman","description":"Descubra a cinta el\u00e1stica sacrolombar lumbitron elite curta da Orliman recomendada para problemas ortop\u00e9dicos e dores na regi\u00e3o lombar.","robots":{"index":"index","follow":"follow","max-snippet":"max-snippet:-1","max-image-preview":"max-image-preview:large","max-video-preview":"max-video-preview:-1"},"canonical":"https:\/\/www.maisquecuidar.com\/loja\/produtos-ortopedicos-ortoteses\/bandas-cintas-ortopedicas\/cinta-elastica-sacrolombar-curta","og_locale":"pt_PT","og_type":"article","og_title":"Cinta El\u00e1stica Sacrolombar Lumbitron Elite Curta Orliman","og_description":"Descubra a cinta el\u00e1stica sacrolombar lumbitron elite curta da Orliman recomendada para problemas ortop\u00e9dicos e dores na regi\u00e3o lombar.","og_url":"https:\/\/www.maisquecuidar.com\/loja\/produtos-ortopedicos-ortoteses\/bandas-cintas-ortopedicas\/cinta-elastica-sacrolombar-curta","og_site_name":"Mais que Cuidar","article_publisher":"https:\/\/www.facebook.com\/maisquecuidar.pt","article_modified_time":"2025-10-01T17:32:32+00:00","og_image":[{"width":1280,"height":800,"url":"https:\/\/img.maisquecuidar.com\/loja\/wp-content\/uploads\/2017\/02\/faixa-elastica-sacrolombar-lumbitron-elite.png","type":"image\/png"}],"twitter_misc":{"Tempo estimado de leitura":"1 minuto"},"schema":{"@context":"https:\/\/schema.org","@graph":[{"@type":"WebPage","@id":"https:\/\/www.maisquecuidar.com\/loja\/produtos-ortopedicos-ortoteses\/bandas-cintas-ortopedicas\/cinta-elastica-sacrolombar-curta","url":"https:\/\/www.maisquecuidar.com\/loja\/produtos-ortopedicos-ortoteses\/bandas-cintas-ortopedicas\/cinta-elastica-sacrolombar-curta","name":"Cinta El\u00e1stica Sacrolombar Lumbitron Elite Curta Orliman","isPartOf":{"@id":"https:\/\/www.maisquecuidar.com\/loja\/#website"},"primaryImageOfPage":{"@id":"https:\/\/www.maisquecuidar.com\/loja\/produtos-ortopedicos-ortoteses\/bandas-cintas-ortopedicas\/cinta-elastica-sacrolombar-curta#primaryimage"},"image":{"@id":"https:\/\/www.maisquecuidar.com\/loja\/produtos-ortopedicos-ortoteses\/bandas-cintas-ortopedicas\/cinta-elastica-sacrolombar-curta#primaryimage"},"thumbnailUrl":"https:\/\/img.maisquecuidar.com\/loja\/wp-content\/uploads\/2017\/02\/faixa-elastica-sacrolombar-lumbitron-elite.png","datePublished":"2017-02-18T23:55:53+00:00","dateModified":"2025-10-01T17:32:32+00:00","description":"Descubra a cinta el\u00e1stica sacrolombar lumbitron elite curta da Orliman recomendada para problemas ortop\u00e9dicos e dores na regi\u00e3o lombar.","breadcrumb":{"@id":"https:\/\/www.maisquecuidar.com\/loja\/produtos-ortopedicos-ortoteses\/bandas-cintas-ortopedicas\/cinta-elastica-sacrolombar-curta#breadcrumb"},"inLanguage":"pt-PT","potentialAction":[{"@type":"ReadAction","target":["https:\/\/www.maisquecuidar.com\/loja\/produtos-ortopedicos-ortoteses\/bandas-cintas-ortopedicas\/cinta-elastica-sacrolombar-curta"]}]},{"@type":"ImageObject","inLanguage":"pt-PT","@id":"https:\/\/www.maisquecuidar.com\/loja\/produtos-ortopedicos-ortoteses\/bandas-cintas-ortopedicas\/cinta-elastica-sacrolombar-curta#primaryimage","url":"https:\/\/img.maisquecuidar.com\/loja\/wp-content\/uploads\/2017\/02\/faixa-elastica-sacrolombar-lumbitron-elite.png","contentUrl":"https:\/\/img.maisquecuidar.com\/loja\/wp-content\/uploads\/2017\/02\/faixa-elastica-sacrolombar-lumbitron-elite.png","width":1280,"height":800},{"@type":"BreadcrumbList","@id":"https:\/\/www.maisquecuidar.com\/loja\/produtos-ortopedicos-ortoteses\/bandas-cintas-ortopedicas\/cinta-elastica-sacrolombar-curta#breadcrumb","itemListElement":[{"@type":"ListItem","position":1,"name":"Home","item":"https:\/\/www.maisquecuidar.com\/loja\/"},{"@type":"ListItem","position":2,"name":"Loja Online de Ortopedia e Geriatria em Portugal","item":"https:\/\/www.maisquecuidar.com\/loja\/loja"},{"@type":"ListItem","position":3,"name":"Produtos Ortop\u00e9dicos - Ort\u00f3teses","item":"https:\/\/www.maisquecuidar.com\/loja\/produtos-ortopedicos-ortoteses"},{"@type":"ListItem","position":4,"name":"Bandas e Cintas Ortop\u00e9dicas","item":"https:\/\/www.maisquecuidar.com\/loja\/produtos-ortopedicos-ortoteses\/bandas-cintas-ortopedicas"},{"@type":"ListItem","position":5,"name":"Cinta El\u00e1stica Sacrolombar Lumbitron Elite Curta Orliman"}]},{"@type":"WebSite","@id":"https:\/\/www.maisquecuidar.com\/loja\/#website","url":"https:\/\/www.maisquecuidar.com\/loja\/","name":"Mais que Cuidar","description":"Sa\u00fade, Ortopedia e Geriatria","publisher":{"@id":"https:\/\/www.maisquecuidar.com\/loja\/#organization"},"potentialAction":[{"@type":"SearchAction","target":{"@type":"EntryPoint","urlTemplate":"https:\/\/www.maisquecuidar.com\/loja\/?s={search_term_string}"},"query-input":{"@type":"PropertyValueSpecification","valueRequired":true,"valueName":"search_term_string"}}],"inLanguage":"pt-PT"},{"@type":"Organization","@id":"https:\/\/www.maisquecuidar.com\/loja\/#organization","name":"Mais Que Cuidar","url":"https:\/\/www.maisquecuidar.com\/loja\/","logo":{"@type":"ImageObject","inLanguage":"pt-PT","@id":"https:\/\/www.maisquecuidar.com\/loja\/#\/schema\/logo\/image\/","url":"https:\/\/img.maisquecuidar.com\/loja\/wp-content\/uploads\/2019\/08\/logo-mais-que-cuidar-retina.png","contentUrl":"https:\/\/img.maisquecuidar.com\/loja\/wp-content\/uploads\/2019\/08\/logo-mais-que-cuidar-retina.png","width":565,"height":75,"caption":"Mais Que Cuidar"},"image":{"@id":"https:\/\/www.maisquecuidar.com\/loja\/#\/schema\/logo\/image\/"},"sameAs":["https:\/\/www.facebook.com\/maisquecuidar.pt","https:\/\/www.instagram.com\/maisquecuidar"]}]}},"_links":{"self":[{"href":"https:\/\/www.maisquecuidar.com\/loja\/wp-json\/wp\/v2\/product\/5770","targetHints":{"allow":["GET"]}}],"collection":[{"href":"https:\/\/www.maisquecuidar.com\/loja\/wp-json\/wp\/v2\/product"}],"about":[{"href":"https:\/\/www.maisquecuidar.com\/loja\/wp-json\/wp\/v2\/types\/product"}],"wp:featuredmedia":[{"embeddable":true,"href":"https:\/\/www.maisquecuidar.com\/loja\/wp-json\/wp\/v2\/media\/15071"}],"wp:attachment":[{"href":"https:\/\/www.maisquecuidar.com\/loja\/wp-json\/wp\/v2\/media?parent=5770"}],"wp:term":[{"taxonomy":"product_brand","embeddable":true,"href":"https:\/\/www.maisquecuidar.com\/loja\/wp-json\/wp\/v2\/product_brand?post=5770"},{"taxonomy":"product_cat","embeddable":true,"href":"https:\/\/www.maisquecuidar.com\/loja\/wp-json\/wp\/v2\/product_cat?post=5770"},{"taxonomy":"product_tag","embeddable":true,"href":"https:\/\/www.maisquecuidar.com\/loja\/wp-json\/wp\/v2\/product_tag?post=5770"}],"curies":[{"name":"wp","href":"https:\/\/api.w.org\/{rel}","templated":true}]}}