{"id":4694,"date":"2017-01-16T13:17:07","date_gmt":"2017-01-16T13:17:07","guid":{"rendered":"https:\/\/www.maisquecuidar.com\/loja\/?post_type=product&#038;p=4694"},"modified":"2026-02-25T10:40:03","modified_gmt":"2026-02-25T10:40:03","slug":"cadeira-de-rodas-action-5","status":"publish","type":"product","link":"https:\/\/www.maisquecuidar.com\/loja\/mais-mobilidade\/cadeiras-de-rodas\/activas\/cadeira-de-rodas-action-5","title":{"rendered":"Cadeira de Rodas Manual Action 5 Invacare"},"content":{"rendered":"<p><strong>Cadeira de Rodas Manual Action 5 Invacare<\/strong><\/p>\n<p>Foi concebida para utilizadores ativos que procuram uma cadeira de pre\u00e7o acess\u00edvel e com boa performance na condu\u00e7\u00e3o. Esta cadeira \u00e9 facilmente encart\u00e1vel, facilitando o manuseamento, o armazenamento e o transporte. Com duas patentes registadas e uma constru\u00e7\u00e3o ultraleve, \u00e9 uma cadeira de rodas de confian\u00e7a, que vai de encontro de v\u00e1rias necessidades.<\/p>\n<h3>Caracter\u00edsticas em destaque:<\/h3>\n<ul>\n<li>Estrutura em alum\u00ednio.<\/li>\n<li>Eixo traseiro com extra\u00e7\u00e3o r\u00e1pida.<\/li>\n<li>Cinto de pernas.<\/li>\n<li>Rodas traseiras com aro motor em alum\u00ednio.<\/li>\n<li>Encosto com \u00e2ngulo de 90\u00ba.<\/li>\n<li>Apoio de bra\u00e7os com protetores de roupa.<\/li>\n<li>Punhos longos fixos.<\/li>\n<li>Apoio de p\u00e9s individuais a 70\u00ba, 80\u00ba ou 90\u00ba rebat\u00edveis ou fixos e ajust\u00e1veis em altura.<\/li>\n<li>Estofos com tens\u00e3o ajust\u00e1vel com faixa refletora e bolso traseiro.<\/li>\n<li>Altura e \u00e2ngulo do assento ajust\u00e1vel com forquetas dianteiras em alum\u00ednio.<\/li>\n<li>Mecanismo de encarte \u00fanico.<\/li>\n<li>O design inovador da cadeira reduz o tamanho do chassis e permite ao encosto rebater sobre o assento tornando-a compacta.<\/li>\n<li>Chassis de encarte horizontal por estrutura em H.<\/li>\n<\/ul>\n<p>&nbsp;<\/p>\n","protected":false},"excerpt":{"rendered":"<p>Cadeira de rodas manual de liga leve com estrutura em alum\u00ednio.<\/p>\n","protected":false},"featured_media":17510,"template":"","meta":{"_acf_changed":false,"neve_meta_sidebar":"","neve_meta_container":"","neve_meta_enable_content_width":"off","neve_meta_content_width":100,"neve_meta_title_alignment":"","neve_meta_author_avatar":"","neve_post_elements_order":"","neve_meta_disable_header":"","neve_meta_disable_footer":"","neve_meta_disable_title":""},"product_brand":[],"product_cat":[418],"product_tag":[426,407,408],"class_list":{"0":"post-4694","1":"product","2":"type-product","3":"status-publish","4":"has-post-thumbnail","6":"product_cat-activas","7":"product_tag-action-5","8":"product_tag-cadeira-de-rodas","9":"product_tag-cadeira-de-rodas-manuais","11":"first","12":"onbackorder","13":"taxable","14":"shipping-taxable","15":"purchasable","16":"product-type-simple"},"acf":[],"yoast_head":"<!-- This site is optimized with the Yoast SEO plugin v27.5 - https:\/\/yoast.com\/product\/yoast-seo-wordpress\/ -->\n<title>Cadeira de Rodas Manual Action 5 Invacare - Mais que Cuidar<\/title>\n<meta name=\"description\" content=\"Conhe\u00e7a a cadeira de rodas Action 5 com boa performance de condu\u00e7\u00e3o e facilmente encart\u00e1vel. Excelente manuseamento gra\u00e7as \u00e0 sua constru\u00e7\u00e3o ultra leve.\" \/>\n<meta name=\"robots\" content=\"index, follow, max-snippet:-1, max-image-preview:large, max-video-preview:-1\" \/>\n<link rel=\"canonical\" href=\"https:\/\/www.maisquecuidar.com\/loja\/mais-mobilidade\/cadeiras-de-rodas\/activas\/cadeira-de-rodas-action-5\" \/>\n<meta property=\"og:locale\" content=\"pt_PT\" \/>\n<meta property=\"og:type\" content=\"article\" \/>\n<meta property=\"og:title\" content=\"Cadeira de Rodas Manual Action 5 Invacare - Mais que Cuidar\" \/>\n<meta property=\"og:description\" content=\"Conhe\u00e7a a cadeira de rodas Action 5 com boa performance de condu\u00e7\u00e3o e facilmente encart\u00e1vel. Excelente manuseamento gra\u00e7as \u00e0 sua constru\u00e7\u00e3o ultra leve.\" \/>\n<meta property=\"og:url\" content=\"https:\/\/www.maisquecuidar.com\/loja\/mais-mobilidade\/cadeiras-de-rodas\/activas\/cadeira-de-rodas-action-5\" \/>\n<meta property=\"og:site_name\" content=\"Mais que Cuidar\" \/>\n<meta property=\"article:publisher\" content=\"https:\/\/www.facebook.com\/maisquecuidar.pt\" \/>\n<meta property=\"article:modified_time\" content=\"2026-02-25T10:40:03+00:00\" \/>\n<meta property=\"og:image\" content=\"https:\/\/img.maisquecuidar.com\/loja\/wp-content\/uploads\/2017\/01\/Cadeira-rodas-action-5-invacare-1.png\" \/>\n\t<meta property=\"og:image:width\" content=\"1280\" \/>\n\t<meta property=\"og:image:height\" content=\"800\" \/>\n\t<meta property=\"og:image:type\" content=\"image\/png\" \/>\n<meta name=\"twitter:label1\" content=\"Tempo estimado de leitura\" \/>\n\t<meta name=\"twitter:data1\" content=\"2 minutos\" \/>\n<script type=\"application\/ld+json\" class=\"yoast-schema-graph\">{\"@context\":\"https:\\\/\\\/schema.org\",\"@graph\":[{\"@type\":\"WebPage\",\"@id\":\"https:\\\/\\\/www.maisquecuidar.com\\\/loja\\\/mais-mobilidade\\\/cadeiras-de-rodas\\\/activas\\\/cadeira-de-rodas-action-5\",\"url\":\"https:\\\/\\\/www.maisquecuidar.com\\\/loja\\\/mais-mobilidade\\\/cadeiras-de-rodas\\\/activas\\\/cadeira-de-rodas-action-5\",\"name\":\"Cadeira de Rodas Manual Action 5 Invacare - Mais que Cuidar\",\"isPartOf\":{\"@id\":\"https:\\\/\\\/www.maisquecuidar.com\\\/loja\\\/#website\"},\"primaryImageOfPage\":{\"@id\":\"https:\\\/\\\/www.maisquecuidar.com\\\/loja\\\/mais-mobilidade\\\/cadeiras-de-rodas\\\/activas\\\/cadeira-de-rodas-action-5#primaryimage\"},\"image\":{\"@id\":\"https:\\\/\\\/www.maisquecuidar.com\\\/loja\\\/mais-mobilidade\\\/cadeiras-de-rodas\\\/activas\\\/cadeira-de-rodas-action-5#primaryimage\"},\"thumbnailUrl\":\"https:\\\/\\\/img.maisquecuidar.com\\\/loja\\\/wp-content\\\/uploads\\\/2017\\\/01\\\/Cadeira-rodas-action-5-invacare-1.png\",\"datePublished\":\"2017-01-16T13:17:07+00:00\",\"dateModified\":\"2026-02-25T10:40:03+00:00\",\"description\":\"Conhe\u00e7a a cadeira de rodas Action 5 com boa performance de condu\u00e7\u00e3o e facilmente encart\u00e1vel. Excelente manuseamento gra\u00e7as \u00e0 sua constru\u00e7\u00e3o ultra leve.\",\"breadcrumb\":{\"@id\":\"https:\\\/\\\/www.maisquecuidar.com\\\/loja\\\/mais-mobilidade\\\/cadeiras-de-rodas\\\/activas\\\/cadeira-de-rodas-action-5#breadcrumb\"},\"inLanguage\":\"pt-PT\",\"potentialAction\":[{\"@type\":\"ReadAction\",\"target\":[\"https:\\\/\\\/www.maisquecuidar.com\\\/loja\\\/mais-mobilidade\\\/cadeiras-de-rodas\\\/activas\\\/cadeira-de-rodas-action-5\"]}]},{\"@type\":\"ImageObject\",\"inLanguage\":\"pt-PT\",\"@id\":\"https:\\\/\\\/www.maisquecuidar.com\\\/loja\\\/mais-mobilidade\\\/cadeiras-de-rodas\\\/activas\\\/cadeira-de-rodas-action-5#primaryimage\",\"url\":\"https:\\\/\\\/img.maisquecuidar.com\\\/loja\\\/wp-content\\\/uploads\\\/2017\\\/01\\\/Cadeira-rodas-action-5-invacare-1.png\",\"contentUrl\":\"https:\\\/\\\/img.maisquecuidar.com\\\/loja\\\/wp-content\\\/uploads\\\/2017\\\/01\\\/Cadeira-rodas-action-5-invacare-1.png\",\"width\":1280,\"height\":800,\"caption\":\"Cadeira de rodas ultra leve Action 5 da Invacare\"},{\"@type\":\"BreadcrumbList\",\"@id\":\"https:\\\/\\\/www.maisquecuidar.com\\\/loja\\\/mais-mobilidade\\\/cadeiras-de-rodas\\\/activas\\\/cadeira-de-rodas-action-5#breadcrumb\",\"itemListElement\":[{\"@type\":\"ListItem\",\"position\":1,\"name\":\"Home\",\"item\":\"https:\\\/\\\/www.maisquecuidar.com\\\/loja\\\/\"},{\"@type\":\"ListItem\",\"position\":2,\"name\":\"Loja Online de Ortopedia e Geriatria em Portugal\",\"item\":\"https:\\\/\\\/www.maisquecuidar.com\\\/loja\\\/loja\"},{\"@type\":\"ListItem\",\"position\":3,\"name\":\"Mais Mobilidade\",\"item\":\"https:\\\/\\\/www.maisquecuidar.com\\\/loja\\\/mais-mobilidade\"},{\"@type\":\"ListItem\",\"position\":4,\"name\":\"Cadeiras de Rodas\",\"item\":\"https:\\\/\\\/www.maisquecuidar.com\\\/loja\\\/mais-mobilidade\\\/cadeiras-de-rodas\"},{\"@type\":\"ListItem\",\"position\":5,\"name\":\"Cadeiras de Rodas Activas Ultra Leves\",\"item\":\"https:\\\/\\\/www.maisquecuidar.com\\\/loja\\\/mais-mobilidade\\\/cadeiras-de-rodas\\\/activas\"},{\"@type\":\"ListItem\",\"position\":6,\"name\":\"Cadeira de Rodas Manual Action 5 Invacare\"}]},{\"@type\":\"WebSite\",\"@id\":\"https:\\\/\\\/www.maisquecuidar.com\\\/loja\\\/#website\",\"url\":\"https:\\\/\\\/www.maisquecuidar.com\\\/loja\\\/\",\"name\":\"Mais que Cuidar\",\"description\":\"Sa\u00fade, Ortopedia e Geriatria\",\"publisher\":{\"@id\":\"https:\\\/\\\/www.maisquecuidar.com\\\/loja\\\/#organization\"},\"potentialAction\":[{\"@type\":\"SearchAction\",\"target\":{\"@type\":\"EntryPoint\",\"urlTemplate\":\"https:\\\/\\\/www.maisquecuidar.com\\\/loja\\\/?s={search_term_string}\"},\"query-input\":{\"@type\":\"PropertyValueSpecification\",\"valueRequired\":true,\"valueName\":\"search_term_string\"}}],\"inLanguage\":\"pt-PT\"},{\"@type\":\"Organization\",\"@id\":\"https:\\\/\\\/www.maisquecuidar.com\\\/loja\\\/#organization\",\"name\":\"Mais Que Cuidar\",\"url\":\"https:\\\/\\\/www.maisquecuidar.com\\\/loja\\\/\",\"logo\":{\"@type\":\"ImageObject\",\"inLanguage\":\"pt-PT\",\"@id\":\"https:\\\/\\\/www.maisquecuidar.com\\\/loja\\\/#\\\/schema\\\/logo\\\/image\\\/\",\"url\":\"https:\\\/\\\/img.maisquecuidar.com\\\/loja\\\/wp-content\\\/uploads\\\/2019\\\/08\\\/logo-mais-que-cuidar-retina.png\",\"contentUrl\":\"https:\\\/\\\/img.maisquecuidar.com\\\/loja\\\/wp-content\\\/uploads\\\/2019\\\/08\\\/logo-mais-que-cuidar-retina.png\",\"width\":565,\"height\":75,\"caption\":\"Mais Que Cuidar\"},\"image\":{\"@id\":\"https:\\\/\\\/www.maisquecuidar.com\\\/loja\\\/#\\\/schema\\\/logo\\\/image\\\/\"},\"sameAs\":[\"https:\\\/\\\/www.facebook.com\\\/maisquecuidar.pt\",\"https:\\\/\\\/www.instagram.com\\\/maisquecuidar\"]}]}<\/script>\n<!-- \/ Yoast SEO plugin. -->","yoast_head_json":{"title":"Cadeira de Rodas Manual Action 5 Invacare - Mais que Cuidar","description":"Conhe\u00e7a a cadeira de rodas Action 5 com boa performance de condu\u00e7\u00e3o e facilmente encart\u00e1vel. Excelente manuseamento gra\u00e7as \u00e0 sua constru\u00e7\u00e3o ultra leve.","robots":{"index":"index","follow":"follow","max-snippet":"max-snippet:-1","max-image-preview":"max-image-preview:large","max-video-preview":"max-video-preview:-1"},"canonical":"https:\/\/www.maisquecuidar.com\/loja\/mais-mobilidade\/cadeiras-de-rodas\/activas\/cadeira-de-rodas-action-5","og_locale":"pt_PT","og_type":"article","og_title":"Cadeira de Rodas Manual Action 5 Invacare - Mais que Cuidar","og_description":"Conhe\u00e7a a cadeira de rodas Action 5 com boa performance de condu\u00e7\u00e3o e facilmente encart\u00e1vel. Excelente manuseamento gra\u00e7as \u00e0 sua constru\u00e7\u00e3o ultra leve.","og_url":"https:\/\/www.maisquecuidar.com\/loja\/mais-mobilidade\/cadeiras-de-rodas\/activas\/cadeira-de-rodas-action-5","og_site_name":"Mais que Cuidar","article_publisher":"https:\/\/www.facebook.com\/maisquecuidar.pt","article_modified_time":"2026-02-25T10:40:03+00:00","og_image":[{"width":1280,"height":800,"url":"https:\/\/img.maisquecuidar.com\/loja\/wp-content\/uploads\/2017\/01\/Cadeira-rodas-action-5-invacare-1.png","type":"image\/png"}],"twitter_misc":{"Tempo estimado de leitura":"2 minutos"},"schema":{"@context":"https:\/\/schema.org","@graph":[{"@type":"WebPage","@id":"https:\/\/www.maisquecuidar.com\/loja\/mais-mobilidade\/cadeiras-de-rodas\/activas\/cadeira-de-rodas-action-5","url":"https:\/\/www.maisquecuidar.com\/loja\/mais-mobilidade\/cadeiras-de-rodas\/activas\/cadeira-de-rodas-action-5","name":"Cadeira de Rodas Manual Action 5 Invacare - Mais que Cuidar","isPartOf":{"@id":"https:\/\/www.maisquecuidar.com\/loja\/#website"},"primaryImageOfPage":{"@id":"https:\/\/www.maisquecuidar.com\/loja\/mais-mobilidade\/cadeiras-de-rodas\/activas\/cadeira-de-rodas-action-5#primaryimage"},"image":{"@id":"https:\/\/www.maisquecuidar.com\/loja\/mais-mobilidade\/cadeiras-de-rodas\/activas\/cadeira-de-rodas-action-5#primaryimage"},"thumbnailUrl":"https:\/\/img.maisquecuidar.com\/loja\/wp-content\/uploads\/2017\/01\/Cadeira-rodas-action-5-invacare-1.png","datePublished":"2017-01-16T13:17:07+00:00","dateModified":"2026-02-25T10:40:03+00:00","description":"Conhe\u00e7a a cadeira de rodas Action 5 com boa performance de condu\u00e7\u00e3o e facilmente encart\u00e1vel. Excelente manuseamento gra\u00e7as \u00e0 sua constru\u00e7\u00e3o ultra leve.","breadcrumb":{"@id":"https:\/\/www.maisquecuidar.com\/loja\/mais-mobilidade\/cadeiras-de-rodas\/activas\/cadeira-de-rodas-action-5#breadcrumb"},"inLanguage":"pt-PT","potentialAction":[{"@type":"ReadAction","target":["https:\/\/www.maisquecuidar.com\/loja\/mais-mobilidade\/cadeiras-de-rodas\/activas\/cadeira-de-rodas-action-5"]}]},{"@type":"ImageObject","inLanguage":"pt-PT","@id":"https:\/\/www.maisquecuidar.com\/loja\/mais-mobilidade\/cadeiras-de-rodas\/activas\/cadeira-de-rodas-action-5#primaryimage","url":"https:\/\/img.maisquecuidar.com\/loja\/wp-content\/uploads\/2017\/01\/Cadeira-rodas-action-5-invacare-1.png","contentUrl":"https:\/\/img.maisquecuidar.com\/loja\/wp-content\/uploads\/2017\/01\/Cadeira-rodas-action-5-invacare-1.png","width":1280,"height":800,"caption":"Cadeira de rodas ultra leve Action 5 da Invacare"},{"@type":"BreadcrumbList","@id":"https:\/\/www.maisquecuidar.com\/loja\/mais-mobilidade\/cadeiras-de-rodas\/activas\/cadeira-de-rodas-action-5#breadcrumb","itemListElement":[{"@type":"ListItem","position":1,"name":"Home","item":"https:\/\/www.maisquecuidar.com\/loja\/"},{"@type":"ListItem","position":2,"name":"Loja Online de Ortopedia e Geriatria em Portugal","item":"https:\/\/www.maisquecuidar.com\/loja\/loja"},{"@type":"ListItem","position":3,"name":"Mais Mobilidade","item":"https:\/\/www.maisquecuidar.com\/loja\/mais-mobilidade"},{"@type":"ListItem","position":4,"name":"Cadeiras de Rodas","item":"https:\/\/www.maisquecuidar.com\/loja\/mais-mobilidade\/cadeiras-de-rodas"},{"@type":"ListItem","position":5,"name":"Cadeiras de Rodas Activas Ultra Leves","item":"https:\/\/www.maisquecuidar.com\/loja\/mais-mobilidade\/cadeiras-de-rodas\/activas"},{"@type":"ListItem","position":6,"name":"Cadeira de Rodas Manual Action 5 Invacare"}]},{"@type":"WebSite","@id":"https:\/\/www.maisquecuidar.com\/loja\/#website","url":"https:\/\/www.maisquecuidar.com\/loja\/","name":"Mais que Cuidar","description":"Sa\u00fade, Ortopedia e Geriatria","publisher":{"@id":"https:\/\/www.maisquecuidar.com\/loja\/#organization"},"potentialAction":[{"@type":"SearchAction","target":{"@type":"EntryPoint","urlTemplate":"https:\/\/www.maisquecuidar.com\/loja\/?s={search_term_string}"},"query-input":{"@type":"PropertyValueSpecification","valueRequired":true,"valueName":"search_term_string"}}],"inLanguage":"pt-PT"},{"@type":"Organization","@id":"https:\/\/www.maisquecuidar.com\/loja\/#organization","name":"Mais Que Cuidar","url":"https:\/\/www.maisquecuidar.com\/loja\/","logo":{"@type":"ImageObject","inLanguage":"pt-PT","@id":"https:\/\/www.maisquecuidar.com\/loja\/#\/schema\/logo\/image\/","url":"https:\/\/img.maisquecuidar.com\/loja\/wp-content\/uploads\/2019\/08\/logo-mais-que-cuidar-retina.png","contentUrl":"https:\/\/img.maisquecuidar.com\/loja\/wp-content\/uploads\/2019\/08\/logo-mais-que-cuidar-retina.png","width":565,"height":75,"caption":"Mais Que Cuidar"},"image":{"@id":"https:\/\/www.maisquecuidar.com\/loja\/#\/schema\/logo\/image\/"},"sameAs":["https:\/\/www.facebook.com\/maisquecuidar.pt","https:\/\/www.instagram.com\/maisquecuidar"]}]}},"_links":{"self":[{"href":"https:\/\/www.maisquecuidar.com\/loja\/wp-json\/wp\/v2\/product\/4694","targetHints":{"allow":["GET"]}}],"collection":[{"href":"https:\/\/www.maisquecuidar.com\/loja\/wp-json\/wp\/v2\/product"}],"about":[{"href":"https:\/\/www.maisquecuidar.com\/loja\/wp-json\/wp\/v2\/types\/product"}],"wp:featuredmedia":[{"embeddable":true,"href":"https:\/\/www.maisquecuidar.com\/loja\/wp-json\/wp\/v2\/media\/17510"}],"wp:attachment":[{"href":"https:\/\/www.maisquecuidar.com\/loja\/wp-json\/wp\/v2\/media?parent=4694"}],"wp:term":[{"taxonomy":"product_brand","embeddable":true,"href":"https:\/\/www.maisquecuidar.com\/loja\/wp-json\/wp\/v2\/product_brand?post=4694"},{"taxonomy":"product_cat","embeddable":true,"href":"https:\/\/www.maisquecuidar.com\/loja\/wp-json\/wp\/v2\/product_cat?post=4694"},{"taxonomy":"product_tag","embeddable":true,"href":"https:\/\/www.maisquecuidar.com\/loja\/wp-json\/wp\/v2\/product_tag?post=4694"}],"curies":[{"name":"wp","href":"https:\/\/api.w.org\/{rel}","templated":true}]}}