{"id":3931,"date":"2016-12-06T21:46:58","date_gmt":"2016-12-06T21:46:58","guid":{"rendered":"https:\/\/www.maisquecuidar.com\/loja\/?post_type=product&#038;p=3931"},"modified":"2026-04-28T20:52:00","modified_gmt":"2026-04-28T19:52:00","slug":"kit-medley-premier-active","status":"publish","type":"product","link":"https:\/\/www.maisquecuidar.com\/loja\/quarto-conforto-bem-estar\/camas-articuladas\/camas-hospitalares-electricas\/kit-medley-premier-active","title":{"rendered":"Cama Articulada El\u00e9trica Kit Medley Premier Active"},"content":{"rendered":"<p><strong>Kit Medley Premier Active: A Combina\u00e7\u00e3o Perfeita de Conforto e Preven\u00e7\u00e3o<\/strong><\/p>\n<p>Introduzindo o Kit Medley Premier Active &#8211; uma combina\u00e7\u00e3o perfeita da Cama Articulada El\u00e9trica Invacare Medley Ergo e do Colch\u00e3o Din\u00e2mico Preventivo de Escaras Premier Active RX 2 da Invacare. Esta combina\u00e7\u00e3o garante grande conforto, funcionalidade e uma ajuda importante na preven\u00e7\u00e3o de feridas e escaras.<\/p>\n<p><strong>Caracter\u00edsticas da Cama Articulada El\u00e9trica Invacare Medley Ergo:<\/strong><\/p>\n<p><strong>1. Rela\u00e7\u00e3o Qualidade-Pre\u00e7o: <\/strong>Considerada uma das melhores camas articuladas el\u00e9tricas em termos de pre\u00e7o, funcionalidade e qualidade.<\/p>\n<p><strong>2. Design:<\/strong>Um elegante acabamento em faia natural, acompanhado de pain\u00e9is de madeira que discretamente ocultam os motores, adaptando-se a qualquer tipo de decora\u00e7\u00e3o.<\/p>\n<p><strong>3. Guardas Laterais:<\/strong> Em madeira resistente, com um sistema simples e seguro para ajustar.<\/p>\n<p><strong>4. Altura Regul\u00e1vel do Estrado:<\/strong> Minimiza o risco de quedas e facilita a entrada e sa\u00edda da cama.<\/p>\n<p><strong>5. Estrado:<\/strong> Ripas em a\u00e7o robusto e um comprimento otimizado que ajuda a reduzir a fric\u00e7\u00e3o na pele e deslizamentos.<\/p>\n<p><strong>6. Pendural (Trap\u00e9zio):<\/strong> Facilita a movimenta\u00e7\u00e3o do utilizador na cama.<\/p>\n<p><strong>7. Comando com 5 Fun\u00e7\u00f5es:<\/strong> Ajuste do encosto, pernas, p\u00e9s, altura e inclina\u00e7\u00e3o do estrado.<\/p>\n<p><strong>Benef\u00edcios do Colch\u00e3o Din\u00e2mico Preventivo de Escaras Premier Active 2 RX:<\/strong><\/p>\n<p><strong>1. Material de Qualidade:<\/strong> Espumas de alta resili\u00eancia revestidas com uma capa biel\u00e1stica imperme\u00e1vel.<\/p>\n<p><strong>2. Conforto &amp; Preven\u00e7\u00e3o:<\/strong> Camada superior recortada que ajuda na gest\u00e3o do microclima da pele, distribuindo a press\u00e3o e minimizando o risco de \u00falceras.<\/p>\n<p><strong>3. Compressor Eletr\u00f3nico:<\/strong> Silenciosamente transforma o colch\u00e3o est\u00e1tico numa superf\u00edcie com press\u00e3o alternada, aliviando ainda mais a press\u00e3o sobre a pele.<\/p>\n<p><strong>Conclus\u00e3o:<\/strong><\/p>\n<p>O Kit Medley Premier Active \u00e9 a solu\u00e7\u00e3o completa para aqueles que procuram o melhor em conforto e preven\u00e7\u00e3o. A combina\u00e7\u00e3o da cama articulada com o colch\u00e3o din\u00e2mico oferece um ambiente seguro e confort\u00e1vel para os utilizadores, promovendo a sua mobilidade e bem-estar. A incorpora\u00e7\u00e3o de caracter\u00edsticas t\u00e9cnicas avan\u00e7adas garante que este kit \u00e9 n\u00e3o s\u00f3 funcional, mas tamb\u00e9m duradouro e eficaz na preven\u00e7\u00e3o de complica\u00e7\u00f5es associadas \u00e0 imobiliza\u00e7\u00e3o.<\/p>\n","protected":false},"excerpt":{"rendered":"<p>PROMO\u00c7\u00c3O V\u00c1LIDA DE 29 DE ABRIL a 05 DE MAIO DE 2026<\/p>\n","protected":false},"featured_media":17646,"template":"","meta":{"_acf_changed":false,"neve_meta_sidebar":"","neve_meta_container":"","neve_meta_enable_content_width":"off","neve_meta_content_width":100,"neve_meta_title_alignment":"","neve_meta_author_avatar":"","neve_post_elements_order":"","neve_meta_disable_header":"","neve_meta_disable_footer":"","neve_meta_disable_title":""},"product_brand":[],"product_cat":[330],"product_tag":[320,318,332,316,323,329,331,325,326,715,721,711,720,704],"class_list":{"0":"post-3931","1":"product","2":"type-product","3":"status-publish","4":"has-post-thumbnail","6":"product_cat-camas-hospitalares-electricas","7":"product_tag-cama-articulada-para-acamados","8":"product_tag-cama-articulada-para-doentes","9":"product_tag-cama-medley-ergo-select-tilt","10":"product_tag-camas-articuladas","11":"product_tag-camas-articuladas-economicas","12":"product_tag-camas-articuladas-eletricas","13":"product_tag-camas-articuladas-invacare","14":"product_tag-camas-articuladas-para-doentes","15":"product_tag-camas-articuladas-para-idosos","16":"product_tag-dinamico-preventivo-de-escaras","17":"product_tag-eletrica-elevatoria-altura-variavel","18":"product_tag-em-madeira","19":"product_tag-mais-de-1200e","20":"product_tag-normal-90-cm","22":"first","23":"instock","24":"sale","25":"taxable","26":"shipping-taxable","27":"purchasable","28":"product-type-simple"},"acf":[],"yoast_head":"<!-- This site is optimized with the Yoast SEO plugin v27.5 - https:\/\/yoast.com\/product\/yoast-seo-wordpress\/ -->\n<title>Cama articulada el\u00e9trica Kit Medley com colch\u00e3o Premier Active<\/title>\n<meta name=\"description\" content=\"Confira as caracter\u00edsticas e o pre\u00e7o da cama articulada el\u00e9ctrica Medley com o colch\u00e3o ortop\u00e9dico anti-escaras Softform Premier Active 2 RX da Invacare.\" \/>\n<meta name=\"robots\" content=\"index, follow, max-snippet:-1, max-image-preview:large, max-video-preview:-1\" \/>\n<link rel=\"canonical\" href=\"https:\/\/www.maisquecuidar.com\/loja\/quarto-conforto-bem-estar\/camas-articuladas\/camas-hospitalares-electricas\/kit-medley-premier-active\" \/>\n<meta property=\"og:locale\" content=\"pt_PT\" \/>\n<meta property=\"og:type\" content=\"article\" \/>\n<meta property=\"og:title\" content=\"Cama articulada el\u00e9trica Kit Medley com colch\u00e3o Premier Active\" \/>\n<meta property=\"og:description\" content=\"Confira as caracter\u00edsticas e o pre\u00e7o da cama articulada el\u00e9ctrica Medley com o colch\u00e3o ortop\u00e9dico anti-escaras Softform Premier Active 2 RX da Invacare.\" \/>\n<meta property=\"og:url\" content=\"https:\/\/www.maisquecuidar.com\/loja\/quarto-conforto-bem-estar\/camas-articuladas\/camas-hospitalares-electricas\/kit-medley-premier-active\" \/>\n<meta property=\"og:site_name\" content=\"Mais que Cuidar\" \/>\n<meta property=\"article:publisher\" content=\"https:\/\/www.facebook.com\/maisquecuidar.pt\" \/>\n<meta property=\"article:modified_time\" content=\"2026-04-28T19:52:00+00:00\" \/>\n<meta property=\"og:image\" content=\"https:\/\/img.maisquecuidar.com\/loja\/wp-content\/uploads\/2016\/12\/medley1.png\" \/>\n\t<meta property=\"og:image:width\" content=\"1280\" \/>\n\t<meta property=\"og:image:height\" content=\"800\" \/>\n\t<meta property=\"og:image:type\" content=\"image\/png\" \/>\n<meta name=\"twitter:label1\" content=\"Tempo estimado de leitura\" \/>\n\t<meta name=\"twitter:data1\" content=\"2 minutos\" \/>\n<script type=\"application\/ld+json\" class=\"yoast-schema-graph\">{\"@context\":\"https:\\\/\\\/schema.org\",\"@graph\":[{\"@type\":\"WebPage\",\"@id\":\"https:\\\/\\\/www.maisquecuidar.com\\\/loja\\\/quarto-conforto-bem-estar\\\/camas-articuladas\\\/camas-hospitalares-electricas\\\/kit-medley-premier-active\",\"url\":\"https:\\\/\\\/www.maisquecuidar.com\\\/loja\\\/quarto-conforto-bem-estar\\\/camas-articuladas\\\/camas-hospitalares-electricas\\\/kit-medley-premier-active\",\"name\":\"Cama articulada el\u00e9trica Kit Medley com colch\u00e3o Premier Active\",\"isPartOf\":{\"@id\":\"https:\\\/\\\/www.maisquecuidar.com\\\/loja\\\/#website\"},\"primaryImageOfPage\":{\"@id\":\"https:\\\/\\\/www.maisquecuidar.com\\\/loja\\\/quarto-conforto-bem-estar\\\/camas-articuladas\\\/camas-hospitalares-electricas\\\/kit-medley-premier-active#primaryimage\"},\"image\":{\"@id\":\"https:\\\/\\\/www.maisquecuidar.com\\\/loja\\\/quarto-conforto-bem-estar\\\/camas-articuladas\\\/camas-hospitalares-electricas\\\/kit-medley-premier-active#primaryimage\"},\"thumbnailUrl\":\"https:\\\/\\\/img.maisquecuidar.com\\\/loja\\\/wp-content\\\/uploads\\\/2016\\\/12\\\/medley1.png\",\"datePublished\":\"2016-12-06T21:46:58+00:00\",\"dateModified\":\"2026-04-28T19:52:00+00:00\",\"description\":\"Confira as caracter\u00edsticas e o pre\u00e7o da cama articulada el\u00e9ctrica Medley com o colch\u00e3o ortop\u00e9dico anti-escaras Softform Premier Active 2 RX da Invacare.\",\"breadcrumb\":{\"@id\":\"https:\\\/\\\/www.maisquecuidar.com\\\/loja\\\/quarto-conforto-bem-estar\\\/camas-articuladas\\\/camas-hospitalares-electricas\\\/kit-medley-premier-active#breadcrumb\"},\"inLanguage\":\"pt-PT\",\"potentialAction\":[{\"@type\":\"ReadAction\",\"target\":[\"https:\\\/\\\/www.maisquecuidar.com\\\/loja\\\/quarto-conforto-bem-estar\\\/camas-articuladas\\\/camas-hospitalares-electricas\\\/kit-medley-premier-active\"]}]},{\"@type\":\"ImageObject\",\"inLanguage\":\"pt-PT\",\"@id\":\"https:\\\/\\\/www.maisquecuidar.com\\\/loja\\\/quarto-conforto-bem-estar\\\/camas-articuladas\\\/camas-hospitalares-electricas\\\/kit-medley-premier-active#primaryimage\",\"url\":\"https:\\\/\\\/img.maisquecuidar.com\\\/loja\\\/wp-content\\\/uploads\\\/2016\\\/12\\\/medley1.png\",\"contentUrl\":\"https:\\\/\\\/img.maisquecuidar.com\\\/loja\\\/wp-content\\\/uploads\\\/2016\\\/12\\\/medley1.png\",\"width\":1280,\"height\":800,\"caption\":\"Cama articulada eletrica Medley com colch\u00e3o premier active 2 Invacare\"},{\"@type\":\"BreadcrumbList\",\"@id\":\"https:\\\/\\\/www.maisquecuidar.com\\\/loja\\\/quarto-conforto-bem-estar\\\/camas-articuladas\\\/camas-hospitalares-electricas\\\/kit-medley-premier-active#breadcrumb\",\"itemListElement\":[{\"@type\":\"ListItem\",\"position\":1,\"name\":\"Home\",\"item\":\"https:\\\/\\\/www.maisquecuidar.com\\\/loja\\\/\"},{\"@type\":\"ListItem\",\"position\":2,\"name\":\"Loja Online de Ortopedia e Geriatria em Portugal\",\"item\":\"https:\\\/\\\/www.maisquecuidar.com\\\/loja\\\/loja\"},{\"@type\":\"ListItem\",\"position\":3,\"name\":\"Quarto, Conforto e Bem Estar\",\"item\":\"https:\\\/\\\/www.maisquecuidar.com\\\/loja\\\/quarto-conforto-bem-estar\"},{\"@type\":\"ListItem\",\"position\":4,\"name\":\"Camas Articuladas Hospitalares\",\"item\":\"https:\\\/\\\/www.maisquecuidar.com\\\/loja\\\/quarto-conforto-bem-estar\\\/camas-articuladas\"},{\"@type\":\"ListItem\",\"position\":5,\"name\":\"Camas Articuladas El\u00e9tricas\",\"item\":\"https:\\\/\\\/www.maisquecuidar.com\\\/loja\\\/quarto-conforto-bem-estar\\\/camas-articuladas\\\/camas-hospitalares-electricas\"},{\"@type\":\"ListItem\",\"position\":6,\"name\":\"Cama Articulada El\u00e9trica Kit Medley Premier Active\"}]},{\"@type\":\"WebSite\",\"@id\":\"https:\\\/\\\/www.maisquecuidar.com\\\/loja\\\/#website\",\"url\":\"https:\\\/\\\/www.maisquecuidar.com\\\/loja\\\/\",\"name\":\"Mais que Cuidar\",\"description\":\"Sa\u00fade, Ortopedia e Geriatria\",\"publisher\":{\"@id\":\"https:\\\/\\\/www.maisquecuidar.com\\\/loja\\\/#organization\"},\"potentialAction\":[{\"@type\":\"SearchAction\",\"target\":{\"@type\":\"EntryPoint\",\"urlTemplate\":\"https:\\\/\\\/www.maisquecuidar.com\\\/loja\\\/?s={search_term_string}\"},\"query-input\":{\"@type\":\"PropertyValueSpecification\",\"valueRequired\":true,\"valueName\":\"search_term_string\"}}],\"inLanguage\":\"pt-PT\"},{\"@type\":\"Organization\",\"@id\":\"https:\\\/\\\/www.maisquecuidar.com\\\/loja\\\/#organization\",\"name\":\"Mais Que Cuidar\",\"url\":\"https:\\\/\\\/www.maisquecuidar.com\\\/loja\\\/\",\"logo\":{\"@type\":\"ImageObject\",\"inLanguage\":\"pt-PT\",\"@id\":\"https:\\\/\\\/www.maisquecuidar.com\\\/loja\\\/#\\\/schema\\\/logo\\\/image\\\/\",\"url\":\"https:\\\/\\\/img.maisquecuidar.com\\\/loja\\\/wp-content\\\/uploads\\\/2019\\\/08\\\/logo-mais-que-cuidar-retina.png\",\"contentUrl\":\"https:\\\/\\\/img.maisquecuidar.com\\\/loja\\\/wp-content\\\/uploads\\\/2019\\\/08\\\/logo-mais-que-cuidar-retina.png\",\"width\":565,\"height\":75,\"caption\":\"Mais Que Cuidar\"},\"image\":{\"@id\":\"https:\\\/\\\/www.maisquecuidar.com\\\/loja\\\/#\\\/schema\\\/logo\\\/image\\\/\"},\"sameAs\":[\"https:\\\/\\\/www.facebook.com\\\/maisquecuidar.pt\",\"https:\\\/\\\/www.instagram.com\\\/maisquecuidar\"]}]}<\/script>\n<!-- \/ Yoast SEO plugin. -->","yoast_head_json":{"title":"Cama articulada el\u00e9trica Kit Medley com colch\u00e3o Premier Active","description":"Confira as caracter\u00edsticas e o pre\u00e7o da cama articulada el\u00e9ctrica Medley com o colch\u00e3o ortop\u00e9dico anti-escaras Softform Premier Active 2 RX da Invacare.","robots":{"index":"index","follow":"follow","max-snippet":"max-snippet:-1","max-image-preview":"max-image-preview:large","max-video-preview":"max-video-preview:-1"},"canonical":"https:\/\/www.maisquecuidar.com\/loja\/quarto-conforto-bem-estar\/camas-articuladas\/camas-hospitalares-electricas\/kit-medley-premier-active","og_locale":"pt_PT","og_type":"article","og_title":"Cama articulada el\u00e9trica Kit Medley com colch\u00e3o Premier Active","og_description":"Confira as caracter\u00edsticas e o pre\u00e7o da cama articulada el\u00e9ctrica Medley com o colch\u00e3o ortop\u00e9dico anti-escaras Softform Premier Active 2 RX da Invacare.","og_url":"https:\/\/www.maisquecuidar.com\/loja\/quarto-conforto-bem-estar\/camas-articuladas\/camas-hospitalares-electricas\/kit-medley-premier-active","og_site_name":"Mais que Cuidar","article_publisher":"https:\/\/www.facebook.com\/maisquecuidar.pt","article_modified_time":"2026-04-28T19:52:00+00:00","og_image":[{"width":1280,"height":800,"url":"https:\/\/img.maisquecuidar.com\/loja\/wp-content\/uploads\/2016\/12\/medley1.png","type":"image\/png"}],"twitter_misc":{"Tempo estimado de leitura":"2 minutos"},"schema":{"@context":"https:\/\/schema.org","@graph":[{"@type":"WebPage","@id":"https:\/\/www.maisquecuidar.com\/loja\/quarto-conforto-bem-estar\/camas-articuladas\/camas-hospitalares-electricas\/kit-medley-premier-active","url":"https:\/\/www.maisquecuidar.com\/loja\/quarto-conforto-bem-estar\/camas-articuladas\/camas-hospitalares-electricas\/kit-medley-premier-active","name":"Cama articulada el\u00e9trica Kit Medley com colch\u00e3o Premier Active","isPartOf":{"@id":"https:\/\/www.maisquecuidar.com\/loja\/#website"},"primaryImageOfPage":{"@id":"https:\/\/www.maisquecuidar.com\/loja\/quarto-conforto-bem-estar\/camas-articuladas\/camas-hospitalares-electricas\/kit-medley-premier-active#primaryimage"},"image":{"@id":"https:\/\/www.maisquecuidar.com\/loja\/quarto-conforto-bem-estar\/camas-articuladas\/camas-hospitalares-electricas\/kit-medley-premier-active#primaryimage"},"thumbnailUrl":"https:\/\/img.maisquecuidar.com\/loja\/wp-content\/uploads\/2016\/12\/medley1.png","datePublished":"2016-12-06T21:46:58+00:00","dateModified":"2026-04-28T19:52:00+00:00","description":"Confira as caracter\u00edsticas e o pre\u00e7o da cama articulada el\u00e9ctrica Medley com o colch\u00e3o ortop\u00e9dico anti-escaras Softform Premier Active 2 RX da Invacare.","breadcrumb":{"@id":"https:\/\/www.maisquecuidar.com\/loja\/quarto-conforto-bem-estar\/camas-articuladas\/camas-hospitalares-electricas\/kit-medley-premier-active#breadcrumb"},"inLanguage":"pt-PT","potentialAction":[{"@type":"ReadAction","target":["https:\/\/www.maisquecuidar.com\/loja\/quarto-conforto-bem-estar\/camas-articuladas\/camas-hospitalares-electricas\/kit-medley-premier-active"]}]},{"@type":"ImageObject","inLanguage":"pt-PT","@id":"https:\/\/www.maisquecuidar.com\/loja\/quarto-conforto-bem-estar\/camas-articuladas\/camas-hospitalares-electricas\/kit-medley-premier-active#primaryimage","url":"https:\/\/img.maisquecuidar.com\/loja\/wp-content\/uploads\/2016\/12\/medley1.png","contentUrl":"https:\/\/img.maisquecuidar.com\/loja\/wp-content\/uploads\/2016\/12\/medley1.png","width":1280,"height":800,"caption":"Cama articulada eletrica Medley com colch\u00e3o premier active 2 Invacare"},{"@type":"BreadcrumbList","@id":"https:\/\/www.maisquecuidar.com\/loja\/quarto-conforto-bem-estar\/camas-articuladas\/camas-hospitalares-electricas\/kit-medley-premier-active#breadcrumb","itemListElement":[{"@type":"ListItem","position":1,"name":"Home","item":"https:\/\/www.maisquecuidar.com\/loja\/"},{"@type":"ListItem","position":2,"name":"Loja Online de Ortopedia e Geriatria em Portugal","item":"https:\/\/www.maisquecuidar.com\/loja\/loja"},{"@type":"ListItem","position":3,"name":"Quarto, Conforto e Bem Estar","item":"https:\/\/www.maisquecuidar.com\/loja\/quarto-conforto-bem-estar"},{"@type":"ListItem","position":4,"name":"Camas Articuladas Hospitalares","item":"https:\/\/www.maisquecuidar.com\/loja\/quarto-conforto-bem-estar\/camas-articuladas"},{"@type":"ListItem","position":5,"name":"Camas Articuladas El\u00e9tricas","item":"https:\/\/www.maisquecuidar.com\/loja\/quarto-conforto-bem-estar\/camas-articuladas\/camas-hospitalares-electricas"},{"@type":"ListItem","position":6,"name":"Cama Articulada El\u00e9trica Kit Medley Premier Active"}]},{"@type":"WebSite","@id":"https:\/\/www.maisquecuidar.com\/loja\/#website","url":"https:\/\/www.maisquecuidar.com\/loja\/","name":"Mais que Cuidar","description":"Sa\u00fade, Ortopedia e Geriatria","publisher":{"@id":"https:\/\/www.maisquecuidar.com\/loja\/#organization"},"potentialAction":[{"@type":"SearchAction","target":{"@type":"EntryPoint","urlTemplate":"https:\/\/www.maisquecuidar.com\/loja\/?s={search_term_string}"},"query-input":{"@type":"PropertyValueSpecification","valueRequired":true,"valueName":"search_term_string"}}],"inLanguage":"pt-PT"},{"@type":"Organization","@id":"https:\/\/www.maisquecuidar.com\/loja\/#organization","name":"Mais Que Cuidar","url":"https:\/\/www.maisquecuidar.com\/loja\/","logo":{"@type":"ImageObject","inLanguage":"pt-PT","@id":"https:\/\/www.maisquecuidar.com\/loja\/#\/schema\/logo\/image\/","url":"https:\/\/img.maisquecuidar.com\/loja\/wp-content\/uploads\/2019\/08\/logo-mais-que-cuidar-retina.png","contentUrl":"https:\/\/img.maisquecuidar.com\/loja\/wp-content\/uploads\/2019\/08\/logo-mais-que-cuidar-retina.png","width":565,"height":75,"caption":"Mais Que Cuidar"},"image":{"@id":"https:\/\/www.maisquecuidar.com\/loja\/#\/schema\/logo\/image\/"},"sameAs":["https:\/\/www.facebook.com\/maisquecuidar.pt","https:\/\/www.instagram.com\/maisquecuidar"]}]}},"_links":{"self":[{"href":"https:\/\/www.maisquecuidar.com\/loja\/wp-json\/wp\/v2\/product\/3931","targetHints":{"allow":["GET"]}}],"collection":[{"href":"https:\/\/www.maisquecuidar.com\/loja\/wp-json\/wp\/v2\/product"}],"about":[{"href":"https:\/\/www.maisquecuidar.com\/loja\/wp-json\/wp\/v2\/types\/product"}],"wp:featuredmedia":[{"embeddable":true,"href":"https:\/\/www.maisquecuidar.com\/loja\/wp-json\/wp\/v2\/media\/17646"}],"wp:attachment":[{"href":"https:\/\/www.maisquecuidar.com\/loja\/wp-json\/wp\/v2\/media?parent=3931"}],"wp:term":[{"taxonomy":"product_brand","embeddable":true,"href":"https:\/\/www.maisquecuidar.com\/loja\/wp-json\/wp\/v2\/product_brand?post=3931"},{"taxonomy":"product_cat","embeddable":true,"href":"https:\/\/www.maisquecuidar.com\/loja\/wp-json\/wp\/v2\/product_cat?post=3931"},{"taxonomy":"product_tag","embeddable":true,"href":"https:\/\/www.maisquecuidar.com\/loja\/wp-json\/wp\/v2\/product_tag?post=3931"}],"curies":[{"name":"wp","href":"https:\/\/api.w.org\/{rel}","templated":true}]}}