{"id":16629,"date":"2022-10-27T10:57:55","date_gmt":"2022-10-27T09:57:55","guid":{"rendered":"https:\/\/www.maisquecuidar.com\/loja\/?post_type=product&#038;p=16629"},"modified":"2026-04-02T17:02:16","modified_gmt":"2026-04-02T16:02:16","slug":"elevador-de-escadas-alber-scalamobil-s35-s38","status":"publish","type":"product","link":"https:\/\/www.maisquecuidar.com\/loja\/mais-mobilidade\/elevadores-escadas\/elevadores-escadas-portateis\/elevador-de-escadas-alber-scalamobil-s35-s38","title":{"rendered":"Elevador de Escadas Port\u00e1til Alber Scalamobil S35\/S38 Invacare"},"content":{"rendered":"<p><strong>Elevador de Escadas Port\u00e1til Alber Scalamobil S35\/S38<\/strong><\/p>\n<p>Fabricado pela marca Invacare o Scalamobil \u00e9 um elevador de escadas que ultrapassa com seguran\u00e7a e sem esfor\u00e7o todo o tipo de escadas, sejam em espiral ou em linha reta, e <strong>sem necessidade de realizar qualquer tipo de obra no local<\/strong>. \u00c9 manuseado pelo acompanhante que n\u00e3o precisa de fazer esfor\u00e7o para que o dispositivo trepe os degraus.<\/p>\n<p><strong>O Scalamobil est\u00e1 dispon\u00edvel em duas vers\u00f5es:<\/strong><\/p>\n<ul>\n<li><strong>S35<\/strong> &#8211; supera degraus at\u00e9 20 cm de altura.<\/li>\n<li><strong>S38<\/strong> &#8211; supera degraus at\u00e9 25 cm de altura.<\/li>\n<\/ul>\n<p><img fetchpriority=\"high\" decoding=\"async\" class=\"alignnone wp-image-16630\" src=\"https:\/\/img.maisquecuidar.com\/loja\/wp-content\/uploads\/2022\/10\/elevador-scalamobil-s38-800x500.png\" alt=\"Elevador de escadas Scalamobil Invacare\" width=\"393\" height=\"245\" srcset=\"https:\/\/img.maisquecuidar.com\/loja\/wp-content\/uploads\/2022\/10\/elevador-scalamobil-s38-800x500.png 800w, https:\/\/img.maisquecuidar.com\/loja\/wp-content\/uploads\/2022\/10\/elevador-scalamobil-s38-380x238.png 380w, https:\/\/img.maisquecuidar.com\/loja\/wp-content\/uploads\/2022\/10\/elevador-scalamobil-s38-1024x640.png 1024w, https:\/\/img.maisquecuidar.com\/loja\/wp-content\/uploads\/2022\/10\/elevador-scalamobil-s38-768x480.png 768w, https:\/\/img.maisquecuidar.com\/loja\/wp-content\/uploads\/2022\/10\/elevador-scalamobil-s38.png 1280w\" sizes=\"(max-width: 393px) 100vw, 393px\" \/><\/p>\n<p>Este dispositivo trepador de degraus <strong>pode ser adaptado a uma grande variedade de cadeiras de rodas manuais<\/strong> atrav\u00e9s de um suporte de fixa\u00e7\u00e3o e assim evitar transfer\u00eancias na hora de subir ou descer andares. A utiliza\u00e7\u00e3o do Scalamobil n\u00e3o \u00e9 apenas no interior na habita\u00e7\u00e3o, j\u00e1 que o mesmo <strong>pode ser transportado para qualquer lado<\/strong> de forma a ajudar o utilizador a subir escadas sempre que necess\u00e1rio.<\/p>\n<p>Para garantir fiabilidade, o elevador de escadas Scalamobil<strong> est\u00e1 equipado com quatro trav\u00f5es autom\u00e1ticos<\/strong> que controlam a seguran\u00e7a das rodas. Os sensores IQ integrados suportam o utilizador e permitem um subida\/descida segura e muito confort\u00e1vel.<\/p>\n<p>Os punhos ErgoBalance foram desenvolvidos por especialistas de forma a assegurar um <strong>manuseio simples e seguro<\/strong> do trepador de escadas. O revestimento almofadado da zona posterior do punho em combina\u00e7\u00e3o com o switch f\u00e1cil de operar garantem que o uso prolongado n\u00e3o \u00e9 um problema.<\/p>\n<p>Todas as fun\u00e7\u00f5es importantes est\u00e3o vis\u00edveis no ecr\u00e3 de leitura f\u00e1cil e os punhos podem ainda ser ajustados em altura e largura, adaptando-se perfeitamente \u00e0 pessoa que manuseia o Scalamobil.<\/p>\n<p><img decoding=\"async\" class=\"alignnone wp-image-16631 lazyload\" data-src=\"https:\/\/img.maisquecuidar.com\/loja\/wp-content\/uploads\/2022\/10\/elevador-de-escadas-Scalamobil-exemplo.jpg\" alt=\"Exemplo do elevador de escadas Scalamobil S 38 da Invacare\" width=\"423\" height=\"298\" data-srcset=\"https:\/\/img.maisquecuidar.com\/loja\/wp-content\/uploads\/2022\/10\/elevador-de-escadas-Scalamobil-exemplo.jpg 780w, https:\/\/img.maisquecuidar.com\/loja\/wp-content\/uploads\/2022\/10\/elevador-de-escadas-Scalamobil-exemplo-380x267.jpg 380w, https:\/\/img.maisquecuidar.com\/loja\/wp-content\/uploads\/2022\/10\/elevador-de-escadas-Scalamobil-exemplo-768x541.jpg 768w\" data-sizes=\"(max-width: 423px) 100vw, 423px\" src=\"data:image\/svg+xml;base64,PHN2ZyB3aWR0aD0iMSIgaGVpZ2h0PSIxIiB4bWxucz0iaHR0cDovL3d3dy53My5vcmcvMjAwMC9zdmciPjwvc3ZnPg==\" style=\"--smush-placeholder-width: 423px; --smush-placeholder-aspect-ratio: 423\/298;\" \/><\/p>\n<p><strong>Se n\u00e3o quiser utilizar o elevador de escadas Scalamobil com uma cadeira de rodas, pode acopl\u00e1-lo \u00e0 Scalachair X3<\/strong> que \u00e9 uma cadeira de empurrar de interior com op\u00e7\u00f5es como apoio de cabe\u00e7a ou cintos ou ao Scalamobil S36 que \u00e9 indicado para pessoas que n\u00e3o dependem de uma cadeira de rodas. Incorpora um assento rebat\u00edvel e um encosto, tem dimens\u00f5es compactas e \u00e9 a escolha indicada para uma habita\u00e7\u00e3o com \u00e1reas reduzidas e escadas estreitas.<\/p>\n<h3>Caracter\u00edsticas em destaque<\/h3>\n<ul>\n<li><strong>Preparado para ser transportado:<\/strong> o Scalamobil \u00e9 um elevador de escadas port\u00e1til com componentes compactos e leves f\u00e1ceis de transportar.<\/li>\n<li><strong>Punhos ErgoBalance:<\/strong> ergonomicamente desenhados para um manuseio seguro, confort\u00e1vel e livre de fadiga.<\/li>\n<li><strong>Ecr\u00e3:<\/strong> todas as fun\u00e7\u00f5es importantes est\u00e3o vis\u00edveis no ecr\u00e3 de f\u00e1cil leitura.<\/li>\n<li><strong>Baterias:<\/strong> f\u00e1ceis de remover para transporte.<\/li>\n<li><strong>Trav\u00f5es de seguran\u00e7a:<\/strong> aplicados nas quatro rodas, travam automaticamente no bordo de cada degrau.<\/li>\n<li><strong>Carregador de baterias:<\/strong> com luz indicativa, 90-240V.<\/li>\n<li><strong>N\u00e3o provoca danos nas escadas:<\/strong> devido \u00e0s suas rodas macias n\u00e3o abrasivas.<\/li>\n<li><strong>Dispon\u00edvel para demonstra\u00e7\u00e3o ao domic\u00edlio:<\/strong> fazemos demonstra\u00e7\u00e3o em casa realizada por t\u00e9cnicos especializados no distrito de Lisboa.<\/li>\n<\/ul>\n<p><img decoding=\"async\" class=\"alignnone wp-image-16637 lazyload\" data-src=\"https:\/\/img.maisquecuidar.com\/loja\/wp-content\/uploads\/2022\/10\/elevador-scalamobil-s38-800x525.jpg\" alt=\"Caracteristicas t\u00e9cnicas do elevador scalamobil s38\" width=\"650\" height=\"426\" data-srcset=\"https:\/\/img.maisquecuidar.com\/loja\/wp-content\/uploads\/2022\/10\/elevador-scalamobil-s38-800x525.jpg 800w, https:\/\/img.maisquecuidar.com\/loja\/wp-content\/uploads\/2022\/10\/elevador-scalamobil-s38-380x250.jpg 380w, https:\/\/img.maisquecuidar.com\/loja\/wp-content\/uploads\/2022\/10\/elevador-scalamobil-s38-768x504.jpg 768w, https:\/\/img.maisquecuidar.com\/loja\/wp-content\/uploads\/2022\/10\/elevador-scalamobil-s38.jpg 900w\" data-sizes=\"(max-width: 650px) 100vw, 650px\" src=\"data:image\/svg+xml;base64,PHN2ZyB3aWR0aD0iMSIgaGVpZ2h0PSIxIiB4bWxucz0iaHR0cDovL3d3dy53My5vcmcvMjAwMC9zdmciPjwvc3ZnPg==\" style=\"--smush-placeholder-width: 650px; --smush-placeholder-aspect-ratio: 650\/426;\" \/><\/p>\n","protected":false},"excerpt":{"rendered":"<p>Trepador de escadas m\u00f3vel, acopl\u00e1vel \u00e0 cadeira de rodas. Com a ajuda de um acompanhante, este trepador ajuda a ultrapassar escadas curvas ou a direito.<\/p>\n<p>Demonstra\u00e7\u00e3o ao domic\u00edlio dispon\u00edvel no distrito de Lisboa<\/p>\n","protected":false},"featured_media":16632,"template":"","meta":{"_acf_changed":false,"neve_meta_sidebar":"","neve_meta_container":"","neve_meta_enable_content_width":"off","neve_meta_content_width":100,"neve_meta_title_alignment":"","neve_meta_author_avatar":"","neve_post_elements_order":"","neve_meta_disable_header":"","neve_meta_disable_footer":"","neve_meta_disable_title":""},"product_brand":[],"product_cat":[761,757],"product_tag":[],"class_list":{"0":"post-16629","1":"product","2":"type-product","3":"status-publish","4":"has-post-thumbnail","6":"product_cat-elevadores-escadas-portateis","7":"product_cat-novidades","9":"first","10":"outofstock","11":"taxable","12":"shipping-taxable","13":"purchasable","14":"product-type-variable"},"acf":[],"yoast_head":"<!-- This site is optimized with the Yoast SEO plugin v27.5 - https:\/\/yoast.com\/product\/yoast-seo-wordpress\/ -->\n<title>Elevador de Escadas Port\u00e1til Alber Scalamobil S35\/S38 Invacare<\/title>\n<meta name=\"description\" content=\"Elevador de escadas port\u00e1til Alber Scalamobil S35\/S38 para ultrapassar com seguran\u00e7a e sem esfor\u00e7o todo o tipo de escadas em espiral ou em linha reta.\" \/>\n<meta name=\"robots\" content=\"index, follow, max-snippet:-1, max-image-preview:large, max-video-preview:-1\" \/>\n<link rel=\"canonical\" href=\"https:\/\/www.maisquecuidar.com\/loja\/mais-mobilidade\/elevadores-escadas\/elevadores-escadas-portateis\/elevador-de-escadas-alber-scalamobil-s35-s38\" \/>\n<meta property=\"og:locale\" content=\"pt_PT\" \/>\n<meta property=\"og:type\" content=\"article\" \/>\n<meta property=\"og:title\" content=\"Elevador de Escadas Port\u00e1til Alber Scalamobil S35\/S38 Invacare\" \/>\n<meta property=\"og:description\" content=\"Elevador de escadas port\u00e1til Alber Scalamobil S35\/S38 para ultrapassar com seguran\u00e7a e sem esfor\u00e7o todo o tipo de escadas em espiral ou em linha reta.\" \/>\n<meta property=\"og:url\" content=\"https:\/\/www.maisquecuidar.com\/loja\/mais-mobilidade\/elevadores-escadas\/elevadores-escadas-portateis\/elevador-de-escadas-alber-scalamobil-s35-s38\" \/>\n<meta property=\"og:site_name\" content=\"Mais que Cuidar\" \/>\n<meta property=\"article:publisher\" content=\"https:\/\/www.facebook.com\/maisquecuidar.pt\" \/>\n<meta property=\"article:modified_time\" content=\"2026-04-02T16:02:16+00:00\" \/>\n<meta property=\"og:image\" content=\"https:\/\/img.maisquecuidar.com\/loja\/wp-content\/uploads\/2022\/10\/scalamobil-s38.png\" \/>\n\t<meta property=\"og:image:width\" content=\"1280\" \/>\n\t<meta property=\"og:image:height\" content=\"800\" \/>\n\t<meta property=\"og:image:type\" content=\"image\/png\" \/>\n<meta name=\"twitter:label1\" content=\"Tempo estimado de leitura\" \/>\n\t<meta name=\"twitter:data1\" content=\"4 minutos\" \/>\n<script type=\"application\/ld+json\" class=\"yoast-schema-graph\">{\"@context\":\"https:\\\/\\\/schema.org\",\"@graph\":[{\"@type\":\"WebPage\",\"@id\":\"https:\\\/\\\/www.maisquecuidar.com\\\/loja\\\/mais-mobilidade\\\/elevadores-escadas\\\/elevadores-escadas-portateis\\\/elevador-de-escadas-alber-scalamobil-s35-s38\",\"url\":\"https:\\\/\\\/www.maisquecuidar.com\\\/loja\\\/mais-mobilidade\\\/elevadores-escadas\\\/elevadores-escadas-portateis\\\/elevador-de-escadas-alber-scalamobil-s35-s38\",\"name\":\"Elevador de Escadas Port\u00e1til Alber Scalamobil S35\\\/S38 Invacare\",\"isPartOf\":{\"@id\":\"https:\\\/\\\/www.maisquecuidar.com\\\/loja\\\/#website\"},\"primaryImageOfPage\":{\"@id\":\"https:\\\/\\\/www.maisquecuidar.com\\\/loja\\\/mais-mobilidade\\\/elevadores-escadas\\\/elevadores-escadas-portateis\\\/elevador-de-escadas-alber-scalamobil-s35-s38#primaryimage\"},\"image\":{\"@id\":\"https:\\\/\\\/www.maisquecuidar.com\\\/loja\\\/mais-mobilidade\\\/elevadores-escadas\\\/elevadores-escadas-portateis\\\/elevador-de-escadas-alber-scalamobil-s35-s38#primaryimage\"},\"thumbnailUrl\":\"https:\\\/\\\/img.maisquecuidar.com\\\/loja\\\/wp-content\\\/uploads\\\/2022\\\/10\\\/scalamobil-s38.png\",\"datePublished\":\"2022-10-27T09:57:55+00:00\",\"dateModified\":\"2026-04-02T16:02:16+00:00\",\"description\":\"Elevador de escadas port\u00e1til Alber Scalamobil S35\\\/S38 para ultrapassar com seguran\u00e7a e sem esfor\u00e7o todo o tipo de escadas em espiral ou em linha reta.\",\"breadcrumb\":{\"@id\":\"https:\\\/\\\/www.maisquecuidar.com\\\/loja\\\/mais-mobilidade\\\/elevadores-escadas\\\/elevadores-escadas-portateis\\\/elevador-de-escadas-alber-scalamobil-s35-s38#breadcrumb\"},\"inLanguage\":\"pt-PT\",\"potentialAction\":[{\"@type\":\"ReadAction\",\"target\":[\"https:\\\/\\\/www.maisquecuidar.com\\\/loja\\\/mais-mobilidade\\\/elevadores-escadas\\\/elevadores-escadas-portateis\\\/elevador-de-escadas-alber-scalamobil-s35-s38\"]}]},{\"@type\":\"ImageObject\",\"inLanguage\":\"pt-PT\",\"@id\":\"https:\\\/\\\/www.maisquecuidar.com\\\/loja\\\/mais-mobilidade\\\/elevadores-escadas\\\/elevadores-escadas-portateis\\\/elevador-de-escadas-alber-scalamobil-s35-s38#primaryimage\",\"url\":\"https:\\\/\\\/img.maisquecuidar.com\\\/loja\\\/wp-content\\\/uploads\\\/2022\\\/10\\\/scalamobil-s38.png\",\"contentUrl\":\"https:\\\/\\\/img.maisquecuidar.com\\\/loja\\\/wp-content\\\/uploads\\\/2022\\\/10\\\/scalamobil-s38.png\",\"width\":1280,\"height\":800,\"caption\":\"Elevador de escadas port\u00e1til Scalamobil S38\"},{\"@type\":\"BreadcrumbList\",\"@id\":\"https:\\\/\\\/www.maisquecuidar.com\\\/loja\\\/mais-mobilidade\\\/elevadores-escadas\\\/elevadores-escadas-portateis\\\/elevador-de-escadas-alber-scalamobil-s35-s38#breadcrumb\",\"itemListElement\":[{\"@type\":\"ListItem\",\"position\":1,\"name\":\"Home\",\"item\":\"https:\\\/\\\/www.maisquecuidar.com\\\/loja\\\/\"},{\"@type\":\"ListItem\",\"position\":2,\"name\":\"Loja Online de Ortopedia e Geriatria em Portugal\",\"item\":\"https:\\\/\\\/www.maisquecuidar.com\\\/loja\\\/loja\"},{\"@type\":\"ListItem\",\"position\":3,\"name\":\"Mais Mobilidade\",\"item\":\"https:\\\/\\\/www.maisquecuidar.com\\\/loja\\\/mais-mobilidade\"},{\"@type\":\"ListItem\",\"position\":4,\"name\":\"Elevadores de Escadas\",\"item\":\"https:\\\/\\\/www.maisquecuidar.com\\\/loja\\\/mais-mobilidade\\\/elevadores-escadas\"},{\"@type\":\"ListItem\",\"position\":5,\"name\":\"Elevadores de Escadas Port\u00e1teis\",\"item\":\"https:\\\/\\\/www.maisquecuidar.com\\\/loja\\\/mais-mobilidade\\\/elevadores-escadas\\\/elevadores-escadas-portateis\"},{\"@type\":\"ListItem\",\"position\":6,\"name\":\"Elevador de Escadas Port\u00e1til Alber Scalamobil S35\\\/S38 Invacare\"}]},{\"@type\":\"WebSite\",\"@id\":\"https:\\\/\\\/www.maisquecuidar.com\\\/loja\\\/#website\",\"url\":\"https:\\\/\\\/www.maisquecuidar.com\\\/loja\\\/\",\"name\":\"Mais que Cuidar\",\"description\":\"Sa\u00fade, Ortopedia e Geriatria\",\"publisher\":{\"@id\":\"https:\\\/\\\/www.maisquecuidar.com\\\/loja\\\/#organization\"},\"potentialAction\":[{\"@type\":\"SearchAction\",\"target\":{\"@type\":\"EntryPoint\",\"urlTemplate\":\"https:\\\/\\\/www.maisquecuidar.com\\\/loja\\\/?s={search_term_string}\"},\"query-input\":{\"@type\":\"PropertyValueSpecification\",\"valueRequired\":true,\"valueName\":\"search_term_string\"}}],\"inLanguage\":\"pt-PT\"},{\"@type\":\"Organization\",\"@id\":\"https:\\\/\\\/www.maisquecuidar.com\\\/loja\\\/#organization\",\"name\":\"Mais Que Cuidar\",\"url\":\"https:\\\/\\\/www.maisquecuidar.com\\\/loja\\\/\",\"logo\":{\"@type\":\"ImageObject\",\"inLanguage\":\"pt-PT\",\"@id\":\"https:\\\/\\\/www.maisquecuidar.com\\\/loja\\\/#\\\/schema\\\/logo\\\/image\\\/\",\"url\":\"https:\\\/\\\/img.maisquecuidar.com\\\/loja\\\/wp-content\\\/uploads\\\/2019\\\/08\\\/logo-mais-que-cuidar-retina.png\",\"contentUrl\":\"https:\\\/\\\/img.maisquecuidar.com\\\/loja\\\/wp-content\\\/uploads\\\/2019\\\/08\\\/logo-mais-que-cuidar-retina.png\",\"width\":565,\"height\":75,\"caption\":\"Mais Que Cuidar\"},\"image\":{\"@id\":\"https:\\\/\\\/www.maisquecuidar.com\\\/loja\\\/#\\\/schema\\\/logo\\\/image\\\/\"},\"sameAs\":[\"https:\\\/\\\/www.facebook.com\\\/maisquecuidar.pt\",\"https:\\\/\\\/www.instagram.com\\\/maisquecuidar\"]}]}<\/script>\n<!-- \/ Yoast SEO plugin. -->","yoast_head_json":{"title":"Elevador de Escadas Port\u00e1til Alber Scalamobil S35\/S38 Invacare","description":"Elevador de escadas port\u00e1til Alber Scalamobil S35\/S38 para ultrapassar com seguran\u00e7a e sem esfor\u00e7o todo o tipo de escadas em espiral ou em linha reta.","robots":{"index":"index","follow":"follow","max-snippet":"max-snippet:-1","max-image-preview":"max-image-preview:large","max-video-preview":"max-video-preview:-1"},"canonical":"https:\/\/www.maisquecuidar.com\/loja\/mais-mobilidade\/elevadores-escadas\/elevadores-escadas-portateis\/elevador-de-escadas-alber-scalamobil-s35-s38","og_locale":"pt_PT","og_type":"article","og_title":"Elevador de Escadas Port\u00e1til Alber Scalamobil S35\/S38 Invacare","og_description":"Elevador de escadas port\u00e1til Alber Scalamobil S35\/S38 para ultrapassar com seguran\u00e7a e sem esfor\u00e7o todo o tipo de escadas em espiral ou em linha reta.","og_url":"https:\/\/www.maisquecuidar.com\/loja\/mais-mobilidade\/elevadores-escadas\/elevadores-escadas-portateis\/elevador-de-escadas-alber-scalamobil-s35-s38","og_site_name":"Mais que Cuidar","article_publisher":"https:\/\/www.facebook.com\/maisquecuidar.pt","article_modified_time":"2026-04-02T16:02:16+00:00","og_image":[{"width":1280,"height":800,"url":"https:\/\/img.maisquecuidar.com\/loja\/wp-content\/uploads\/2022\/10\/scalamobil-s38.png","type":"image\/png"}],"twitter_misc":{"Tempo estimado de leitura":"4 minutos"},"schema":{"@context":"https:\/\/schema.org","@graph":[{"@type":"WebPage","@id":"https:\/\/www.maisquecuidar.com\/loja\/mais-mobilidade\/elevadores-escadas\/elevadores-escadas-portateis\/elevador-de-escadas-alber-scalamobil-s35-s38","url":"https:\/\/www.maisquecuidar.com\/loja\/mais-mobilidade\/elevadores-escadas\/elevadores-escadas-portateis\/elevador-de-escadas-alber-scalamobil-s35-s38","name":"Elevador de Escadas Port\u00e1til Alber Scalamobil S35\/S38 Invacare","isPartOf":{"@id":"https:\/\/www.maisquecuidar.com\/loja\/#website"},"primaryImageOfPage":{"@id":"https:\/\/www.maisquecuidar.com\/loja\/mais-mobilidade\/elevadores-escadas\/elevadores-escadas-portateis\/elevador-de-escadas-alber-scalamobil-s35-s38#primaryimage"},"image":{"@id":"https:\/\/www.maisquecuidar.com\/loja\/mais-mobilidade\/elevadores-escadas\/elevadores-escadas-portateis\/elevador-de-escadas-alber-scalamobil-s35-s38#primaryimage"},"thumbnailUrl":"https:\/\/img.maisquecuidar.com\/loja\/wp-content\/uploads\/2022\/10\/scalamobil-s38.png","datePublished":"2022-10-27T09:57:55+00:00","dateModified":"2026-04-02T16:02:16+00:00","description":"Elevador de escadas port\u00e1til Alber Scalamobil S35\/S38 para ultrapassar com seguran\u00e7a e sem esfor\u00e7o todo o tipo de escadas em espiral ou em linha reta.","breadcrumb":{"@id":"https:\/\/www.maisquecuidar.com\/loja\/mais-mobilidade\/elevadores-escadas\/elevadores-escadas-portateis\/elevador-de-escadas-alber-scalamobil-s35-s38#breadcrumb"},"inLanguage":"pt-PT","potentialAction":[{"@type":"ReadAction","target":["https:\/\/www.maisquecuidar.com\/loja\/mais-mobilidade\/elevadores-escadas\/elevadores-escadas-portateis\/elevador-de-escadas-alber-scalamobil-s35-s38"]}]},{"@type":"ImageObject","inLanguage":"pt-PT","@id":"https:\/\/www.maisquecuidar.com\/loja\/mais-mobilidade\/elevadores-escadas\/elevadores-escadas-portateis\/elevador-de-escadas-alber-scalamobil-s35-s38#primaryimage","url":"https:\/\/img.maisquecuidar.com\/loja\/wp-content\/uploads\/2022\/10\/scalamobil-s38.png","contentUrl":"https:\/\/img.maisquecuidar.com\/loja\/wp-content\/uploads\/2022\/10\/scalamobil-s38.png","width":1280,"height":800,"caption":"Elevador de escadas port\u00e1til Scalamobil S38"},{"@type":"BreadcrumbList","@id":"https:\/\/www.maisquecuidar.com\/loja\/mais-mobilidade\/elevadores-escadas\/elevadores-escadas-portateis\/elevador-de-escadas-alber-scalamobil-s35-s38#breadcrumb","itemListElement":[{"@type":"ListItem","position":1,"name":"Home","item":"https:\/\/www.maisquecuidar.com\/loja\/"},{"@type":"ListItem","position":2,"name":"Loja Online de Ortopedia e Geriatria em Portugal","item":"https:\/\/www.maisquecuidar.com\/loja\/loja"},{"@type":"ListItem","position":3,"name":"Mais Mobilidade","item":"https:\/\/www.maisquecuidar.com\/loja\/mais-mobilidade"},{"@type":"ListItem","position":4,"name":"Elevadores de Escadas","item":"https:\/\/www.maisquecuidar.com\/loja\/mais-mobilidade\/elevadores-escadas"},{"@type":"ListItem","position":5,"name":"Elevadores de Escadas Port\u00e1teis","item":"https:\/\/www.maisquecuidar.com\/loja\/mais-mobilidade\/elevadores-escadas\/elevadores-escadas-portateis"},{"@type":"ListItem","position":6,"name":"Elevador de Escadas Port\u00e1til Alber Scalamobil S35\/S38 Invacare"}]},{"@type":"WebSite","@id":"https:\/\/www.maisquecuidar.com\/loja\/#website","url":"https:\/\/www.maisquecuidar.com\/loja\/","name":"Mais que Cuidar","description":"Sa\u00fade, Ortopedia e Geriatria","publisher":{"@id":"https:\/\/www.maisquecuidar.com\/loja\/#organization"},"potentialAction":[{"@type":"SearchAction","target":{"@type":"EntryPoint","urlTemplate":"https:\/\/www.maisquecuidar.com\/loja\/?s={search_term_string}"},"query-input":{"@type":"PropertyValueSpecification","valueRequired":true,"valueName":"search_term_string"}}],"inLanguage":"pt-PT"},{"@type":"Organization","@id":"https:\/\/www.maisquecuidar.com\/loja\/#organization","name":"Mais Que Cuidar","url":"https:\/\/www.maisquecuidar.com\/loja\/","logo":{"@type":"ImageObject","inLanguage":"pt-PT","@id":"https:\/\/www.maisquecuidar.com\/loja\/#\/schema\/logo\/image\/","url":"https:\/\/img.maisquecuidar.com\/loja\/wp-content\/uploads\/2019\/08\/logo-mais-que-cuidar-retina.png","contentUrl":"https:\/\/img.maisquecuidar.com\/loja\/wp-content\/uploads\/2019\/08\/logo-mais-que-cuidar-retina.png","width":565,"height":75,"caption":"Mais Que Cuidar"},"image":{"@id":"https:\/\/www.maisquecuidar.com\/loja\/#\/schema\/logo\/image\/"},"sameAs":["https:\/\/www.facebook.com\/maisquecuidar.pt","https:\/\/www.instagram.com\/maisquecuidar"]}]}},"_links":{"self":[{"href":"https:\/\/www.maisquecuidar.com\/loja\/wp-json\/wp\/v2\/product\/16629","targetHints":{"allow":["GET"]}}],"collection":[{"href":"https:\/\/www.maisquecuidar.com\/loja\/wp-json\/wp\/v2\/product"}],"about":[{"href":"https:\/\/www.maisquecuidar.com\/loja\/wp-json\/wp\/v2\/types\/product"}],"wp:featuredmedia":[{"embeddable":true,"href":"https:\/\/www.maisquecuidar.com\/loja\/wp-json\/wp\/v2\/media\/16632"}],"wp:attachment":[{"href":"https:\/\/www.maisquecuidar.com\/loja\/wp-json\/wp\/v2\/media?parent=16629"}],"wp:term":[{"taxonomy":"product_brand","embeddable":true,"href":"https:\/\/www.maisquecuidar.com\/loja\/wp-json\/wp\/v2\/product_brand?post=16629"},{"taxonomy":"product_cat","embeddable":true,"href":"https:\/\/www.maisquecuidar.com\/loja\/wp-json\/wp\/v2\/product_cat?post=16629"},{"taxonomy":"product_tag","embeddable":true,"href":"https:\/\/www.maisquecuidar.com\/loja\/wp-json\/wp\/v2\/product_tag?post=16629"}],"curies":[{"name":"wp","href":"https:\/\/api.w.org\/{rel}","templated":true}]}}