{"id":16441,"date":"2022-10-19T17:00:57","date_gmt":"2022-10-19T16:00:57","guid":{"rendered":"https:\/\/www.maisquecuidar.com\/loja\/?post_type=product&#038;p=16441"},"modified":"2025-09-15T20:13:25","modified_gmt":"2025-09-15T19:13:25","slug":"plataforma-elevatoria-para-escadas-retas-ou-curvas","status":"publish","type":"product","link":"https:\/\/www.maisquecuidar.com\/loja\/mais-mobilidade\/elevadores-escadas\/plataformas-elevatorias-escadas\/plataforma-elevatoria-para-escadas-retas-ou-curvas","title":{"rendered":"Plataforma Elevat\u00f3ria para Escadas Retas ou Curvas"},"content":{"rendered":"<p><strong>Plataforma Elevat\u00f3ria para Escadas Retas ou Curvas<\/strong><\/p>\n<p>As plataformas elevat\u00f3rias s\u00e3o muito similares aos elevadores de escadas, no entanto, distinguem-se por possibilitarem o transporte de pessoas em cadeira de rodas, atrav\u00e9s de uma estrutura nivelada e segura, uma esp\u00e9cie de tapete voador que auxiliar o movimento de subir e descer as escadas, sem dificuldades.<\/p>\n<p>Por serem fabricadas sobre os mais altos padr\u00f5es de seguran\u00e7a e qualidade, <strong>a sua instala\u00e7\u00e3o pode ser feita em espa\u00e7os interiores ou exteriores, residenciais ou comerciais<\/strong>. Destacam-se por serem compactas e, por isso, s\u00e3o uma solu\u00e7\u00e3o que se adapta \u00e0 maioria dos espa\u00e7os e, quando n\u00e3o est\u00e3o em uso, recolhem totalmente, deixando as escadas livres e transit\u00e1veis a todos.<\/p>\n<p>Anteriormente desenhadas para o transporte exclusivo de pessoas em cadeira de rodas, <strong>s\u00e3o hoje apreciadas por muitos por serem uma solu\u00e7\u00e3o multiusos.<\/strong> Podem incluir um assento espa\u00e7oso e confort\u00e1vel e, por isso,<strong> podem ser usadas por qualquer utilizador que necessite<\/strong> &#8211; pessoas que, por doen\u00e7a ou idade, est\u00e3o privados da sua mobilidade, pessoas que n\u00e3o podem ou n\u00e3o querem transportar pesos pelas escadas, gr\u00e1vidas que necessitem de ajuda para subir e descer escadas.<\/p>\n<p><strong>S\u00e3o muito simples e seguras de usar.<\/strong> Incluem barras de seguran\u00e7a autom\u00e1ticas, sensores de obstru\u00e7\u00e3o e ch\u00e3o anti-deslizante e basta pressionar a dire\u00e7\u00e3o pretendida e a plataforma mover-se-\u00e1 nesse sentido.<\/p>\n<p><strong>Est\u00e3o dispon\u00edveis em diversos tamanhos e detalhes de acabamento<\/strong> para responder eficazmente aos mais diferentes desafios de acessibilidade e para perfeita integra\u00e7\u00e3o com o espa\u00e7o envolvente.<\/p>\n<p>Solicite um or\u00e7amento gratuito pela nossa linha de apoio ao cliente 210 819 755.<\/p>\n","protected":false},"excerpt":{"rendered":"<p>Facilita o transporte de pessoas com mobilidade reduzida ou em cadeira de rodas.<\/p>\n","protected":false},"featured_media":16442,"template":"","meta":{"_acf_changed":false,"neve_meta_sidebar":"","neve_meta_container":"","neve_meta_enable_content_width":"","neve_meta_content_width":0,"neve_meta_title_alignment":"","neve_meta_author_avatar":"","neve_post_elements_order":"","neve_meta_disable_header":"","neve_meta_disable_footer":"","neve_meta_disable_title":""},"product_brand":[],"product_cat":[756,759],"product_tag":[],"class_list":{"0":"post-16441","1":"product","2":"type-product","3":"status-publish","4":"has-post-thumbnail","6":"product_cat-plataformas-elevatorias-escadas","7":"product_cat-produtos-em-promocao","9":"first","10":"onbackorder","11":"taxable","12":"shipping-taxable","13":"product-type-simple"},"acf":[],"yoast_head":"<!-- This site is optimized with the Yoast SEO plugin v27.5 - https:\/\/yoast.com\/product\/yoast-seo-wordpress\/ -->\n<title>Plataforma Elevat\u00f3ria para Escadas Retas ou Curvas<\/title>\n<meta name=\"description\" content=\"A plataforma elevat\u00f3ria para escadas retas ou curvas facilita o transporte de pessoas com mobilidade reduzida ou em cadeira de rodas. Solicite or\u00e7amento!\" \/>\n<meta name=\"robots\" content=\"index, follow, max-snippet:-1, max-image-preview:large, max-video-preview:-1\" \/>\n<link rel=\"canonical\" href=\"https:\/\/www.maisquecuidar.com\/loja\/mais-mobilidade\/elevadores-escadas\/plataformas-elevatorias-escadas\/plataforma-elevatoria-para-escadas-retas-ou-curvas\" \/>\n<meta property=\"og:locale\" content=\"pt_PT\" \/>\n<meta property=\"og:type\" content=\"article\" \/>\n<meta property=\"og:title\" content=\"Plataforma Elevat\u00f3ria para Escadas Retas ou Curvas\" \/>\n<meta property=\"og:description\" content=\"A plataforma elevat\u00f3ria para escadas retas ou curvas facilita o transporte de pessoas com mobilidade reduzida ou em cadeira de rodas. Solicite or\u00e7amento!\" \/>\n<meta property=\"og:url\" content=\"https:\/\/www.maisquecuidar.com\/loja\/mais-mobilidade\/elevadores-escadas\/plataformas-elevatorias-escadas\/plataforma-elevatoria-para-escadas-retas-ou-curvas\" \/>\n<meta property=\"og:site_name\" content=\"Mais que Cuidar\" \/>\n<meta property=\"article:publisher\" content=\"https:\/\/www.facebook.com\/maisquecuidar.pt\" \/>\n<meta property=\"article:modified_time\" content=\"2025-09-15T19:13:25+00:00\" \/>\n<meta property=\"og:image\" content=\"https:\/\/img.maisquecuidar.com\/loja\/wp-content\/uploads\/2022\/10\/plataforma-elevatoria-escadas.jpg\" \/>\n\t<meta property=\"og:image:width\" content=\"1280\" \/>\n\t<meta property=\"og:image:height\" content=\"800\" \/>\n\t<meta property=\"og:image:type\" content=\"image\/jpeg\" \/>\n<meta name=\"twitter:label1\" content=\"Tempo estimado de leitura\" \/>\n\t<meta name=\"twitter:data1\" content=\"2 minutos\" \/>\n<script type=\"application\/ld+json\" class=\"yoast-schema-graph\">{\"@context\":\"https:\\\/\\\/schema.org\",\"@graph\":[{\"@type\":\"WebPage\",\"@id\":\"https:\\\/\\\/www.maisquecuidar.com\\\/loja\\\/mais-mobilidade\\\/elevadores-escadas\\\/plataformas-elevatorias-escadas\\\/plataforma-elevatoria-para-escadas-retas-ou-curvas\",\"url\":\"https:\\\/\\\/www.maisquecuidar.com\\\/loja\\\/mais-mobilidade\\\/elevadores-escadas\\\/plataformas-elevatorias-escadas\\\/plataforma-elevatoria-para-escadas-retas-ou-curvas\",\"name\":\"Plataforma Elevat\u00f3ria para Escadas Retas ou Curvas\",\"isPartOf\":{\"@id\":\"https:\\\/\\\/www.maisquecuidar.com\\\/loja\\\/#website\"},\"primaryImageOfPage\":{\"@id\":\"https:\\\/\\\/www.maisquecuidar.com\\\/loja\\\/mais-mobilidade\\\/elevadores-escadas\\\/plataformas-elevatorias-escadas\\\/plataforma-elevatoria-para-escadas-retas-ou-curvas#primaryimage\"},\"image\":{\"@id\":\"https:\\\/\\\/www.maisquecuidar.com\\\/loja\\\/mais-mobilidade\\\/elevadores-escadas\\\/plataformas-elevatorias-escadas\\\/plataforma-elevatoria-para-escadas-retas-ou-curvas#primaryimage\"},\"thumbnailUrl\":\"https:\\\/\\\/img.maisquecuidar.com\\\/loja\\\/wp-content\\\/uploads\\\/2022\\\/10\\\/plataforma-elevatoria-escadas.jpg\",\"datePublished\":\"2022-10-19T16:00:57+00:00\",\"dateModified\":\"2025-09-15T19:13:25+00:00\",\"description\":\"A plataforma elevat\u00f3ria para escadas retas ou curvas facilita o transporte de pessoas com mobilidade reduzida ou em cadeira de rodas. Solicite or\u00e7amento!\",\"breadcrumb\":{\"@id\":\"https:\\\/\\\/www.maisquecuidar.com\\\/loja\\\/mais-mobilidade\\\/elevadores-escadas\\\/plataformas-elevatorias-escadas\\\/plataforma-elevatoria-para-escadas-retas-ou-curvas#breadcrumb\"},\"inLanguage\":\"pt-PT\",\"potentialAction\":[{\"@type\":\"ReadAction\",\"target\":[\"https:\\\/\\\/www.maisquecuidar.com\\\/loja\\\/mais-mobilidade\\\/elevadores-escadas\\\/plataformas-elevatorias-escadas\\\/plataforma-elevatoria-para-escadas-retas-ou-curvas\"]}]},{\"@type\":\"ImageObject\",\"inLanguage\":\"pt-PT\",\"@id\":\"https:\\\/\\\/www.maisquecuidar.com\\\/loja\\\/mais-mobilidade\\\/elevadores-escadas\\\/plataformas-elevatorias-escadas\\\/plataforma-elevatoria-para-escadas-retas-ou-curvas#primaryimage\",\"url\":\"https:\\\/\\\/img.maisquecuidar.com\\\/loja\\\/wp-content\\\/uploads\\\/2022\\\/10\\\/plataforma-elevatoria-escadas.jpg\",\"contentUrl\":\"https:\\\/\\\/img.maisquecuidar.com\\\/loja\\\/wp-content\\\/uploads\\\/2022\\\/10\\\/plataforma-elevatoria-escadas.jpg\",\"width\":1280,\"height\":800,\"caption\":\"Plataforma elevat\u00f3ria de escadas curvas ou retas\"},{\"@type\":\"BreadcrumbList\",\"@id\":\"https:\\\/\\\/www.maisquecuidar.com\\\/loja\\\/mais-mobilidade\\\/elevadores-escadas\\\/plataformas-elevatorias-escadas\\\/plataforma-elevatoria-para-escadas-retas-ou-curvas#breadcrumb\",\"itemListElement\":[{\"@type\":\"ListItem\",\"position\":1,\"name\":\"Home\",\"item\":\"https:\\\/\\\/www.maisquecuidar.com\\\/loja\\\/\"},{\"@type\":\"ListItem\",\"position\":2,\"name\":\"Loja Online de Ortopedia e Geriatria em Portugal\",\"item\":\"https:\\\/\\\/www.maisquecuidar.com\\\/loja\\\/loja\"},{\"@type\":\"ListItem\",\"position\":3,\"name\":\"Mais Mobilidade\",\"item\":\"https:\\\/\\\/www.maisquecuidar.com\\\/loja\\\/mais-mobilidade\"},{\"@type\":\"ListItem\",\"position\":4,\"name\":\"Elevadores de Escadas\",\"item\":\"https:\\\/\\\/www.maisquecuidar.com\\\/loja\\\/mais-mobilidade\\\/elevadores-escadas\"},{\"@type\":\"ListItem\",\"position\":5,\"name\":\"Plataformas Elevat\u00f3rias para Escadas Retas ou Curvas\",\"item\":\"https:\\\/\\\/www.maisquecuidar.com\\\/loja\\\/mais-mobilidade\\\/elevadores-escadas\\\/plataformas-elevatorias-escadas\"},{\"@type\":\"ListItem\",\"position\":6,\"name\":\"Plataforma Elevat\u00f3ria para Escadas Retas ou Curvas\"}]},{\"@type\":\"WebSite\",\"@id\":\"https:\\\/\\\/www.maisquecuidar.com\\\/loja\\\/#website\",\"url\":\"https:\\\/\\\/www.maisquecuidar.com\\\/loja\\\/\",\"name\":\"Mais que Cuidar\",\"description\":\"Sa\u00fade, Ortopedia e Geriatria\",\"publisher\":{\"@id\":\"https:\\\/\\\/www.maisquecuidar.com\\\/loja\\\/#organization\"},\"potentialAction\":[{\"@type\":\"SearchAction\",\"target\":{\"@type\":\"EntryPoint\",\"urlTemplate\":\"https:\\\/\\\/www.maisquecuidar.com\\\/loja\\\/?s={search_term_string}\"},\"query-input\":{\"@type\":\"PropertyValueSpecification\",\"valueRequired\":true,\"valueName\":\"search_term_string\"}}],\"inLanguage\":\"pt-PT\"},{\"@type\":\"Organization\",\"@id\":\"https:\\\/\\\/www.maisquecuidar.com\\\/loja\\\/#organization\",\"name\":\"Mais Que Cuidar\",\"url\":\"https:\\\/\\\/www.maisquecuidar.com\\\/loja\\\/\",\"logo\":{\"@type\":\"ImageObject\",\"inLanguage\":\"pt-PT\",\"@id\":\"https:\\\/\\\/www.maisquecuidar.com\\\/loja\\\/#\\\/schema\\\/logo\\\/image\\\/\",\"url\":\"https:\\\/\\\/img.maisquecuidar.com\\\/loja\\\/wp-content\\\/uploads\\\/2019\\\/08\\\/logo-mais-que-cuidar-retina.png\",\"contentUrl\":\"https:\\\/\\\/img.maisquecuidar.com\\\/loja\\\/wp-content\\\/uploads\\\/2019\\\/08\\\/logo-mais-que-cuidar-retina.png\",\"width\":565,\"height\":75,\"caption\":\"Mais Que Cuidar\"},\"image\":{\"@id\":\"https:\\\/\\\/www.maisquecuidar.com\\\/loja\\\/#\\\/schema\\\/logo\\\/image\\\/\"},\"sameAs\":[\"https:\\\/\\\/www.facebook.com\\\/maisquecuidar.pt\",\"https:\\\/\\\/www.instagram.com\\\/maisquecuidar\"]}]}<\/script>\n<!-- \/ Yoast SEO plugin. -->","yoast_head_json":{"title":"Plataforma Elevat\u00f3ria para Escadas Retas ou Curvas","description":"A plataforma elevat\u00f3ria para escadas retas ou curvas facilita o transporte de pessoas com mobilidade reduzida ou em cadeira de rodas. Solicite or\u00e7amento!","robots":{"index":"index","follow":"follow","max-snippet":"max-snippet:-1","max-image-preview":"max-image-preview:large","max-video-preview":"max-video-preview:-1"},"canonical":"https:\/\/www.maisquecuidar.com\/loja\/mais-mobilidade\/elevadores-escadas\/plataformas-elevatorias-escadas\/plataforma-elevatoria-para-escadas-retas-ou-curvas","og_locale":"pt_PT","og_type":"article","og_title":"Plataforma Elevat\u00f3ria para Escadas Retas ou Curvas","og_description":"A plataforma elevat\u00f3ria para escadas retas ou curvas facilita o transporte de pessoas com mobilidade reduzida ou em cadeira de rodas. Solicite or\u00e7amento!","og_url":"https:\/\/www.maisquecuidar.com\/loja\/mais-mobilidade\/elevadores-escadas\/plataformas-elevatorias-escadas\/plataforma-elevatoria-para-escadas-retas-ou-curvas","og_site_name":"Mais que Cuidar","article_publisher":"https:\/\/www.facebook.com\/maisquecuidar.pt","article_modified_time":"2025-09-15T19:13:25+00:00","og_image":[{"width":1280,"height":800,"url":"https:\/\/img.maisquecuidar.com\/loja\/wp-content\/uploads\/2022\/10\/plataforma-elevatoria-escadas.jpg","type":"image\/jpeg"}],"twitter_misc":{"Tempo estimado de leitura":"2 minutos"},"schema":{"@context":"https:\/\/schema.org","@graph":[{"@type":"WebPage","@id":"https:\/\/www.maisquecuidar.com\/loja\/mais-mobilidade\/elevadores-escadas\/plataformas-elevatorias-escadas\/plataforma-elevatoria-para-escadas-retas-ou-curvas","url":"https:\/\/www.maisquecuidar.com\/loja\/mais-mobilidade\/elevadores-escadas\/plataformas-elevatorias-escadas\/plataforma-elevatoria-para-escadas-retas-ou-curvas","name":"Plataforma Elevat\u00f3ria para Escadas Retas ou Curvas","isPartOf":{"@id":"https:\/\/www.maisquecuidar.com\/loja\/#website"},"primaryImageOfPage":{"@id":"https:\/\/www.maisquecuidar.com\/loja\/mais-mobilidade\/elevadores-escadas\/plataformas-elevatorias-escadas\/plataforma-elevatoria-para-escadas-retas-ou-curvas#primaryimage"},"image":{"@id":"https:\/\/www.maisquecuidar.com\/loja\/mais-mobilidade\/elevadores-escadas\/plataformas-elevatorias-escadas\/plataforma-elevatoria-para-escadas-retas-ou-curvas#primaryimage"},"thumbnailUrl":"https:\/\/img.maisquecuidar.com\/loja\/wp-content\/uploads\/2022\/10\/plataforma-elevatoria-escadas.jpg","datePublished":"2022-10-19T16:00:57+00:00","dateModified":"2025-09-15T19:13:25+00:00","description":"A plataforma elevat\u00f3ria para escadas retas ou curvas facilita o transporte de pessoas com mobilidade reduzida ou em cadeira de rodas. Solicite or\u00e7amento!","breadcrumb":{"@id":"https:\/\/www.maisquecuidar.com\/loja\/mais-mobilidade\/elevadores-escadas\/plataformas-elevatorias-escadas\/plataforma-elevatoria-para-escadas-retas-ou-curvas#breadcrumb"},"inLanguage":"pt-PT","potentialAction":[{"@type":"ReadAction","target":["https:\/\/www.maisquecuidar.com\/loja\/mais-mobilidade\/elevadores-escadas\/plataformas-elevatorias-escadas\/plataforma-elevatoria-para-escadas-retas-ou-curvas"]}]},{"@type":"ImageObject","inLanguage":"pt-PT","@id":"https:\/\/www.maisquecuidar.com\/loja\/mais-mobilidade\/elevadores-escadas\/plataformas-elevatorias-escadas\/plataforma-elevatoria-para-escadas-retas-ou-curvas#primaryimage","url":"https:\/\/img.maisquecuidar.com\/loja\/wp-content\/uploads\/2022\/10\/plataforma-elevatoria-escadas.jpg","contentUrl":"https:\/\/img.maisquecuidar.com\/loja\/wp-content\/uploads\/2022\/10\/plataforma-elevatoria-escadas.jpg","width":1280,"height":800,"caption":"Plataforma elevat\u00f3ria de escadas curvas ou retas"},{"@type":"BreadcrumbList","@id":"https:\/\/www.maisquecuidar.com\/loja\/mais-mobilidade\/elevadores-escadas\/plataformas-elevatorias-escadas\/plataforma-elevatoria-para-escadas-retas-ou-curvas#breadcrumb","itemListElement":[{"@type":"ListItem","position":1,"name":"Home","item":"https:\/\/www.maisquecuidar.com\/loja\/"},{"@type":"ListItem","position":2,"name":"Loja Online de Ortopedia e Geriatria em Portugal","item":"https:\/\/www.maisquecuidar.com\/loja\/loja"},{"@type":"ListItem","position":3,"name":"Mais Mobilidade","item":"https:\/\/www.maisquecuidar.com\/loja\/mais-mobilidade"},{"@type":"ListItem","position":4,"name":"Elevadores de Escadas","item":"https:\/\/www.maisquecuidar.com\/loja\/mais-mobilidade\/elevadores-escadas"},{"@type":"ListItem","position":5,"name":"Plataformas Elevat\u00f3rias para Escadas Retas ou Curvas","item":"https:\/\/www.maisquecuidar.com\/loja\/mais-mobilidade\/elevadores-escadas\/plataformas-elevatorias-escadas"},{"@type":"ListItem","position":6,"name":"Plataforma Elevat\u00f3ria para Escadas Retas ou Curvas"}]},{"@type":"WebSite","@id":"https:\/\/www.maisquecuidar.com\/loja\/#website","url":"https:\/\/www.maisquecuidar.com\/loja\/","name":"Mais que Cuidar","description":"Sa\u00fade, Ortopedia e Geriatria","publisher":{"@id":"https:\/\/www.maisquecuidar.com\/loja\/#organization"},"potentialAction":[{"@type":"SearchAction","target":{"@type":"EntryPoint","urlTemplate":"https:\/\/www.maisquecuidar.com\/loja\/?s={search_term_string}"},"query-input":{"@type":"PropertyValueSpecification","valueRequired":true,"valueName":"search_term_string"}}],"inLanguage":"pt-PT"},{"@type":"Organization","@id":"https:\/\/www.maisquecuidar.com\/loja\/#organization","name":"Mais Que Cuidar","url":"https:\/\/www.maisquecuidar.com\/loja\/","logo":{"@type":"ImageObject","inLanguage":"pt-PT","@id":"https:\/\/www.maisquecuidar.com\/loja\/#\/schema\/logo\/image\/","url":"https:\/\/img.maisquecuidar.com\/loja\/wp-content\/uploads\/2019\/08\/logo-mais-que-cuidar-retina.png","contentUrl":"https:\/\/img.maisquecuidar.com\/loja\/wp-content\/uploads\/2019\/08\/logo-mais-que-cuidar-retina.png","width":565,"height":75,"caption":"Mais Que Cuidar"},"image":{"@id":"https:\/\/www.maisquecuidar.com\/loja\/#\/schema\/logo\/image\/"},"sameAs":["https:\/\/www.facebook.com\/maisquecuidar.pt","https:\/\/www.instagram.com\/maisquecuidar"]}]}},"_links":{"self":[{"href":"https:\/\/www.maisquecuidar.com\/loja\/wp-json\/wp\/v2\/product\/16441","targetHints":{"allow":["GET"]}}],"collection":[{"href":"https:\/\/www.maisquecuidar.com\/loja\/wp-json\/wp\/v2\/product"}],"about":[{"href":"https:\/\/www.maisquecuidar.com\/loja\/wp-json\/wp\/v2\/types\/product"}],"wp:featuredmedia":[{"embeddable":true,"href":"https:\/\/www.maisquecuidar.com\/loja\/wp-json\/wp\/v2\/media\/16442"}],"wp:attachment":[{"href":"https:\/\/www.maisquecuidar.com\/loja\/wp-json\/wp\/v2\/media?parent=16441"}],"wp:term":[{"taxonomy":"product_brand","embeddable":true,"href":"https:\/\/www.maisquecuidar.com\/loja\/wp-json\/wp\/v2\/product_brand?post=16441"},{"taxonomy":"product_cat","embeddable":true,"href":"https:\/\/www.maisquecuidar.com\/loja\/wp-json\/wp\/v2\/product_cat?post=16441"},{"taxonomy":"product_tag","embeddable":true,"href":"https:\/\/www.maisquecuidar.com\/loja\/wp-json\/wp\/v2\/product_tag?post=16441"}],"curies":[{"name":"wp","href":"https:\/\/api.w.org\/{rel}","templated":true}]}}