{"id":16438,"date":"2022-10-19T16:06:55","date_gmt":"2022-10-19T15:06:55","guid":{"rendered":"https:\/\/www.maisquecuidar.com\/loja\/?post_type=product&#038;p=16438"},"modified":"2025-09-15T20:13:25","modified_gmt":"2025-09-15T19:13:25","slug":"elevador-de-escadas-curvas","status":"publish","type":"product","link":"https:\/\/www.maisquecuidar.com\/loja\/mais-mobilidade\/elevadores-escadas\/elevadores-fixos-escadas\/elevador-de-escadas-curvas","title":{"rendered":"Elevador Fixo de Escadas Curvas"},"content":{"rendered":"<p><strong>Elevador de escadas curvas<br \/>\n<\/strong><\/p>\n<p>Uma cadeira elevador para escadas curvas, com patamares ou em caracol. Destaca-se pela qualidade que lhe confere d\u00e9cadas de vida. Seguro, confort\u00e1vel e muito simples de usar, oferece a m\u00e1xima confian\u00e7a e independ\u00eancia no dia a dia dos utilizadores com mobilidade reduzida.<\/p>\n<ul>\n<li>Muito est\u00e1vel e silencioso.<\/li>\n<li>Rebat\u00edvel, n\u00e3o obstrui a passagem.<\/li>\n<li>Produzido \u00e0 medida.<\/li>\n<li>M\u00e1xima seguran\u00e7a: disp\u00f5e de cinto retr\u00e1til e sensores de obstru\u00e7\u00e3o.<\/li>\n<li>F\u00e1cil e pr\u00e1tico de usar: controlado por joystick que com suaves movimentos direciona o trajeto da viagem.<\/li>\n<li>Ocupa pouco espa\u00e7o: uma vez instalado, rebatem totalmente para que qualquer pessoa possa usar as escadas sem impedimentos.<\/li>\n<\/ul>\n<p>&nbsp;<\/p>\n<p>Solicite um or\u00e7amento gratuito pela nossa linha de apoio ao cliente 210819755.<\/p>\n","protected":false},"excerpt":{"rendered":"<p>Elevador para escadas curvas para utilizadores com mobilidade reduzida<\/p>\n","protected":false},"featured_media":16439,"template":"","meta":{"_acf_changed":false,"neve_meta_sidebar":"","neve_meta_container":"","neve_meta_enable_content_width":"","neve_meta_content_width":0,"neve_meta_title_alignment":"","neve_meta_author_avatar":"","neve_post_elements_order":"","neve_meta_disable_header":"","neve_meta_disable_footer":"","neve_meta_disable_title":""},"product_brand":[],"product_cat":[755],"product_tag":[],"class_list":{"0":"post-16438","1":"product","2":"type-product","3":"status-publish","4":"has-post-thumbnail","6":"product_cat-elevadores-fixos-escadas","8":"first","9":"onbackorder","10":"taxable","11":"shipping-taxable","12":"product-type-simple"},"acf":[],"yoast_head":"<!-- This site is optimized with the Yoast SEO plugin v27.5 - https:\/\/yoast.com\/product\/yoast-seo-wordpress\/ -->\n<title>Elevador Fixo de Escadas Curvas - Mais que Cuidar<\/title>\n<meta name=\"description\" content=\"Cadeira elevador para escadas curvas com patamares ou em caracol. Seguro, muito simples de usar e confort\u00e1vel. Pe\u00e7a um or\u00e7amento gratuito!\" \/>\n<meta name=\"robots\" content=\"index, follow, max-snippet:-1, max-image-preview:large, max-video-preview:-1\" \/>\n<link rel=\"canonical\" href=\"https:\/\/www.maisquecuidar.com\/loja\/mais-mobilidade\/elevadores-escadas\/elevadores-fixos-escadas\/elevador-de-escadas-curvas\" \/>\n<meta property=\"og:locale\" content=\"pt_PT\" \/>\n<meta property=\"og:type\" content=\"article\" \/>\n<meta property=\"og:title\" content=\"Elevador Fixo de Escadas Curvas - Mais que Cuidar\" \/>\n<meta property=\"og:description\" content=\"Cadeira elevador para escadas curvas com patamares ou em caracol. Seguro, muito simples de usar e confort\u00e1vel. Pe\u00e7a um or\u00e7amento gratuito!\" \/>\n<meta property=\"og:url\" content=\"https:\/\/www.maisquecuidar.com\/loja\/mais-mobilidade\/elevadores-escadas\/elevadores-fixos-escadas\/elevador-de-escadas-curvas\" \/>\n<meta property=\"og:site_name\" content=\"Mais que Cuidar\" \/>\n<meta property=\"article:publisher\" content=\"https:\/\/www.facebook.com\/maisquecuidar.pt\" \/>\n<meta property=\"article:modified_time\" content=\"2025-09-15T19:13:25+00:00\" \/>\n<meta property=\"og:image\" content=\"https:\/\/img.maisquecuidar.com\/loja\/wp-content\/uploads\/2022\/10\/elevador-escadas-curvas.jpg\" \/>\n\t<meta property=\"og:image:width\" content=\"1280\" \/>\n\t<meta property=\"og:image:height\" content=\"800\" \/>\n\t<meta property=\"og:image:type\" content=\"image\/jpeg\" \/>\n<meta name=\"twitter:label1\" content=\"Tempo estimado de leitura\" \/>\n\t<meta name=\"twitter:data1\" content=\"1 minuto\" \/>\n<script type=\"application\/ld+json\" class=\"yoast-schema-graph\">{\"@context\":\"https:\\\/\\\/schema.org\",\"@graph\":[{\"@type\":\"WebPage\",\"@id\":\"https:\\\/\\\/www.maisquecuidar.com\\\/loja\\\/mais-mobilidade\\\/elevadores-escadas\\\/elevadores-fixos-escadas\\\/elevador-de-escadas-curvas\",\"url\":\"https:\\\/\\\/www.maisquecuidar.com\\\/loja\\\/mais-mobilidade\\\/elevadores-escadas\\\/elevadores-fixos-escadas\\\/elevador-de-escadas-curvas\",\"name\":\"Elevador Fixo de Escadas Curvas - Mais que Cuidar\",\"isPartOf\":{\"@id\":\"https:\\\/\\\/www.maisquecuidar.com\\\/loja\\\/#website\"},\"primaryImageOfPage\":{\"@id\":\"https:\\\/\\\/www.maisquecuidar.com\\\/loja\\\/mais-mobilidade\\\/elevadores-escadas\\\/elevadores-fixos-escadas\\\/elevador-de-escadas-curvas#primaryimage\"},\"image\":{\"@id\":\"https:\\\/\\\/www.maisquecuidar.com\\\/loja\\\/mais-mobilidade\\\/elevadores-escadas\\\/elevadores-fixos-escadas\\\/elevador-de-escadas-curvas#primaryimage\"},\"thumbnailUrl\":\"https:\\\/\\\/img.maisquecuidar.com\\\/loja\\\/wp-content\\\/uploads\\\/2022\\\/10\\\/elevador-escadas-curvas.jpg\",\"datePublished\":\"2022-10-19T15:06:55+00:00\",\"dateModified\":\"2025-09-15T19:13:25+00:00\",\"description\":\"Cadeira elevador para escadas curvas com patamares ou em caracol. Seguro, muito simples de usar e confort\u00e1vel. Pe\u00e7a um or\u00e7amento gratuito!\",\"breadcrumb\":{\"@id\":\"https:\\\/\\\/www.maisquecuidar.com\\\/loja\\\/mais-mobilidade\\\/elevadores-escadas\\\/elevadores-fixos-escadas\\\/elevador-de-escadas-curvas#breadcrumb\"},\"inLanguage\":\"pt-PT\",\"potentialAction\":[{\"@type\":\"ReadAction\",\"target\":[\"https:\\\/\\\/www.maisquecuidar.com\\\/loja\\\/mais-mobilidade\\\/elevadores-escadas\\\/elevadores-fixos-escadas\\\/elevador-de-escadas-curvas\"]}]},{\"@type\":\"ImageObject\",\"inLanguage\":\"pt-PT\",\"@id\":\"https:\\\/\\\/www.maisquecuidar.com\\\/loja\\\/mais-mobilidade\\\/elevadores-escadas\\\/elevadores-fixos-escadas\\\/elevador-de-escadas-curvas#primaryimage\",\"url\":\"https:\\\/\\\/img.maisquecuidar.com\\\/loja\\\/wp-content\\\/uploads\\\/2022\\\/10\\\/elevador-escadas-curvas.jpg\",\"contentUrl\":\"https:\\\/\\\/img.maisquecuidar.com\\\/loja\\\/wp-content\\\/uploads\\\/2022\\\/10\\\/elevador-escadas-curvas.jpg\",\"width\":1280,\"height\":800,\"caption\":\"Elevador fixo para escadas curvas para idosos com mobilidade reduzida.\"},{\"@type\":\"BreadcrumbList\",\"@id\":\"https:\\\/\\\/www.maisquecuidar.com\\\/loja\\\/mais-mobilidade\\\/elevadores-escadas\\\/elevadores-fixos-escadas\\\/elevador-de-escadas-curvas#breadcrumb\",\"itemListElement\":[{\"@type\":\"ListItem\",\"position\":1,\"name\":\"Home\",\"item\":\"https:\\\/\\\/www.maisquecuidar.com\\\/loja\\\/\"},{\"@type\":\"ListItem\",\"position\":2,\"name\":\"Loja Online de Ortopedia e Geriatria em Portugal\",\"item\":\"https:\\\/\\\/www.maisquecuidar.com\\\/loja\\\/loja\"},{\"@type\":\"ListItem\",\"position\":3,\"name\":\"Mais Mobilidade\",\"item\":\"https:\\\/\\\/www.maisquecuidar.com\\\/loja\\\/mais-mobilidade\"},{\"@type\":\"ListItem\",\"position\":4,\"name\":\"Elevadores de Escadas\",\"item\":\"https:\\\/\\\/www.maisquecuidar.com\\\/loja\\\/mais-mobilidade\\\/elevadores-escadas\"},{\"@type\":\"ListItem\",\"position\":5,\"name\":\"Elevadores Fixos de Escadas Interiores e Exteriores\",\"item\":\"https:\\\/\\\/www.maisquecuidar.com\\\/loja\\\/mais-mobilidade\\\/elevadores-escadas\\\/elevadores-fixos-escadas\"},{\"@type\":\"ListItem\",\"position\":6,\"name\":\"Elevador Fixo de Escadas Curvas\"}]},{\"@type\":\"WebSite\",\"@id\":\"https:\\\/\\\/www.maisquecuidar.com\\\/loja\\\/#website\",\"url\":\"https:\\\/\\\/www.maisquecuidar.com\\\/loja\\\/\",\"name\":\"Mais que Cuidar\",\"description\":\"Sa\u00fade, Ortopedia e Geriatria\",\"publisher\":{\"@id\":\"https:\\\/\\\/www.maisquecuidar.com\\\/loja\\\/#organization\"},\"potentialAction\":[{\"@type\":\"SearchAction\",\"target\":{\"@type\":\"EntryPoint\",\"urlTemplate\":\"https:\\\/\\\/www.maisquecuidar.com\\\/loja\\\/?s={search_term_string}\"},\"query-input\":{\"@type\":\"PropertyValueSpecification\",\"valueRequired\":true,\"valueName\":\"search_term_string\"}}],\"inLanguage\":\"pt-PT\"},{\"@type\":\"Organization\",\"@id\":\"https:\\\/\\\/www.maisquecuidar.com\\\/loja\\\/#organization\",\"name\":\"Mais Que Cuidar\",\"url\":\"https:\\\/\\\/www.maisquecuidar.com\\\/loja\\\/\",\"logo\":{\"@type\":\"ImageObject\",\"inLanguage\":\"pt-PT\",\"@id\":\"https:\\\/\\\/www.maisquecuidar.com\\\/loja\\\/#\\\/schema\\\/logo\\\/image\\\/\",\"url\":\"https:\\\/\\\/img.maisquecuidar.com\\\/loja\\\/wp-content\\\/uploads\\\/2019\\\/08\\\/logo-mais-que-cuidar-retina.png\",\"contentUrl\":\"https:\\\/\\\/img.maisquecuidar.com\\\/loja\\\/wp-content\\\/uploads\\\/2019\\\/08\\\/logo-mais-que-cuidar-retina.png\",\"width\":565,\"height\":75,\"caption\":\"Mais Que Cuidar\"},\"image\":{\"@id\":\"https:\\\/\\\/www.maisquecuidar.com\\\/loja\\\/#\\\/schema\\\/logo\\\/image\\\/\"},\"sameAs\":[\"https:\\\/\\\/www.facebook.com\\\/maisquecuidar.pt\",\"https:\\\/\\\/www.instagram.com\\\/maisquecuidar\"]}]}<\/script>\n<!-- \/ Yoast SEO plugin. -->","yoast_head_json":{"title":"Elevador Fixo de Escadas Curvas - Mais que Cuidar","description":"Cadeira elevador para escadas curvas com patamares ou em caracol. Seguro, muito simples de usar e confort\u00e1vel. Pe\u00e7a um or\u00e7amento gratuito!","robots":{"index":"index","follow":"follow","max-snippet":"max-snippet:-1","max-image-preview":"max-image-preview:large","max-video-preview":"max-video-preview:-1"},"canonical":"https:\/\/www.maisquecuidar.com\/loja\/mais-mobilidade\/elevadores-escadas\/elevadores-fixos-escadas\/elevador-de-escadas-curvas","og_locale":"pt_PT","og_type":"article","og_title":"Elevador Fixo de Escadas Curvas - Mais que Cuidar","og_description":"Cadeira elevador para escadas curvas com patamares ou em caracol. Seguro, muito simples de usar e confort\u00e1vel. Pe\u00e7a um or\u00e7amento gratuito!","og_url":"https:\/\/www.maisquecuidar.com\/loja\/mais-mobilidade\/elevadores-escadas\/elevadores-fixos-escadas\/elevador-de-escadas-curvas","og_site_name":"Mais que Cuidar","article_publisher":"https:\/\/www.facebook.com\/maisquecuidar.pt","article_modified_time":"2025-09-15T19:13:25+00:00","og_image":[{"width":1280,"height":800,"url":"https:\/\/img.maisquecuidar.com\/loja\/wp-content\/uploads\/2022\/10\/elevador-escadas-curvas.jpg","type":"image\/jpeg"}],"twitter_misc":{"Tempo estimado de leitura":"1 minuto"},"schema":{"@context":"https:\/\/schema.org","@graph":[{"@type":"WebPage","@id":"https:\/\/www.maisquecuidar.com\/loja\/mais-mobilidade\/elevadores-escadas\/elevadores-fixos-escadas\/elevador-de-escadas-curvas","url":"https:\/\/www.maisquecuidar.com\/loja\/mais-mobilidade\/elevadores-escadas\/elevadores-fixos-escadas\/elevador-de-escadas-curvas","name":"Elevador Fixo de Escadas Curvas - Mais que Cuidar","isPartOf":{"@id":"https:\/\/www.maisquecuidar.com\/loja\/#website"},"primaryImageOfPage":{"@id":"https:\/\/www.maisquecuidar.com\/loja\/mais-mobilidade\/elevadores-escadas\/elevadores-fixos-escadas\/elevador-de-escadas-curvas#primaryimage"},"image":{"@id":"https:\/\/www.maisquecuidar.com\/loja\/mais-mobilidade\/elevadores-escadas\/elevadores-fixos-escadas\/elevador-de-escadas-curvas#primaryimage"},"thumbnailUrl":"https:\/\/img.maisquecuidar.com\/loja\/wp-content\/uploads\/2022\/10\/elevador-escadas-curvas.jpg","datePublished":"2022-10-19T15:06:55+00:00","dateModified":"2025-09-15T19:13:25+00:00","description":"Cadeira elevador para escadas curvas com patamares ou em caracol. Seguro, muito simples de usar e confort\u00e1vel. Pe\u00e7a um or\u00e7amento gratuito!","breadcrumb":{"@id":"https:\/\/www.maisquecuidar.com\/loja\/mais-mobilidade\/elevadores-escadas\/elevadores-fixos-escadas\/elevador-de-escadas-curvas#breadcrumb"},"inLanguage":"pt-PT","potentialAction":[{"@type":"ReadAction","target":["https:\/\/www.maisquecuidar.com\/loja\/mais-mobilidade\/elevadores-escadas\/elevadores-fixos-escadas\/elevador-de-escadas-curvas"]}]},{"@type":"ImageObject","inLanguage":"pt-PT","@id":"https:\/\/www.maisquecuidar.com\/loja\/mais-mobilidade\/elevadores-escadas\/elevadores-fixos-escadas\/elevador-de-escadas-curvas#primaryimage","url":"https:\/\/img.maisquecuidar.com\/loja\/wp-content\/uploads\/2022\/10\/elevador-escadas-curvas.jpg","contentUrl":"https:\/\/img.maisquecuidar.com\/loja\/wp-content\/uploads\/2022\/10\/elevador-escadas-curvas.jpg","width":1280,"height":800,"caption":"Elevador fixo para escadas curvas para idosos com mobilidade reduzida."},{"@type":"BreadcrumbList","@id":"https:\/\/www.maisquecuidar.com\/loja\/mais-mobilidade\/elevadores-escadas\/elevadores-fixos-escadas\/elevador-de-escadas-curvas#breadcrumb","itemListElement":[{"@type":"ListItem","position":1,"name":"Home","item":"https:\/\/www.maisquecuidar.com\/loja\/"},{"@type":"ListItem","position":2,"name":"Loja Online de Ortopedia e Geriatria em Portugal","item":"https:\/\/www.maisquecuidar.com\/loja\/loja"},{"@type":"ListItem","position":3,"name":"Mais Mobilidade","item":"https:\/\/www.maisquecuidar.com\/loja\/mais-mobilidade"},{"@type":"ListItem","position":4,"name":"Elevadores de Escadas","item":"https:\/\/www.maisquecuidar.com\/loja\/mais-mobilidade\/elevadores-escadas"},{"@type":"ListItem","position":5,"name":"Elevadores Fixos de Escadas Interiores e Exteriores","item":"https:\/\/www.maisquecuidar.com\/loja\/mais-mobilidade\/elevadores-escadas\/elevadores-fixos-escadas"},{"@type":"ListItem","position":6,"name":"Elevador Fixo de Escadas Curvas"}]},{"@type":"WebSite","@id":"https:\/\/www.maisquecuidar.com\/loja\/#website","url":"https:\/\/www.maisquecuidar.com\/loja\/","name":"Mais que Cuidar","description":"Sa\u00fade, Ortopedia e Geriatria","publisher":{"@id":"https:\/\/www.maisquecuidar.com\/loja\/#organization"},"potentialAction":[{"@type":"SearchAction","target":{"@type":"EntryPoint","urlTemplate":"https:\/\/www.maisquecuidar.com\/loja\/?s={search_term_string}"},"query-input":{"@type":"PropertyValueSpecification","valueRequired":true,"valueName":"search_term_string"}}],"inLanguage":"pt-PT"},{"@type":"Organization","@id":"https:\/\/www.maisquecuidar.com\/loja\/#organization","name":"Mais Que Cuidar","url":"https:\/\/www.maisquecuidar.com\/loja\/","logo":{"@type":"ImageObject","inLanguage":"pt-PT","@id":"https:\/\/www.maisquecuidar.com\/loja\/#\/schema\/logo\/image\/","url":"https:\/\/img.maisquecuidar.com\/loja\/wp-content\/uploads\/2019\/08\/logo-mais-que-cuidar-retina.png","contentUrl":"https:\/\/img.maisquecuidar.com\/loja\/wp-content\/uploads\/2019\/08\/logo-mais-que-cuidar-retina.png","width":565,"height":75,"caption":"Mais Que Cuidar"},"image":{"@id":"https:\/\/www.maisquecuidar.com\/loja\/#\/schema\/logo\/image\/"},"sameAs":["https:\/\/www.facebook.com\/maisquecuidar.pt","https:\/\/www.instagram.com\/maisquecuidar"]}]}},"_links":{"self":[{"href":"https:\/\/www.maisquecuidar.com\/loja\/wp-json\/wp\/v2\/product\/16438","targetHints":{"allow":["GET"]}}],"collection":[{"href":"https:\/\/www.maisquecuidar.com\/loja\/wp-json\/wp\/v2\/product"}],"about":[{"href":"https:\/\/www.maisquecuidar.com\/loja\/wp-json\/wp\/v2\/types\/product"}],"wp:featuredmedia":[{"embeddable":true,"href":"https:\/\/www.maisquecuidar.com\/loja\/wp-json\/wp\/v2\/media\/16439"}],"wp:attachment":[{"href":"https:\/\/www.maisquecuidar.com\/loja\/wp-json\/wp\/v2\/media?parent=16438"}],"wp:term":[{"taxonomy":"product_brand","embeddable":true,"href":"https:\/\/www.maisquecuidar.com\/loja\/wp-json\/wp\/v2\/product_brand?post=16438"},{"taxonomy":"product_cat","embeddable":true,"href":"https:\/\/www.maisquecuidar.com\/loja\/wp-json\/wp\/v2\/product_cat?post=16438"},{"taxonomy":"product_tag","embeddable":true,"href":"https:\/\/www.maisquecuidar.com\/loja\/wp-json\/wp\/v2\/product_tag?post=16438"}],"curies":[{"name":"wp","href":"https:\/\/api.w.org\/{rel}","templated":true}]}}