{"id":16079,"date":"2022-09-02T18:18:41","date_gmt":"2022-09-02T17:18:41","guid":{"rendered":"https:\/\/www.maisquecuidar.com\/loja\/?post_type=product&#038;p=16079"},"modified":"2026-04-21T18:38:21","modified_gmt":"2026-04-21T17:38:21","slug":"grades-laterais-rebativeis-4-seccoes","status":"publish","type":"product","link":"https:\/\/www.maisquecuidar.com\/loja\/quarto-conforto-bem-estar\/acessorios-uteis-quarto\/grades-laterais-rebativeis-4-seccoes","title":{"rendered":"Grades Laterais Rebat\u00edveis 4 Sec\u00e7\u00f5es para Camas"},"content":{"rendered":"<p>As grades laterais rebat\u00edveis com 4 sec\u00e7\u00f5es para camas articuladas hospitalares, s\u00e3o fabricadas pela marca nacional HCareSol. Proporcionam maior seguran\u00e7a e prote\u00e7\u00e3o para utilizadores idosos ou doentes com limita\u00e7\u00f5es f\u00edsicas e com risco de quedas. Normalmente s\u00e3o colocadas em cada lado da cama e por essa raz\u00e3o s\u00e3o vendidas ao par.<\/p>\n<h3>Caracter\u00edsticas em destaque:<\/h3>\n<ul>\n<li>Podem ser utilizadas em hospitais, lares e para uso dom\u00e9stico.<\/li>\n<li>Estrutura em tubo de a\u00e7o pintado epoxy polido.<\/li>\n<li>Rebat\u00edveis e com fecho de seguran\u00e7a para facilitar a mobiliza\u00e7\u00e3o.<\/li>\n<li>Adapt\u00e1veis \u00e0s nossas camas com estrutura em a\u00e7o e a outras camas com longarinas com altura entre 3 a 7 cm e espessura de 3 cm.<\/li>\n<li>F\u00e1ceis de aplicar e de utilizar.<\/li>\n<\/ul>\n","protected":false},"excerpt":{"rendered":"<p>PROMO\u00c7\u00c3O V\u00c1LIDA DE 22 a 28 DE ABRIL DE 2026<\/p>\n<p>*Promo\u00e7\u00e3o Limitada ao Stock Existente<\/p>\n<p>Guardas Laterais 4 Sec\u00e7\u00f5es<\/p>\n","protected":false},"featured_media":16080,"template":"","meta":{"_acf_changed":false,"neve_meta_sidebar":"","neve_meta_container":"","neve_meta_enable_content_width":"off","neve_meta_content_width":100,"neve_meta_title_alignment":"","neve_meta_author_avatar":"","neve_post_elements_order":"","neve_meta_disable_header":"","neve_meta_disable_footer":"","neve_meta_disable_title":""},"product_brand":[],"product_cat":[70],"product_tag":[],"class_list":{"0":"post-16079","1":"product","2":"type-product","3":"status-publish","4":"has-post-thumbnail","6":"product_cat-acessorios-uteis-quarto","8":"first","9":"instock","10":"sale","11":"taxable","12":"shipping-taxable","13":"purchasable","14":"product-type-simple"},"acf":[],"yoast_head":"<!-- This site is optimized with the Yoast SEO plugin v27.5 - https:\/\/yoast.com\/product\/yoast-seo-wordpress\/ -->\n<title>Grades Laterais Rebat\u00edveis 4 Sec\u00e7\u00f5es para Camas<\/title>\n<meta name=\"description\" content=\"Grades laterais rebat\u00edveis 4 sec\u00e7\u00f5es para camas hospitalares. Proporcionam seguran\u00e7a e prote\u00e7\u00e3o a utilizadores idosos ou doentes com risco de quedas.\" \/>\n<meta name=\"robots\" content=\"index, follow, max-snippet:-1, max-image-preview:large, max-video-preview:-1\" \/>\n<link rel=\"canonical\" href=\"https:\/\/www.maisquecuidar.com\/loja\/quarto-conforto-bem-estar\/acessorios-uteis-quarto\/grades-laterais-rebativeis-4-seccoes\" \/>\n<meta property=\"og:locale\" content=\"pt_PT\" \/>\n<meta property=\"og:type\" content=\"article\" \/>\n<meta property=\"og:title\" content=\"Grades Laterais Rebat\u00edveis 4 Sec\u00e7\u00f5es para Camas\" \/>\n<meta property=\"og:description\" content=\"Grades laterais rebat\u00edveis 4 sec\u00e7\u00f5es para camas hospitalares. Proporcionam seguran\u00e7a e prote\u00e7\u00e3o a utilizadores idosos ou doentes com risco de quedas.\" \/>\n<meta property=\"og:url\" content=\"https:\/\/www.maisquecuidar.com\/loja\/quarto-conforto-bem-estar\/acessorios-uteis-quarto\/grades-laterais-rebativeis-4-seccoes\" \/>\n<meta property=\"og:site_name\" content=\"Mais que Cuidar\" \/>\n<meta property=\"article:publisher\" content=\"https:\/\/www.facebook.com\/maisquecuidar.pt\" \/>\n<meta property=\"article:modified_time\" content=\"2026-04-21T17:38:21+00:00\" \/>\n<meta property=\"og:image\" content=\"https:\/\/img.maisquecuidar.com\/loja\/wp-content\/uploads\/2022\/09\/guardas-laterais-4-seccoes.png\" \/>\n\t<meta property=\"og:image:width\" content=\"1280\" \/>\n\t<meta property=\"og:image:height\" content=\"800\" \/>\n\t<meta property=\"og:image:type\" content=\"image\/png\" \/>\n<meta name=\"twitter:label1\" content=\"Tempo estimado de leitura\" \/>\n\t<meta name=\"twitter:data1\" content=\"1 minuto\" \/>\n<script type=\"application\/ld+json\" class=\"yoast-schema-graph\">{\"@context\":\"https:\\\/\\\/schema.org\",\"@graph\":[{\"@type\":\"WebPage\",\"@id\":\"https:\\\/\\\/www.maisquecuidar.com\\\/loja\\\/quarto-conforto-bem-estar\\\/acessorios-uteis-quarto\\\/grades-laterais-rebativeis-4-seccoes\",\"url\":\"https:\\\/\\\/www.maisquecuidar.com\\\/loja\\\/quarto-conforto-bem-estar\\\/acessorios-uteis-quarto\\\/grades-laterais-rebativeis-4-seccoes\",\"name\":\"Grades Laterais Rebat\u00edveis 4 Sec\u00e7\u00f5es para Camas\",\"isPartOf\":{\"@id\":\"https:\\\/\\\/www.maisquecuidar.com\\\/loja\\\/#website\"},\"primaryImageOfPage\":{\"@id\":\"https:\\\/\\\/www.maisquecuidar.com\\\/loja\\\/quarto-conforto-bem-estar\\\/acessorios-uteis-quarto\\\/grades-laterais-rebativeis-4-seccoes#primaryimage\"},\"image\":{\"@id\":\"https:\\\/\\\/www.maisquecuidar.com\\\/loja\\\/quarto-conforto-bem-estar\\\/acessorios-uteis-quarto\\\/grades-laterais-rebativeis-4-seccoes#primaryimage\"},\"thumbnailUrl\":\"https:\\\/\\\/img.maisquecuidar.com\\\/loja\\\/wp-content\\\/uploads\\\/2022\\\/09\\\/guardas-laterais-4-seccoes.png\",\"datePublished\":\"2022-09-02T17:18:41+00:00\",\"dateModified\":\"2026-04-21T17:38:21+00:00\",\"description\":\"Grades laterais rebat\u00edveis 4 sec\u00e7\u00f5es para camas hospitalares. Proporcionam seguran\u00e7a e prote\u00e7\u00e3o a utilizadores idosos ou doentes com risco de quedas.\",\"breadcrumb\":{\"@id\":\"https:\\\/\\\/www.maisquecuidar.com\\\/loja\\\/quarto-conforto-bem-estar\\\/acessorios-uteis-quarto\\\/grades-laterais-rebativeis-4-seccoes#breadcrumb\"},\"inLanguage\":\"pt-PT\",\"potentialAction\":[{\"@type\":\"ReadAction\",\"target\":[\"https:\\\/\\\/www.maisquecuidar.com\\\/loja\\\/quarto-conforto-bem-estar\\\/acessorios-uteis-quarto\\\/grades-laterais-rebativeis-4-seccoes\"]}]},{\"@type\":\"ImageObject\",\"inLanguage\":\"pt-PT\",\"@id\":\"https:\\\/\\\/www.maisquecuidar.com\\\/loja\\\/quarto-conforto-bem-estar\\\/acessorios-uteis-quarto\\\/grades-laterais-rebativeis-4-seccoes#primaryimage\",\"url\":\"https:\\\/\\\/img.maisquecuidar.com\\\/loja\\\/wp-content\\\/uploads\\\/2022\\\/09\\\/guardas-laterais-4-seccoes.png\",\"contentUrl\":\"https:\\\/\\\/img.maisquecuidar.com\\\/loja\\\/wp-content\\\/uploads\\\/2022\\\/09\\\/guardas-laterais-4-seccoes.png\",\"width\":1280,\"height\":800,\"caption\":\"Guardas laterais rebat\u00edveis 4 sess\u00f5es para camas articuladas hospitalares\"},{\"@type\":\"BreadcrumbList\",\"@id\":\"https:\\\/\\\/www.maisquecuidar.com\\\/loja\\\/quarto-conforto-bem-estar\\\/acessorios-uteis-quarto\\\/grades-laterais-rebativeis-4-seccoes#breadcrumb\",\"itemListElement\":[{\"@type\":\"ListItem\",\"position\":1,\"name\":\"Home\",\"item\":\"https:\\\/\\\/www.maisquecuidar.com\\\/loja\\\/\"},{\"@type\":\"ListItem\",\"position\":2,\"name\":\"Loja Online de Ortopedia e Geriatria em Portugal\",\"item\":\"https:\\\/\\\/www.maisquecuidar.com\\\/loja\\\/loja\"},{\"@type\":\"ListItem\",\"position\":3,\"name\":\"Quarto, Conforto e Bem Estar\",\"item\":\"https:\\\/\\\/www.maisquecuidar.com\\\/loja\\\/quarto-conforto-bem-estar\"},{\"@type\":\"ListItem\",\"position\":4,\"name\":\"Acess\u00f3rios para Camas Hospitalares\",\"item\":\"https:\\\/\\\/www.maisquecuidar.com\\\/loja\\\/quarto-conforto-bem-estar\\\/acessorios-uteis-quarto\"},{\"@type\":\"ListItem\",\"position\":5,\"name\":\"Grades Laterais Rebat\u00edveis 4 Sec\u00e7\u00f5es para Camas\"}]},{\"@type\":\"WebSite\",\"@id\":\"https:\\\/\\\/www.maisquecuidar.com\\\/loja\\\/#website\",\"url\":\"https:\\\/\\\/www.maisquecuidar.com\\\/loja\\\/\",\"name\":\"Mais que Cuidar\",\"description\":\"Sa\u00fade, Ortopedia e Geriatria\",\"publisher\":{\"@id\":\"https:\\\/\\\/www.maisquecuidar.com\\\/loja\\\/#organization\"},\"potentialAction\":[{\"@type\":\"SearchAction\",\"target\":{\"@type\":\"EntryPoint\",\"urlTemplate\":\"https:\\\/\\\/www.maisquecuidar.com\\\/loja\\\/?s={search_term_string}\"},\"query-input\":{\"@type\":\"PropertyValueSpecification\",\"valueRequired\":true,\"valueName\":\"search_term_string\"}}],\"inLanguage\":\"pt-PT\"},{\"@type\":\"Organization\",\"@id\":\"https:\\\/\\\/www.maisquecuidar.com\\\/loja\\\/#organization\",\"name\":\"Mais Que Cuidar\",\"url\":\"https:\\\/\\\/www.maisquecuidar.com\\\/loja\\\/\",\"logo\":{\"@type\":\"ImageObject\",\"inLanguage\":\"pt-PT\",\"@id\":\"https:\\\/\\\/www.maisquecuidar.com\\\/loja\\\/#\\\/schema\\\/logo\\\/image\\\/\",\"url\":\"https:\\\/\\\/img.maisquecuidar.com\\\/loja\\\/wp-content\\\/uploads\\\/2019\\\/08\\\/logo-mais-que-cuidar-retina.png\",\"contentUrl\":\"https:\\\/\\\/img.maisquecuidar.com\\\/loja\\\/wp-content\\\/uploads\\\/2019\\\/08\\\/logo-mais-que-cuidar-retina.png\",\"width\":565,\"height\":75,\"caption\":\"Mais Que Cuidar\"},\"image\":{\"@id\":\"https:\\\/\\\/www.maisquecuidar.com\\\/loja\\\/#\\\/schema\\\/logo\\\/image\\\/\"},\"sameAs\":[\"https:\\\/\\\/www.facebook.com\\\/maisquecuidar.pt\",\"https:\\\/\\\/www.instagram.com\\\/maisquecuidar\"]}]}<\/script>\n<!-- \/ Yoast SEO plugin. -->","yoast_head_json":{"title":"Grades Laterais Rebat\u00edveis 4 Sec\u00e7\u00f5es para Camas","description":"Grades laterais rebat\u00edveis 4 sec\u00e7\u00f5es para camas hospitalares. Proporcionam seguran\u00e7a e prote\u00e7\u00e3o a utilizadores idosos ou doentes com risco de quedas.","robots":{"index":"index","follow":"follow","max-snippet":"max-snippet:-1","max-image-preview":"max-image-preview:large","max-video-preview":"max-video-preview:-1"},"canonical":"https:\/\/www.maisquecuidar.com\/loja\/quarto-conforto-bem-estar\/acessorios-uteis-quarto\/grades-laterais-rebativeis-4-seccoes","og_locale":"pt_PT","og_type":"article","og_title":"Grades Laterais Rebat\u00edveis 4 Sec\u00e7\u00f5es para Camas","og_description":"Grades laterais rebat\u00edveis 4 sec\u00e7\u00f5es para camas hospitalares. Proporcionam seguran\u00e7a e prote\u00e7\u00e3o a utilizadores idosos ou doentes com risco de quedas.","og_url":"https:\/\/www.maisquecuidar.com\/loja\/quarto-conforto-bem-estar\/acessorios-uteis-quarto\/grades-laterais-rebativeis-4-seccoes","og_site_name":"Mais que Cuidar","article_publisher":"https:\/\/www.facebook.com\/maisquecuidar.pt","article_modified_time":"2026-04-21T17:38:21+00:00","og_image":[{"width":1280,"height":800,"url":"https:\/\/img.maisquecuidar.com\/loja\/wp-content\/uploads\/2022\/09\/guardas-laterais-4-seccoes.png","type":"image\/png"}],"twitter_misc":{"Tempo estimado de leitura":"1 minuto"},"schema":{"@context":"https:\/\/schema.org","@graph":[{"@type":"WebPage","@id":"https:\/\/www.maisquecuidar.com\/loja\/quarto-conforto-bem-estar\/acessorios-uteis-quarto\/grades-laterais-rebativeis-4-seccoes","url":"https:\/\/www.maisquecuidar.com\/loja\/quarto-conforto-bem-estar\/acessorios-uteis-quarto\/grades-laterais-rebativeis-4-seccoes","name":"Grades Laterais Rebat\u00edveis 4 Sec\u00e7\u00f5es para Camas","isPartOf":{"@id":"https:\/\/www.maisquecuidar.com\/loja\/#website"},"primaryImageOfPage":{"@id":"https:\/\/www.maisquecuidar.com\/loja\/quarto-conforto-bem-estar\/acessorios-uteis-quarto\/grades-laterais-rebativeis-4-seccoes#primaryimage"},"image":{"@id":"https:\/\/www.maisquecuidar.com\/loja\/quarto-conforto-bem-estar\/acessorios-uteis-quarto\/grades-laterais-rebativeis-4-seccoes#primaryimage"},"thumbnailUrl":"https:\/\/img.maisquecuidar.com\/loja\/wp-content\/uploads\/2022\/09\/guardas-laterais-4-seccoes.png","datePublished":"2022-09-02T17:18:41+00:00","dateModified":"2026-04-21T17:38:21+00:00","description":"Grades laterais rebat\u00edveis 4 sec\u00e7\u00f5es para camas hospitalares. Proporcionam seguran\u00e7a e prote\u00e7\u00e3o a utilizadores idosos ou doentes com risco de quedas.","breadcrumb":{"@id":"https:\/\/www.maisquecuidar.com\/loja\/quarto-conforto-bem-estar\/acessorios-uteis-quarto\/grades-laterais-rebativeis-4-seccoes#breadcrumb"},"inLanguage":"pt-PT","potentialAction":[{"@type":"ReadAction","target":["https:\/\/www.maisquecuidar.com\/loja\/quarto-conforto-bem-estar\/acessorios-uteis-quarto\/grades-laterais-rebativeis-4-seccoes"]}]},{"@type":"ImageObject","inLanguage":"pt-PT","@id":"https:\/\/www.maisquecuidar.com\/loja\/quarto-conforto-bem-estar\/acessorios-uteis-quarto\/grades-laterais-rebativeis-4-seccoes#primaryimage","url":"https:\/\/img.maisquecuidar.com\/loja\/wp-content\/uploads\/2022\/09\/guardas-laterais-4-seccoes.png","contentUrl":"https:\/\/img.maisquecuidar.com\/loja\/wp-content\/uploads\/2022\/09\/guardas-laterais-4-seccoes.png","width":1280,"height":800,"caption":"Guardas laterais rebat\u00edveis 4 sess\u00f5es para camas articuladas hospitalares"},{"@type":"BreadcrumbList","@id":"https:\/\/www.maisquecuidar.com\/loja\/quarto-conforto-bem-estar\/acessorios-uteis-quarto\/grades-laterais-rebativeis-4-seccoes#breadcrumb","itemListElement":[{"@type":"ListItem","position":1,"name":"Home","item":"https:\/\/www.maisquecuidar.com\/loja\/"},{"@type":"ListItem","position":2,"name":"Loja Online de Ortopedia e Geriatria em Portugal","item":"https:\/\/www.maisquecuidar.com\/loja\/loja"},{"@type":"ListItem","position":3,"name":"Quarto, Conforto e Bem Estar","item":"https:\/\/www.maisquecuidar.com\/loja\/quarto-conforto-bem-estar"},{"@type":"ListItem","position":4,"name":"Acess\u00f3rios para Camas Hospitalares","item":"https:\/\/www.maisquecuidar.com\/loja\/quarto-conforto-bem-estar\/acessorios-uteis-quarto"},{"@type":"ListItem","position":5,"name":"Grades Laterais Rebat\u00edveis 4 Sec\u00e7\u00f5es para Camas"}]},{"@type":"WebSite","@id":"https:\/\/www.maisquecuidar.com\/loja\/#website","url":"https:\/\/www.maisquecuidar.com\/loja\/","name":"Mais que Cuidar","description":"Sa\u00fade, Ortopedia e Geriatria","publisher":{"@id":"https:\/\/www.maisquecuidar.com\/loja\/#organization"},"potentialAction":[{"@type":"SearchAction","target":{"@type":"EntryPoint","urlTemplate":"https:\/\/www.maisquecuidar.com\/loja\/?s={search_term_string}"},"query-input":{"@type":"PropertyValueSpecification","valueRequired":true,"valueName":"search_term_string"}}],"inLanguage":"pt-PT"},{"@type":"Organization","@id":"https:\/\/www.maisquecuidar.com\/loja\/#organization","name":"Mais Que Cuidar","url":"https:\/\/www.maisquecuidar.com\/loja\/","logo":{"@type":"ImageObject","inLanguage":"pt-PT","@id":"https:\/\/www.maisquecuidar.com\/loja\/#\/schema\/logo\/image\/","url":"https:\/\/img.maisquecuidar.com\/loja\/wp-content\/uploads\/2019\/08\/logo-mais-que-cuidar-retina.png","contentUrl":"https:\/\/img.maisquecuidar.com\/loja\/wp-content\/uploads\/2019\/08\/logo-mais-que-cuidar-retina.png","width":565,"height":75,"caption":"Mais Que Cuidar"},"image":{"@id":"https:\/\/www.maisquecuidar.com\/loja\/#\/schema\/logo\/image\/"},"sameAs":["https:\/\/www.facebook.com\/maisquecuidar.pt","https:\/\/www.instagram.com\/maisquecuidar"]}]}},"_links":{"self":[{"href":"https:\/\/www.maisquecuidar.com\/loja\/wp-json\/wp\/v2\/product\/16079","targetHints":{"allow":["GET"]}}],"collection":[{"href":"https:\/\/www.maisquecuidar.com\/loja\/wp-json\/wp\/v2\/product"}],"about":[{"href":"https:\/\/www.maisquecuidar.com\/loja\/wp-json\/wp\/v2\/types\/product"}],"wp:featuredmedia":[{"embeddable":true,"href":"https:\/\/www.maisquecuidar.com\/loja\/wp-json\/wp\/v2\/media\/16080"}],"wp:attachment":[{"href":"https:\/\/www.maisquecuidar.com\/loja\/wp-json\/wp\/v2\/media?parent=16079"}],"wp:term":[{"taxonomy":"product_brand","embeddable":true,"href":"https:\/\/www.maisquecuidar.com\/loja\/wp-json\/wp\/v2\/product_brand?post=16079"},{"taxonomy":"product_cat","embeddable":true,"href":"https:\/\/www.maisquecuidar.com\/loja\/wp-json\/wp\/v2\/product_cat?post=16079"},{"taxonomy":"product_tag","embeddable":true,"href":"https:\/\/www.maisquecuidar.com\/loja\/wp-json\/wp\/v2\/product_tag?post=16079"}],"curies":[{"name":"wp","href":"https:\/\/api.w.org\/{rel}","templated":true}]}}