{"id":15647,"date":"2022-04-26T09:43:21","date_gmt":"2022-04-26T08:43:21","guid":{"rendered":"https:\/\/www.maisquecuidar.com\/loja\/?post_type=product&#038;p=15647"},"modified":"2025-10-01T18:32:43","modified_gmt":"2025-10-01T17:32:43","slug":"alber-e-motion-m25-invacare","status":"publish","type":"product","link":"https:\/\/www.maisquecuidar.com\/loja\/mais-mobilidade\/cadeiras-de-rodas\/dispositivos-electricos\/alber-e-motion-m25-invacare","title":{"rendered":"Alber E-Motion M25 Invacare"},"content":{"rendered":"<p>Basta aplicar um pouco de for\u00e7a nos aros motores da cadeira para que os eletromotores do Alber E-motion M25 ajudem na propuls\u00e3o da cadeira de rodas.<\/p>\n<p>Este dispositivo torna-se extremamente eficaz quando utilizado em subidas ou grandes dist\u00e2ncias ao diminuir o cansa\u00e7o do utilizador. Para travar o dispositivo n\u00e3o \u00e9 necess\u00e1rio muito esfor\u00e7o e as baterias de i\u00f5es de l\u00edtio permitem uma autonomia de cerca de 25km para maior liberdade do utilizador.<\/p>\n<p>A sensibilidade dos sensores pode ser ajustada para a roda esquerda ou direita de forma independente e atrav\u00e9s da app Mobilidade dispon\u00edvel para download.<\/p>\n<p>As rodas do assistente el\u00e9trico e-motion M25 s\u00e3o de extra\u00e7\u00e3o r\u00e1pida e adicionam 7.8kg por roda \u00e0 cadeira sendo um dos dispositivos mais leves dispon\u00edveis no mercado.<\/p>\n<p>Com o e-motion M25 os utilizadores que sentem dores nos bra\u00e7os decorrente do uso di\u00e1rio de cadeira de rodas v\u00e3o agora poder prevenir essas complica\u00e7\u00f5es e reduzir a tens\u00e3o nos m\u00fasculos e articula\u00e7\u00f5es.<\/p>\n<h3>Em destaque:<\/h3>\n<ul>\n<li><strong>E-motion pronto a ser transportado:<\/strong> os componentes leves e compactos s\u00e3o f\u00e1ceis de transportar.<\/li>\n<li><strong>Aro-motor:<\/strong> o uso do aro motor ativa os motores e a sua sensibilidade tem 7 graus de ajuste.<\/li>\n<li><strong>Baterias:<\/strong> a \u00faltima tecnologia de i\u00f5es de l\u00edtio proporciona excelente autonomia e durabilidade. O bot\u00e3o on\/off serve tamb\u00e9m como entrada para o carregador e tem uma conex\u00e3o magn\u00e9tica.<\/li>\n<li><strong>Rodas:<\/strong> f\u00e1cil de desencaixar da cadeira de rodas.<\/li>\n<li><strong>Carregador:<\/strong> carregador autom\u00e1tico com luz indicadora e adapta\u00e7\u00e3o autom\u00e1tica \u00e0 tens\u00e3o de rede.<\/li>\n<li><strong>Sistema de Controlo Ergon\u00f3mico (ECS):<\/strong> indica o estado das baterias e permite ligar e desligar o e-motion M25 a partir da posi\u00e7\u00e3o.<\/li>\n<\/ul>\n","protected":false},"excerpt":{"rendered":"<p>O novo assistente el\u00e9trico e-motion M25 permite que os utilizadores de cadeiras de rodas manuais mantenham e at\u00e9 aumentem o seu n\u00edvel de mobilidade, ao mesmo tempo que proporciona uma variedade de benef\u00edcios terap\u00eauticos.<\/p>\n","protected":false},"featured_media":15648,"template":"","meta":{"_acf_changed":false,"neve_meta_sidebar":"","neve_meta_container":"","neve_meta_enable_content_width":"","neve_meta_content_width":0,"neve_meta_title_alignment":"","neve_meta_author_avatar":"","neve_post_elements_order":"","neve_meta_disable_header":"","neve_meta_disable_footer":"","neve_meta_disable_title":""},"product_brand":[],"product_cat":[86],"product_tag":[],"class_list":{"0":"post-15647","1":"product","2":"type-product","3":"status-publish","4":"has-post-thumbnail","6":"product_cat-dispositivos-electricos","8":"first","9":"onbackorder","10":"taxable","11":"shipping-taxable","12":"purchasable","13":"product-type-simple"},"acf":[],"yoast_head":"<!-- This site is optimized with the Yoast SEO plugin v27.5 - https:\/\/yoast.com\/product\/yoast-seo-wordpress\/ -->\n<title>Alber E-Motion M25 Invacare - Mais que Cuidar<\/title>\n<meta name=\"description\" content=\"Conhe\u00e7a o Alber E-Motion M25 da Invacare que permite que os utilizadores de cadeira de rodas mantenham e aumentem o seu n\u00edvel de mobilidade.\" \/>\n<meta name=\"robots\" content=\"index, follow, max-snippet:-1, max-image-preview:large, max-video-preview:-1\" \/>\n<link rel=\"canonical\" href=\"https:\/\/www.maisquecuidar.com\/loja\/mais-mobilidade\/cadeiras-de-rodas\/dispositivos-electricos\/alber-e-motion-m25-invacare\" \/>\n<meta property=\"og:locale\" content=\"pt_PT\" \/>\n<meta property=\"og:type\" content=\"article\" \/>\n<meta property=\"og:title\" content=\"Alber E-Motion M25 Invacare - Mais que Cuidar\" \/>\n<meta property=\"og:description\" content=\"Conhe\u00e7a o Alber E-Motion M25 da Invacare que permite que os utilizadores de cadeira de rodas mantenham e aumentem o seu n\u00edvel de mobilidade.\" \/>\n<meta property=\"og:url\" content=\"https:\/\/www.maisquecuidar.com\/loja\/mais-mobilidade\/cadeiras-de-rodas\/dispositivos-electricos\/alber-e-motion-m25-invacare\" \/>\n<meta property=\"og:site_name\" content=\"Mais que Cuidar\" \/>\n<meta property=\"article:publisher\" content=\"https:\/\/www.facebook.com\/maisquecuidar.pt\" \/>\n<meta property=\"article:modified_time\" content=\"2025-10-01T17:32:43+00:00\" \/>\n<meta property=\"og:image\" content=\"https:\/\/img.maisquecuidar.com\/loja\/wp-content\/uploads\/2022\/04\/alber-e-motion-m25.png\" \/>\n\t<meta property=\"og:image:width\" content=\"1280\" \/>\n\t<meta property=\"og:image:height\" content=\"800\" \/>\n\t<meta property=\"og:image:type\" content=\"image\/png\" \/>\n<meta name=\"twitter:label1\" content=\"Tempo estimado de leitura\" \/>\n\t<meta name=\"twitter:data1\" content=\"2 minutos\" \/>\n<script type=\"application\/ld+json\" class=\"yoast-schema-graph\">{\"@context\":\"https:\\\/\\\/schema.org\",\"@graph\":[{\"@type\":\"WebPage\",\"@id\":\"https:\\\/\\\/www.maisquecuidar.com\\\/loja\\\/mais-mobilidade\\\/cadeiras-de-rodas\\\/dispositivos-electricos\\\/alber-e-motion-m25-invacare\",\"url\":\"https:\\\/\\\/www.maisquecuidar.com\\\/loja\\\/mais-mobilidade\\\/cadeiras-de-rodas\\\/dispositivos-electricos\\\/alber-e-motion-m25-invacare\",\"name\":\"Alber E-Motion M25 Invacare - Mais que Cuidar\",\"isPartOf\":{\"@id\":\"https:\\\/\\\/www.maisquecuidar.com\\\/loja\\\/#website\"},\"primaryImageOfPage\":{\"@id\":\"https:\\\/\\\/www.maisquecuidar.com\\\/loja\\\/mais-mobilidade\\\/cadeiras-de-rodas\\\/dispositivos-electricos\\\/alber-e-motion-m25-invacare#primaryimage\"},\"image\":{\"@id\":\"https:\\\/\\\/www.maisquecuidar.com\\\/loja\\\/mais-mobilidade\\\/cadeiras-de-rodas\\\/dispositivos-electricos\\\/alber-e-motion-m25-invacare#primaryimage\"},\"thumbnailUrl\":\"https:\\\/\\\/img.maisquecuidar.com\\\/loja\\\/wp-content\\\/uploads\\\/2022\\\/04\\\/alber-e-motion-m25.png\",\"datePublished\":\"2022-04-26T08:43:21+00:00\",\"dateModified\":\"2025-10-01T17:32:43+00:00\",\"description\":\"Conhe\u00e7a o Alber E-Motion M25 da Invacare que permite que os utilizadores de cadeira de rodas mantenham e aumentem o seu n\u00edvel de mobilidade.\",\"breadcrumb\":{\"@id\":\"https:\\\/\\\/www.maisquecuidar.com\\\/loja\\\/mais-mobilidade\\\/cadeiras-de-rodas\\\/dispositivos-electricos\\\/alber-e-motion-m25-invacare#breadcrumb\"},\"inLanguage\":\"pt-PT\",\"potentialAction\":[{\"@type\":\"ReadAction\",\"target\":[\"https:\\\/\\\/www.maisquecuidar.com\\\/loja\\\/mais-mobilidade\\\/cadeiras-de-rodas\\\/dispositivos-electricos\\\/alber-e-motion-m25-invacare\"]}]},{\"@type\":\"ImageObject\",\"inLanguage\":\"pt-PT\",\"@id\":\"https:\\\/\\\/www.maisquecuidar.com\\\/loja\\\/mais-mobilidade\\\/cadeiras-de-rodas\\\/dispositivos-electricos\\\/alber-e-motion-m25-invacare#primaryimage\",\"url\":\"https:\\\/\\\/img.maisquecuidar.com\\\/loja\\\/wp-content\\\/uploads\\\/2022\\\/04\\\/alber-e-motion-m25.png\",\"contentUrl\":\"https:\\\/\\\/img.maisquecuidar.com\\\/loja\\\/wp-content\\\/uploads\\\/2022\\\/04\\\/alber-e-motion-m25.png\",\"width\":1280,\"height\":800,\"caption\":\"Alber E-Motion M 25 sistema el\u00e9trico para cadeira de rodas\"},{\"@type\":\"BreadcrumbList\",\"@id\":\"https:\\\/\\\/www.maisquecuidar.com\\\/loja\\\/mais-mobilidade\\\/cadeiras-de-rodas\\\/dispositivos-electricos\\\/alber-e-motion-m25-invacare#breadcrumb\",\"itemListElement\":[{\"@type\":\"ListItem\",\"position\":1,\"name\":\"Home\",\"item\":\"https:\\\/\\\/www.maisquecuidar.com\\\/loja\\\/\"},{\"@type\":\"ListItem\",\"position\":2,\"name\":\"Loja Online de Ortopedia e Geriatria em Portugal\",\"item\":\"https:\\\/\\\/www.maisquecuidar.com\\\/loja\\\/loja\"},{\"@type\":\"ListItem\",\"position\":3,\"name\":\"Mais Mobilidade\",\"item\":\"https:\\\/\\\/www.maisquecuidar.com\\\/loja\\\/mais-mobilidade\"},{\"@type\":\"ListItem\",\"position\":4,\"name\":\"Cadeiras de Rodas\",\"item\":\"https:\\\/\\\/www.maisquecuidar.com\\\/loja\\\/mais-mobilidade\\\/cadeiras-de-rodas\"},{\"@type\":\"ListItem\",\"position\":5,\"name\":\"Dispositivos El\u00e9ctricos para Cadeiras de Rodas\",\"item\":\"https:\\\/\\\/www.maisquecuidar.com\\\/loja\\\/mais-mobilidade\\\/cadeiras-de-rodas\\\/dispositivos-electricos\"},{\"@type\":\"ListItem\",\"position\":6,\"name\":\"Alber E-Motion M25 Invacare\"}]},{\"@type\":\"WebSite\",\"@id\":\"https:\\\/\\\/www.maisquecuidar.com\\\/loja\\\/#website\",\"url\":\"https:\\\/\\\/www.maisquecuidar.com\\\/loja\\\/\",\"name\":\"Mais que Cuidar\",\"description\":\"Sa\u00fade, Ortopedia e Geriatria\",\"publisher\":{\"@id\":\"https:\\\/\\\/www.maisquecuidar.com\\\/loja\\\/#organization\"},\"potentialAction\":[{\"@type\":\"SearchAction\",\"target\":{\"@type\":\"EntryPoint\",\"urlTemplate\":\"https:\\\/\\\/www.maisquecuidar.com\\\/loja\\\/?s={search_term_string}\"},\"query-input\":{\"@type\":\"PropertyValueSpecification\",\"valueRequired\":true,\"valueName\":\"search_term_string\"}}],\"inLanguage\":\"pt-PT\"},{\"@type\":\"Organization\",\"@id\":\"https:\\\/\\\/www.maisquecuidar.com\\\/loja\\\/#organization\",\"name\":\"Mais Que Cuidar\",\"url\":\"https:\\\/\\\/www.maisquecuidar.com\\\/loja\\\/\",\"logo\":{\"@type\":\"ImageObject\",\"inLanguage\":\"pt-PT\",\"@id\":\"https:\\\/\\\/www.maisquecuidar.com\\\/loja\\\/#\\\/schema\\\/logo\\\/image\\\/\",\"url\":\"https:\\\/\\\/img.maisquecuidar.com\\\/loja\\\/wp-content\\\/uploads\\\/2019\\\/08\\\/logo-mais-que-cuidar-retina.png\",\"contentUrl\":\"https:\\\/\\\/img.maisquecuidar.com\\\/loja\\\/wp-content\\\/uploads\\\/2019\\\/08\\\/logo-mais-que-cuidar-retina.png\",\"width\":565,\"height\":75,\"caption\":\"Mais Que Cuidar\"},\"image\":{\"@id\":\"https:\\\/\\\/www.maisquecuidar.com\\\/loja\\\/#\\\/schema\\\/logo\\\/image\\\/\"},\"sameAs\":[\"https:\\\/\\\/www.facebook.com\\\/maisquecuidar.pt\",\"https:\\\/\\\/www.instagram.com\\\/maisquecuidar\"]}]}<\/script>\n<!-- \/ Yoast SEO plugin. -->","yoast_head_json":{"title":"Alber E-Motion M25 Invacare - Mais que Cuidar","description":"Conhe\u00e7a o Alber E-Motion M25 da Invacare que permite que os utilizadores de cadeira de rodas mantenham e aumentem o seu n\u00edvel de mobilidade.","robots":{"index":"index","follow":"follow","max-snippet":"max-snippet:-1","max-image-preview":"max-image-preview:large","max-video-preview":"max-video-preview:-1"},"canonical":"https:\/\/www.maisquecuidar.com\/loja\/mais-mobilidade\/cadeiras-de-rodas\/dispositivos-electricos\/alber-e-motion-m25-invacare","og_locale":"pt_PT","og_type":"article","og_title":"Alber E-Motion M25 Invacare - Mais que Cuidar","og_description":"Conhe\u00e7a o Alber E-Motion M25 da Invacare que permite que os utilizadores de cadeira de rodas mantenham e aumentem o seu n\u00edvel de mobilidade.","og_url":"https:\/\/www.maisquecuidar.com\/loja\/mais-mobilidade\/cadeiras-de-rodas\/dispositivos-electricos\/alber-e-motion-m25-invacare","og_site_name":"Mais que Cuidar","article_publisher":"https:\/\/www.facebook.com\/maisquecuidar.pt","article_modified_time":"2025-10-01T17:32:43+00:00","og_image":[{"width":1280,"height":800,"url":"https:\/\/img.maisquecuidar.com\/loja\/wp-content\/uploads\/2022\/04\/alber-e-motion-m25.png","type":"image\/png"}],"twitter_misc":{"Tempo estimado de leitura":"2 minutos"},"schema":{"@context":"https:\/\/schema.org","@graph":[{"@type":"WebPage","@id":"https:\/\/www.maisquecuidar.com\/loja\/mais-mobilidade\/cadeiras-de-rodas\/dispositivos-electricos\/alber-e-motion-m25-invacare","url":"https:\/\/www.maisquecuidar.com\/loja\/mais-mobilidade\/cadeiras-de-rodas\/dispositivos-electricos\/alber-e-motion-m25-invacare","name":"Alber E-Motion M25 Invacare - Mais que Cuidar","isPartOf":{"@id":"https:\/\/www.maisquecuidar.com\/loja\/#website"},"primaryImageOfPage":{"@id":"https:\/\/www.maisquecuidar.com\/loja\/mais-mobilidade\/cadeiras-de-rodas\/dispositivos-electricos\/alber-e-motion-m25-invacare#primaryimage"},"image":{"@id":"https:\/\/www.maisquecuidar.com\/loja\/mais-mobilidade\/cadeiras-de-rodas\/dispositivos-electricos\/alber-e-motion-m25-invacare#primaryimage"},"thumbnailUrl":"https:\/\/img.maisquecuidar.com\/loja\/wp-content\/uploads\/2022\/04\/alber-e-motion-m25.png","datePublished":"2022-04-26T08:43:21+00:00","dateModified":"2025-10-01T17:32:43+00:00","description":"Conhe\u00e7a o Alber E-Motion M25 da Invacare que permite que os utilizadores de cadeira de rodas mantenham e aumentem o seu n\u00edvel de mobilidade.","breadcrumb":{"@id":"https:\/\/www.maisquecuidar.com\/loja\/mais-mobilidade\/cadeiras-de-rodas\/dispositivos-electricos\/alber-e-motion-m25-invacare#breadcrumb"},"inLanguage":"pt-PT","potentialAction":[{"@type":"ReadAction","target":["https:\/\/www.maisquecuidar.com\/loja\/mais-mobilidade\/cadeiras-de-rodas\/dispositivos-electricos\/alber-e-motion-m25-invacare"]}]},{"@type":"ImageObject","inLanguage":"pt-PT","@id":"https:\/\/www.maisquecuidar.com\/loja\/mais-mobilidade\/cadeiras-de-rodas\/dispositivos-electricos\/alber-e-motion-m25-invacare#primaryimage","url":"https:\/\/img.maisquecuidar.com\/loja\/wp-content\/uploads\/2022\/04\/alber-e-motion-m25.png","contentUrl":"https:\/\/img.maisquecuidar.com\/loja\/wp-content\/uploads\/2022\/04\/alber-e-motion-m25.png","width":1280,"height":800,"caption":"Alber E-Motion M 25 sistema el\u00e9trico para cadeira de rodas"},{"@type":"BreadcrumbList","@id":"https:\/\/www.maisquecuidar.com\/loja\/mais-mobilidade\/cadeiras-de-rodas\/dispositivos-electricos\/alber-e-motion-m25-invacare#breadcrumb","itemListElement":[{"@type":"ListItem","position":1,"name":"Home","item":"https:\/\/www.maisquecuidar.com\/loja\/"},{"@type":"ListItem","position":2,"name":"Loja Online de Ortopedia e Geriatria em Portugal","item":"https:\/\/www.maisquecuidar.com\/loja\/loja"},{"@type":"ListItem","position":3,"name":"Mais Mobilidade","item":"https:\/\/www.maisquecuidar.com\/loja\/mais-mobilidade"},{"@type":"ListItem","position":4,"name":"Cadeiras de Rodas","item":"https:\/\/www.maisquecuidar.com\/loja\/mais-mobilidade\/cadeiras-de-rodas"},{"@type":"ListItem","position":5,"name":"Dispositivos El\u00e9ctricos para Cadeiras de Rodas","item":"https:\/\/www.maisquecuidar.com\/loja\/mais-mobilidade\/cadeiras-de-rodas\/dispositivos-electricos"},{"@type":"ListItem","position":6,"name":"Alber E-Motion M25 Invacare"}]},{"@type":"WebSite","@id":"https:\/\/www.maisquecuidar.com\/loja\/#website","url":"https:\/\/www.maisquecuidar.com\/loja\/","name":"Mais que Cuidar","description":"Sa\u00fade, Ortopedia e Geriatria","publisher":{"@id":"https:\/\/www.maisquecuidar.com\/loja\/#organization"},"potentialAction":[{"@type":"SearchAction","target":{"@type":"EntryPoint","urlTemplate":"https:\/\/www.maisquecuidar.com\/loja\/?s={search_term_string}"},"query-input":{"@type":"PropertyValueSpecification","valueRequired":true,"valueName":"search_term_string"}}],"inLanguage":"pt-PT"},{"@type":"Organization","@id":"https:\/\/www.maisquecuidar.com\/loja\/#organization","name":"Mais Que Cuidar","url":"https:\/\/www.maisquecuidar.com\/loja\/","logo":{"@type":"ImageObject","inLanguage":"pt-PT","@id":"https:\/\/www.maisquecuidar.com\/loja\/#\/schema\/logo\/image\/","url":"https:\/\/img.maisquecuidar.com\/loja\/wp-content\/uploads\/2019\/08\/logo-mais-que-cuidar-retina.png","contentUrl":"https:\/\/img.maisquecuidar.com\/loja\/wp-content\/uploads\/2019\/08\/logo-mais-que-cuidar-retina.png","width":565,"height":75,"caption":"Mais Que Cuidar"},"image":{"@id":"https:\/\/www.maisquecuidar.com\/loja\/#\/schema\/logo\/image\/"},"sameAs":["https:\/\/www.facebook.com\/maisquecuidar.pt","https:\/\/www.instagram.com\/maisquecuidar"]}]}},"_links":{"self":[{"href":"https:\/\/www.maisquecuidar.com\/loja\/wp-json\/wp\/v2\/product\/15647","targetHints":{"allow":["GET"]}}],"collection":[{"href":"https:\/\/www.maisquecuidar.com\/loja\/wp-json\/wp\/v2\/product"}],"about":[{"href":"https:\/\/www.maisquecuidar.com\/loja\/wp-json\/wp\/v2\/types\/product"}],"wp:featuredmedia":[{"embeddable":true,"href":"https:\/\/www.maisquecuidar.com\/loja\/wp-json\/wp\/v2\/media\/15648"}],"wp:attachment":[{"href":"https:\/\/www.maisquecuidar.com\/loja\/wp-json\/wp\/v2\/media?parent=15647"}],"wp:term":[{"taxonomy":"product_brand","embeddable":true,"href":"https:\/\/www.maisquecuidar.com\/loja\/wp-json\/wp\/v2\/product_brand?post=15647"},{"taxonomy":"product_cat","embeddable":true,"href":"https:\/\/www.maisquecuidar.com\/loja\/wp-json\/wp\/v2\/product_cat?post=15647"},{"taxonomy":"product_tag","embeddable":true,"href":"https:\/\/www.maisquecuidar.com\/loja\/wp-json\/wp\/v2\/product_tag?post=15647"}],"curies":[{"name":"wp","href":"https:\/\/api.w.org\/{rel}","templated":true}]}}