{"id":14302,"date":"2020-09-22T00:13:09","date_gmt":"2020-09-21T23:13:09","guid":{"rendered":"https:\/\/www.maisquecuidar.com\/loja\/?post_type=product&#038;p=14302"},"modified":"2026-01-13T23:19:05","modified_gmt":"2026-01-13T23:19:05","slug":"invacare-birdie-evo","status":"publish","type":"product","link":"https:\/\/www.maisquecuidar.com\/loja\/transferencias\/elevadores-de-transferencia\/invacare-birdie-evo","title":{"rendered":"Elevador de Transfer\u00eancia Birdie Evo 4 Pontos de Fixa\u00e7\u00e3o"},"content":{"rendered":"<p><strong>Elevador de Transfer\u00eancia Birdie Evo<\/strong><\/p>\n<p>A gama de elevadores de transfer\u00eancia Invacare Birdie Evo foi desenvolvida para oferecer v\u00e1rias op\u00e7\u00f5es, que conjugadas com novas tecnologias, proporcionam o m\u00e1ximo de conforto e seguran\u00e7a quando elevar ou transferir o utilizador com mobilidade reduzida de ou para a cama, cadeira ou at\u00e9 mesmo ch\u00e3o.<\/p>\n<p>O elevador Invacare Birdie Evo permite uma eleva\u00e7\u00e3o ergon\u00f3mica muito abrangente que possibilita que o utilizador seja mais facilmente rodado a 360\u00ba e transferido para a superf\u00edcie de apoio. Facilita a tarefa do cuidador e tranquiliza o utilizador.<\/p>\n<p>O bra\u00e7o comprido e de amplitude elevada, assegura maior espa\u00e7o para o utilizador, mesmo na posi\u00e7\u00e3o mais alta.<\/p>\n<p><img fetchpriority=\"high\" decoding=\"async\" class=\"alignnone wp-image-14303\" title=\"elevador invacare birdie evo\" src=\"https:\/\/img.maisquecuidar.com\/loja\/wp-content\/uploads\/2020\/09\/birdie-evo-invacare-800x500.png\" alt=\"Elevador Birdie evo invacare\" width=\"451\" height=\"282\" srcset=\"https:\/\/img.maisquecuidar.com\/loja\/wp-content\/uploads\/2020\/09\/birdie-evo-invacare-800x500.png 800w, https:\/\/img.maisquecuidar.com\/loja\/wp-content\/uploads\/2020\/09\/birdie-evo-invacare-380x238.png 380w, https:\/\/img.maisquecuidar.com\/loja\/wp-content\/uploads\/2020\/09\/birdie-evo-invacare-1024x640.png 1024w, https:\/\/img.maisquecuidar.com\/loja\/wp-content\/uploads\/2020\/09\/birdie-evo-invacare-768x480.png 768w, https:\/\/img.maisquecuidar.com\/loja\/wp-content\/uploads\/2020\/09\/birdie-evo-invacare-350x219.png 350w, https:\/\/img.maisquecuidar.com\/loja\/wp-content\/uploads\/2020\/09\/birdie-evo-invacare.png 1280w\" sizes=\"(max-width: 451px) 100vw, 451px\" \/><\/p>\n<p>Pode ser facilmente encartado e desencartado (fechado e aberto) sem a necessidade de usar ferramentas. Os elevadores ocupam o m\u00ednimo de espa\u00e7o quando arrumados e s\u00e3o f\u00e1ceis de empurrar e transportar.<\/p>\n<p>O elevador Birdie Evo Compact pesa apenas 31 kg tornando-o ainda mais f\u00e1cil de transportar e arrumar.<\/p>\n<p>Design dos ganchos inovador. Consegue-se montar a cesta na barra com uma s\u00f3 m\u00e3o. As fivelas da cesta ficam devidamente presas, oferecendo a m\u00e1xima seguran\u00e7a.<\/p>\n<p><strong>Caracter\u00edsticas a destacar:<\/strong><\/p>\n<ul>\n<li>Os punhos ergon\u00f3micos facilitam a condu\u00e7\u00e3o e as manobras.<\/li>\n<li>O design curvil\u00edneo do bra\u00e7o e da barra da cesta permite manter o contacto visual do cuidador com o utilizador durante todo o processo de transfer\u00eancia.<\/li>\n<li>O design ergon\u00f3mico e curvo das pernas, permite chegar mais perto de poltronas ou cadeiras de rodas mais largas assim como oferece uma sensa\u00e7\u00e3o de maior aconchego.<\/li>\n<\/ul>\n<p><a href=\"https:\/\/img.maisquecuidar.com\/loja\/wp-content\/uploads\/2020\/09\/elevador-evo-birdie.jpg\"><img decoding=\"async\" class=\"alignnone  wp-image-20921 lazyload\" data-src=\"https:\/\/img.maisquecuidar.com\/loja\/wp-content\/uploads\/2020\/09\/elevador-evo-birdie.jpg\" alt=\"Elevador de transfer\u00eancia Evo Birdie da Invacare\" width=\"294\" height=\"308\" data-srcset=\"https:\/\/img.maisquecuidar.com\/loja\/wp-content\/uploads\/2020\/09\/elevador-evo-birdie.jpg 429w, https:\/\/img.maisquecuidar.com\/loja\/wp-content\/uploads\/2020\/09\/elevador-evo-birdie-380x398.jpg 380w\" data-sizes=\"(max-width: 294px) 100vw, 294px\" src=\"data:image\/svg+xml;base64,PHN2ZyB3aWR0aD0iMSIgaGVpZ2h0PSIxIiB4bWxucz0iaHR0cDovL3d3dy53My5vcmcvMjAwMC9zdmciPjwvc3ZnPg==\" style=\"--smush-placeholder-width: 294px; --smush-placeholder-aspect-ratio: 294\/308;\" \/><\/a><\/p>\n<p><strong>O elevador Birdie Evo<\/strong> \u00e9 a vers\u00e3o melhorada do l\u00edder de mercado Birdie, desenvolvida para possibilitar transfer\u00eancias seguras, tanto em ambientes institucionais como domicili\u00e1rios. Dobr\u00e1vel e com abertura de pernas manual. D\u00edsponivel com barra de 4 pontos e fornecido com a cesta standard.<\/p>\n<p>O tamanho reduzido do Birdie Evo Compact permite realizar manobras de forma f\u00e1cil em espa\u00e7os reduzidos. Dobr\u00e1vel e com abertura de pernas manual. Dispon\u00edvel com barra de cesta de 4 pontos. Fornecido com cesta standard.<\/p>\n<p><strong>Op\u00e7\u00f5es e acess\u00f3rios:<\/strong><\/p>\n<ul>\n<li>Abertura de pernas el\u00e9trica ou manual;<\/li>\n<li>Descida de emerg\u00eancia;<\/li>\n<li>Barras de coloca\u00e7\u00e3o da cesta com 4 pontos em v\u00e1rios tamanhos;<\/li>\n<li>Alavanca para abertura das pernas;<\/li>\n<li>Balan\u00e7a para controlo de peso;<\/li>\n<li>Vasta gama de cestas dispon\u00edveis em v\u00e1rios modelos, tecidos e tamanhos.<\/li>\n<\/ul>\n","protected":false},"excerpt":{"rendered":"<p>Elevador de Transfer\u00eancia Birdie Evo A gama de elevadores de transfer\u00eancia Invacare Birdie Evo foi desenvolvida para oferecer v\u00e1rias op\u00e7\u00f5es, que conjugadas com novas tecnologias, proporcionam o m\u00e1ximo de conforto e seguran\u00e7a quando elevar ou transferir o utilizador com mobilidade reduzida de ou para a cama, cadeira ou at\u00e9 mesmo ch\u00e3o. O elevador Invacare Birdie&hellip;&nbsp;<a href=\"https:\/\/www.maisquecuidar.com\/loja\/transferencias\/elevadores-de-transferencia\/invacare-birdie-evo\" rel=\"bookmark\">Ler mais &raquo;<span class=\"screen-reader-text\">Elevador de Transfer\u00eancia Birdie Evo 4 Pontos de Fixa\u00e7\u00e3o<\/span><\/a><\/p>\n","protected":false},"featured_media":20915,"template":"","meta":{"_acf_changed":false,"neve_meta_sidebar":"","neve_meta_container":"","neve_meta_enable_content_width":"off","neve_meta_content_width":100,"neve_meta_title_alignment":"","neve_meta_author_avatar":"","neve_post_elements_order":"","neve_meta_disable_header":"","neve_meta_disable_footer":"","neve_meta_disable_title":""},"product_brand":[],"product_cat":[95],"product_tag":[],"class_list":{"0":"post-14302","1":"product","2":"type-product","3":"status-publish","4":"has-post-thumbnail","6":"product_cat-elevadores-de-transferencia","8":"first","9":"instock","10":"taxable","11":"shipping-taxable","12":"purchasable","13":"product-type-variable"},"acf":[],"yoast_head":"<!-- This site is optimized with the Yoast SEO plugin v27.5 - https:\/\/yoast.com\/product\/yoast-seo-wordpress\/ -->\n<title>Elevador para idosos Invacare Birdie Evo - Mais que Cuidar<\/title>\n<meta name=\"description\" content=\"Descubra o elevador de transfer\u00eancia Invacare Birdie Evo recomendado para pessoas com mobilidade reduzida. Confira o pre\u00e7o!\" \/>\n<meta name=\"robots\" content=\"index, follow, max-snippet:-1, max-image-preview:large, max-video-preview:-1\" \/>\n<link rel=\"canonical\" href=\"https:\/\/www.maisquecuidar.com\/loja\/transferencias\/elevadores-de-transferencia\/invacare-birdie-evo\" \/>\n<meta property=\"og:locale\" content=\"pt_PT\" \/>\n<meta property=\"og:type\" content=\"article\" \/>\n<meta property=\"og:title\" content=\"Elevador para idosos Invacare Birdie Evo - Mais que Cuidar\" \/>\n<meta property=\"og:description\" content=\"Descubra o elevador de transfer\u00eancia Invacare Birdie Evo recomendado para pessoas com mobilidade reduzida. Confira o pre\u00e7o!\" \/>\n<meta property=\"og:url\" content=\"https:\/\/www.maisquecuidar.com\/loja\/transferencias\/elevadores-de-transferencia\/invacare-birdie-evo\" \/>\n<meta property=\"og:site_name\" content=\"Mais que Cuidar\" \/>\n<meta property=\"article:publisher\" content=\"https:\/\/www.facebook.com\/maisquecuidar.pt\" \/>\n<meta property=\"article:modified_time\" content=\"2026-01-13T23:19:05+00:00\" \/>\n<meta property=\"og:image\" content=\"https:\/\/img.maisquecuidar.com\/loja\/wp-content\/uploads\/2020\/09\/elevador-evo-birdie-4-pontos.png\" \/>\n\t<meta property=\"og:image:width\" content=\"1280\" \/>\n\t<meta property=\"og:image:height\" content=\"800\" \/>\n\t<meta property=\"og:image:type\" content=\"image\/png\" \/>\n<meta name=\"twitter:label1\" content=\"Tempo estimado de leitura\" \/>\n\t<meta name=\"twitter:data1\" content=\"3 minutos\" \/>\n<script type=\"application\/ld+json\" class=\"yoast-schema-graph\">{\"@context\":\"https:\\\/\\\/schema.org\",\"@graph\":[{\"@type\":\"WebPage\",\"@id\":\"https:\\\/\\\/www.maisquecuidar.com\\\/loja\\\/transferencias\\\/elevadores-de-transferencia\\\/invacare-birdie-evo\",\"url\":\"https:\\\/\\\/www.maisquecuidar.com\\\/loja\\\/transferencias\\\/elevadores-de-transferencia\\\/invacare-birdie-evo\",\"name\":\"Elevador para idosos Invacare Birdie Evo - Mais que Cuidar\",\"isPartOf\":{\"@id\":\"https:\\\/\\\/www.maisquecuidar.com\\\/loja\\\/#website\"},\"primaryImageOfPage\":{\"@id\":\"https:\\\/\\\/www.maisquecuidar.com\\\/loja\\\/transferencias\\\/elevadores-de-transferencia\\\/invacare-birdie-evo#primaryimage\"},\"image\":{\"@id\":\"https:\\\/\\\/www.maisquecuidar.com\\\/loja\\\/transferencias\\\/elevadores-de-transferencia\\\/invacare-birdie-evo#primaryimage\"},\"thumbnailUrl\":\"https:\\\/\\\/img.maisquecuidar.com\\\/loja\\\/wp-content\\\/uploads\\\/2020\\\/09\\\/elevador-evo-birdie-4-pontos.png\",\"datePublished\":\"2020-09-21T23:13:09+00:00\",\"dateModified\":\"2026-01-13T23:19:05+00:00\",\"description\":\"Descubra o elevador de transfer\u00eancia Invacare Birdie Evo recomendado para pessoas com mobilidade reduzida. Confira o pre\u00e7o!\",\"breadcrumb\":{\"@id\":\"https:\\\/\\\/www.maisquecuidar.com\\\/loja\\\/transferencias\\\/elevadores-de-transferencia\\\/invacare-birdie-evo#breadcrumb\"},\"inLanguage\":\"pt-PT\",\"potentialAction\":[{\"@type\":\"ReadAction\",\"target\":[\"https:\\\/\\\/www.maisquecuidar.com\\\/loja\\\/transferencias\\\/elevadores-de-transferencia\\\/invacare-birdie-evo\"]}]},{\"@type\":\"ImageObject\",\"inLanguage\":\"pt-PT\",\"@id\":\"https:\\\/\\\/www.maisquecuidar.com\\\/loja\\\/transferencias\\\/elevadores-de-transferencia\\\/invacare-birdie-evo#primaryimage\",\"url\":\"https:\\\/\\\/img.maisquecuidar.com\\\/loja\\\/wp-content\\\/uploads\\\/2020\\\/09\\\/elevador-evo-birdie-4-pontos.png\",\"contentUrl\":\"https:\\\/\\\/img.maisquecuidar.com\\\/loja\\\/wp-content\\\/uploads\\\/2020\\\/09\\\/elevador-evo-birdie-4-pontos.png\",\"width\":1280,\"height\":800,\"caption\":\"Elevador para transferir pessoas com mobilidade reduzida. Modelo Birdie Evo de 4 pontos de fixa\u00e7\u00e3o\"},{\"@type\":\"BreadcrumbList\",\"@id\":\"https:\\\/\\\/www.maisquecuidar.com\\\/loja\\\/transferencias\\\/elevadores-de-transferencia\\\/invacare-birdie-evo#breadcrumb\",\"itemListElement\":[{\"@type\":\"ListItem\",\"position\":1,\"name\":\"Home\",\"item\":\"https:\\\/\\\/www.maisquecuidar.com\\\/loja\\\/\"},{\"@type\":\"ListItem\",\"position\":2,\"name\":\"Loja Online de Ortopedia e Geriatria em Portugal\",\"item\":\"https:\\\/\\\/www.maisquecuidar.com\\\/loja\\\/loja\"},{\"@type\":\"ListItem\",\"position\":3,\"name\":\"Transfer\u00eancias\",\"item\":\"https:\\\/\\\/www.maisquecuidar.com\\\/loja\\\/transferencias\"},{\"@type\":\"ListItem\",\"position\":4,\"name\":\"Elevadores de Transfer\u00eancia\",\"item\":\"https:\\\/\\\/www.maisquecuidar.com\\\/loja\\\/transferencias\\\/elevadores-de-transferencia\"},{\"@type\":\"ListItem\",\"position\":5,\"name\":\"Elevador de Transfer\u00eancia Birdie Evo 4 Pontos de Fixa\u00e7\u00e3o\"}]},{\"@type\":\"WebSite\",\"@id\":\"https:\\\/\\\/www.maisquecuidar.com\\\/loja\\\/#website\",\"url\":\"https:\\\/\\\/www.maisquecuidar.com\\\/loja\\\/\",\"name\":\"Mais que Cuidar\",\"description\":\"Sa\u00fade, Ortopedia e Geriatria\",\"publisher\":{\"@id\":\"https:\\\/\\\/www.maisquecuidar.com\\\/loja\\\/#organization\"},\"potentialAction\":[{\"@type\":\"SearchAction\",\"target\":{\"@type\":\"EntryPoint\",\"urlTemplate\":\"https:\\\/\\\/www.maisquecuidar.com\\\/loja\\\/?s={search_term_string}\"},\"query-input\":{\"@type\":\"PropertyValueSpecification\",\"valueRequired\":true,\"valueName\":\"search_term_string\"}}],\"inLanguage\":\"pt-PT\"},{\"@type\":\"Organization\",\"@id\":\"https:\\\/\\\/www.maisquecuidar.com\\\/loja\\\/#organization\",\"name\":\"Mais Que Cuidar\",\"url\":\"https:\\\/\\\/www.maisquecuidar.com\\\/loja\\\/\",\"logo\":{\"@type\":\"ImageObject\",\"inLanguage\":\"pt-PT\",\"@id\":\"https:\\\/\\\/www.maisquecuidar.com\\\/loja\\\/#\\\/schema\\\/logo\\\/image\\\/\",\"url\":\"https:\\\/\\\/img.maisquecuidar.com\\\/loja\\\/wp-content\\\/uploads\\\/2019\\\/08\\\/logo-mais-que-cuidar-retina.png\",\"contentUrl\":\"https:\\\/\\\/img.maisquecuidar.com\\\/loja\\\/wp-content\\\/uploads\\\/2019\\\/08\\\/logo-mais-que-cuidar-retina.png\",\"width\":565,\"height\":75,\"caption\":\"Mais Que Cuidar\"},\"image\":{\"@id\":\"https:\\\/\\\/www.maisquecuidar.com\\\/loja\\\/#\\\/schema\\\/logo\\\/image\\\/\"},\"sameAs\":[\"https:\\\/\\\/www.facebook.com\\\/maisquecuidar.pt\",\"https:\\\/\\\/www.instagram.com\\\/maisquecuidar\"]}]}<\/script>\n<!-- \/ Yoast SEO plugin. -->","yoast_head_json":{"title":"Elevador para idosos Invacare Birdie Evo - Mais que Cuidar","description":"Descubra o elevador de transfer\u00eancia Invacare Birdie Evo recomendado para pessoas com mobilidade reduzida. Confira o pre\u00e7o!","robots":{"index":"index","follow":"follow","max-snippet":"max-snippet:-1","max-image-preview":"max-image-preview:large","max-video-preview":"max-video-preview:-1"},"canonical":"https:\/\/www.maisquecuidar.com\/loja\/transferencias\/elevadores-de-transferencia\/invacare-birdie-evo","og_locale":"pt_PT","og_type":"article","og_title":"Elevador para idosos Invacare Birdie Evo - Mais que Cuidar","og_description":"Descubra o elevador de transfer\u00eancia Invacare Birdie Evo recomendado para pessoas com mobilidade reduzida. Confira o pre\u00e7o!","og_url":"https:\/\/www.maisquecuidar.com\/loja\/transferencias\/elevadores-de-transferencia\/invacare-birdie-evo","og_site_name":"Mais que Cuidar","article_publisher":"https:\/\/www.facebook.com\/maisquecuidar.pt","article_modified_time":"2026-01-13T23:19:05+00:00","og_image":[{"width":1280,"height":800,"url":"https:\/\/img.maisquecuidar.com\/loja\/wp-content\/uploads\/2020\/09\/elevador-evo-birdie-4-pontos.png","type":"image\/png"}],"twitter_misc":{"Tempo estimado de leitura":"3 minutos"},"schema":{"@context":"https:\/\/schema.org","@graph":[{"@type":"WebPage","@id":"https:\/\/www.maisquecuidar.com\/loja\/transferencias\/elevadores-de-transferencia\/invacare-birdie-evo","url":"https:\/\/www.maisquecuidar.com\/loja\/transferencias\/elevadores-de-transferencia\/invacare-birdie-evo","name":"Elevador para idosos Invacare Birdie Evo - Mais que Cuidar","isPartOf":{"@id":"https:\/\/www.maisquecuidar.com\/loja\/#website"},"primaryImageOfPage":{"@id":"https:\/\/www.maisquecuidar.com\/loja\/transferencias\/elevadores-de-transferencia\/invacare-birdie-evo#primaryimage"},"image":{"@id":"https:\/\/www.maisquecuidar.com\/loja\/transferencias\/elevadores-de-transferencia\/invacare-birdie-evo#primaryimage"},"thumbnailUrl":"https:\/\/img.maisquecuidar.com\/loja\/wp-content\/uploads\/2020\/09\/elevador-evo-birdie-4-pontos.png","datePublished":"2020-09-21T23:13:09+00:00","dateModified":"2026-01-13T23:19:05+00:00","description":"Descubra o elevador de transfer\u00eancia Invacare Birdie Evo recomendado para pessoas com mobilidade reduzida. Confira o pre\u00e7o!","breadcrumb":{"@id":"https:\/\/www.maisquecuidar.com\/loja\/transferencias\/elevadores-de-transferencia\/invacare-birdie-evo#breadcrumb"},"inLanguage":"pt-PT","potentialAction":[{"@type":"ReadAction","target":["https:\/\/www.maisquecuidar.com\/loja\/transferencias\/elevadores-de-transferencia\/invacare-birdie-evo"]}]},{"@type":"ImageObject","inLanguage":"pt-PT","@id":"https:\/\/www.maisquecuidar.com\/loja\/transferencias\/elevadores-de-transferencia\/invacare-birdie-evo#primaryimage","url":"https:\/\/img.maisquecuidar.com\/loja\/wp-content\/uploads\/2020\/09\/elevador-evo-birdie-4-pontos.png","contentUrl":"https:\/\/img.maisquecuidar.com\/loja\/wp-content\/uploads\/2020\/09\/elevador-evo-birdie-4-pontos.png","width":1280,"height":800,"caption":"Elevador para transferir pessoas com mobilidade reduzida. Modelo Birdie Evo de 4 pontos de fixa\u00e7\u00e3o"},{"@type":"BreadcrumbList","@id":"https:\/\/www.maisquecuidar.com\/loja\/transferencias\/elevadores-de-transferencia\/invacare-birdie-evo#breadcrumb","itemListElement":[{"@type":"ListItem","position":1,"name":"Home","item":"https:\/\/www.maisquecuidar.com\/loja\/"},{"@type":"ListItem","position":2,"name":"Loja Online de Ortopedia e Geriatria em Portugal","item":"https:\/\/www.maisquecuidar.com\/loja\/loja"},{"@type":"ListItem","position":3,"name":"Transfer\u00eancias","item":"https:\/\/www.maisquecuidar.com\/loja\/transferencias"},{"@type":"ListItem","position":4,"name":"Elevadores de Transfer\u00eancia","item":"https:\/\/www.maisquecuidar.com\/loja\/transferencias\/elevadores-de-transferencia"},{"@type":"ListItem","position":5,"name":"Elevador de Transfer\u00eancia Birdie Evo 4 Pontos de Fixa\u00e7\u00e3o"}]},{"@type":"WebSite","@id":"https:\/\/www.maisquecuidar.com\/loja\/#website","url":"https:\/\/www.maisquecuidar.com\/loja\/","name":"Mais que Cuidar","description":"Sa\u00fade, Ortopedia e Geriatria","publisher":{"@id":"https:\/\/www.maisquecuidar.com\/loja\/#organization"},"potentialAction":[{"@type":"SearchAction","target":{"@type":"EntryPoint","urlTemplate":"https:\/\/www.maisquecuidar.com\/loja\/?s={search_term_string}"},"query-input":{"@type":"PropertyValueSpecification","valueRequired":true,"valueName":"search_term_string"}}],"inLanguage":"pt-PT"},{"@type":"Organization","@id":"https:\/\/www.maisquecuidar.com\/loja\/#organization","name":"Mais Que Cuidar","url":"https:\/\/www.maisquecuidar.com\/loja\/","logo":{"@type":"ImageObject","inLanguage":"pt-PT","@id":"https:\/\/www.maisquecuidar.com\/loja\/#\/schema\/logo\/image\/","url":"https:\/\/img.maisquecuidar.com\/loja\/wp-content\/uploads\/2019\/08\/logo-mais-que-cuidar-retina.png","contentUrl":"https:\/\/img.maisquecuidar.com\/loja\/wp-content\/uploads\/2019\/08\/logo-mais-que-cuidar-retina.png","width":565,"height":75,"caption":"Mais Que Cuidar"},"image":{"@id":"https:\/\/www.maisquecuidar.com\/loja\/#\/schema\/logo\/image\/"},"sameAs":["https:\/\/www.facebook.com\/maisquecuidar.pt","https:\/\/www.instagram.com\/maisquecuidar"]}]}},"_links":{"self":[{"href":"https:\/\/www.maisquecuidar.com\/loja\/wp-json\/wp\/v2\/product\/14302","targetHints":{"allow":["GET"]}}],"collection":[{"href":"https:\/\/www.maisquecuidar.com\/loja\/wp-json\/wp\/v2\/product"}],"about":[{"href":"https:\/\/www.maisquecuidar.com\/loja\/wp-json\/wp\/v2\/types\/product"}],"wp:featuredmedia":[{"embeddable":true,"href":"https:\/\/www.maisquecuidar.com\/loja\/wp-json\/wp\/v2\/media\/20915"}],"wp:attachment":[{"href":"https:\/\/www.maisquecuidar.com\/loja\/wp-json\/wp\/v2\/media?parent=14302"}],"wp:term":[{"taxonomy":"product_brand","embeddable":true,"href":"https:\/\/www.maisquecuidar.com\/loja\/wp-json\/wp\/v2\/product_brand?post=14302"},{"taxonomy":"product_cat","embeddable":true,"href":"https:\/\/www.maisquecuidar.com\/loja\/wp-json\/wp\/v2\/product_cat?post=14302"},{"taxonomy":"product_tag","embeddable":true,"href":"https:\/\/www.maisquecuidar.com\/loja\/wp-json\/wp\/v2\/product_tag?post=14302"}],"curies":[{"name":"wp","href":"https:\/\/api.w.org\/{rel}","templated":true}]}}