{"id":13002,"date":"2020-02-09T19:58:01","date_gmt":"2020-02-09T19:58:01","guid":{"rendered":"https:\/\/www.maisquecuidar.com\/loja\/?post_type=product&#038;p=13002"},"modified":"2026-03-18T10:55:42","modified_gmt":"2026-03-18T10:55:42","slug":"dispositivo-eletrico-alber-smoov-one","status":"publish","type":"product","link":"https:\/\/www.maisquecuidar.com\/loja\/mais-mobilidade\/cadeiras-de-rodas\/dispositivos-electricos\/dispositivo-eletrico-alber-smoov-one","title":{"rendered":"Propulsor El\u00e9trico Alber Smoov One Invacare"},"content":{"rendered":"<p><strong>O Alber Smoov\u00a0 One \u00e9 um dispositivo el\u00e9trico inteligente e inovador para utilizadores de cadeiras de rodas ativas.<\/strong><\/p>\n<p>\u00c9 o companheiro perfeito para o dia-a-dia e pode ser facilmente instalado na cadeira sempre que necess\u00e1rio.<\/p>\n<p>Com uma velocidade m\u00e1xima de 10 km\/h, o Alber Smoov One \u00e9 um dispositivo el\u00e9trico que ajuda \u00e0 propuls\u00e3o da cadeira de rodas. Com uma autonomia at\u00e9 20 km, o Smoov One leva-o ao destino de uma forma segura, sem esfor\u00e7o e sempre com muito estilo.<\/p>\n<p>\u00c9 fi\u00e1vel em qualquer tipo de piso &#8211; mesmo inclina\u00e7\u00f5es at\u00e9 16% n\u00e3o s\u00e3o problema para o Smoov One. Poder\u00e1 subir passeios facilmente gra\u00e7as \u00e0 roda flex\u00edvel com forqueta girat\u00f3ria a 360\u00b0. Com o Smoov One, vai deixar de evitar desloca\u00e7\u00f5es a determinados locais.<\/p>\n<p><strong>F\u00e1cil utiliza\u00e7\u00e3o, todos os dias<\/strong><\/p>\n<p>Poder\u00e1 definir a velocidade com o comando e parar em caso de emerg\u00eancia. As luzes LED mostram o estado da bateria tanto da unidade de propuls\u00e3o como do comando. Pode facilmente instalar e desinstalar o Alber Smoov One mesmo estando sentado na cadeira de rodas.<\/p>\n<p><strong>A App Mobility para o Smoov One<\/strong><\/p>\n<p>Conecte o seu Alber Smoov One ao smartphone, altere os perfis consoante as necessidades e mantenha-se atento \u00e0 capacidade da bateria, autonomia, etc. Gra\u00e7as \u00e0 mais recente tecnologia Bluetooth, o Smoov One \u00e9 compat\u00edvel com telem\u00f3veis com sistema operativo Android e iOS. A App Mobility ofere uma vasta gama de op\u00e7\u00f5es sem custo e atualiza\u00e7\u00f5es. Descarregue a App atrav\u00e9s do Google Play ou App Store.<\/p>\n<h3>Em Destaque:<\/h3>\n<ul>\n<li><strong>Unidade de propuls\u00e3o: <\/strong>Estrutura em alum\u00ednio com pack de baterias de i\u00f5es de l\u00edtio integradas para uma autonomia de 20 km. Condu\u00e7\u00e3o potente para um m\u00e1ximo de velocidade de 10 km\/h. Bot\u00e3o on\/off e luzes que mostram a capacidade da bateria e o estado de funcionamento.Entrada integrada para carregador magn\u00e9tico para carregar a unidade de propuls\u00e3o e entrada USB-C para carregar o comando ou o smartphone.&nbsp;<\/li>\n<li><strong>Comando ergon\u00f3mico: <\/strong>Comando t\u00e1til e intuitivo para definir a velocidade e parar em caso de emerg\u00eancia. As luzes LED mostram o estado da bateria, o estado do comando e do Alber Smoov One. C\u00e9lulas da bateria com i\u00f5es de l\u00edtio integrados para um tempo de utiliza\u00e7\u00e3o de aproximadamente 20 horas.<\/li>\n<li><strong>Carregador e cabo<\/strong>: Cabo pequeno que carrega e deteta automaticamente quando a carga est\u00e1 completa. Carregador multifun\u00e7\u00f5es para viajar com o Smoov. Tempo de carregamento da bateria vazia de aproximadamente 6 horas. Cabos USB-C para carregamento do comando na unidade de propuls\u00e3o. Comprimento de aproximadamente 0.5 m.<\/li>\n<li><strong>Fixa\u00e7\u00e3o \u00e0 cadeira de rodas: <\/strong>O Alber Smoov One \u00e9 compat\u00edvel com cadeiras de rodas de chassis r\u00edgido atrav\u00e9s da montagem de uma pe\u00e7a de fixa\u00e7\u00e3o no tubo do eixo traseiro da cadeira. Esta pe\u00e7a est\u00e1 dispon\u00edvel para todos di\u00e2metros mais comuns de tubos. Para montar o Smoov One nos chassis de encartar \u00e9 necess\u00e1rio um adaptador que \u00e9 fixo entre os dois eixos da cadeira de rodas. A grande parte doschassis de encartar podem ser combinados com o Smoov One at\u00e9 um m\u00e1ximo de 2\u00b0 camber.<\/li>\n<\/ul>\n","protected":false},"excerpt":{"rendered":"<p>Propulsor El\u00e9trico para utilizadores de cadeiras de rodas<\/p>\n","protected":false},"featured_media":15655,"template":"","meta":{"_acf_changed":false,"neve_meta_sidebar":"","neve_meta_container":"","neve_meta_enable_content_width":"off","neve_meta_content_width":100,"neve_meta_title_alignment":"","neve_meta_author_avatar":"","neve_post_elements_order":"","neve_meta_disable_header":"","neve_meta_disable_footer":"","neve_meta_disable_title":""},"product_brand":[],"product_cat":[86],"product_tag":[],"class_list":{"0":"post-13002","1":"product","2":"type-product","3":"status-publish","4":"has-post-thumbnail","6":"product_cat-dispositivos-electricos","8":"first","9":"onbackorder","10":"taxable","11":"shipping-taxable","12":"purchasable","13":"product-type-variable"},"acf":[],"yoast_head":"<!-- This site is optimized with the Yoast SEO plugin v27.5 - https:\/\/yoast.com\/product\/yoast-seo-wordpress\/ -->\n<title>Propulsor El\u00e9trico Alber Smoov One Invacare - Mais que Cuidar<\/title>\n<meta name=\"description\" content=\"Conhe\u00e7a o propulsor el\u00e9trico Alber Smoov One da Invacare para utilizadores de cadeiras de rodas ativas. Marque uma demonstra\u00e7\u00e3o gratuita.\" \/>\n<meta name=\"robots\" content=\"index, follow, max-snippet:-1, max-image-preview:large, max-video-preview:-1\" \/>\n<link rel=\"canonical\" href=\"https:\/\/www.maisquecuidar.com\/loja\/mais-mobilidade\/cadeiras-de-rodas\/dispositivos-electricos\/dispositivo-eletrico-alber-smoov-one\" \/>\n<meta property=\"og:locale\" content=\"pt_PT\" \/>\n<meta property=\"og:type\" content=\"article\" \/>\n<meta property=\"og:title\" content=\"Propulsor El\u00e9trico Alber Smoov One Invacare - Mais que Cuidar\" \/>\n<meta property=\"og:description\" content=\"Conhe\u00e7a o propulsor el\u00e9trico Alber Smoov One da Invacare para utilizadores de cadeiras de rodas ativas. Marque uma demonstra\u00e7\u00e3o gratuita.\" \/>\n<meta property=\"og:url\" content=\"https:\/\/www.maisquecuidar.com\/loja\/mais-mobilidade\/cadeiras-de-rodas\/dispositivos-electricos\/dispositivo-eletrico-alber-smoov-one\" \/>\n<meta property=\"og:site_name\" content=\"Mais que Cuidar\" \/>\n<meta property=\"article:publisher\" content=\"https:\/\/www.facebook.com\/maisquecuidar.pt\" \/>\n<meta property=\"article:modified_time\" content=\"2026-03-18T10:55:42+00:00\" \/>\n<meta property=\"og:image\" content=\"https:\/\/img.maisquecuidar.com\/loja\/wp-content\/uploads\/2020\/02\/invacare-alber-smoov-one.png\" \/>\n\t<meta property=\"og:image:width\" content=\"1280\" \/>\n\t<meta property=\"og:image:height\" content=\"800\" \/>\n\t<meta property=\"og:image:type\" content=\"image\/png\" \/>\n<meta name=\"twitter:label1\" content=\"Tempo estimado de leitura\" \/>\n\t<meta name=\"twitter:data1\" content=\"3 minutos\" \/>\n<script type=\"application\/ld+json\" class=\"yoast-schema-graph\">{\"@context\":\"https:\\\/\\\/schema.org\",\"@graph\":[{\"@type\":\"WebPage\",\"@id\":\"https:\\\/\\\/www.maisquecuidar.com\\\/loja\\\/mais-mobilidade\\\/cadeiras-de-rodas\\\/dispositivos-electricos\\\/dispositivo-eletrico-alber-smoov-one\",\"url\":\"https:\\\/\\\/www.maisquecuidar.com\\\/loja\\\/mais-mobilidade\\\/cadeiras-de-rodas\\\/dispositivos-electricos\\\/dispositivo-eletrico-alber-smoov-one\",\"name\":\"Propulsor El\u00e9trico Alber Smoov One Invacare - Mais que Cuidar\",\"isPartOf\":{\"@id\":\"https:\\\/\\\/www.maisquecuidar.com\\\/loja\\\/#website\"},\"primaryImageOfPage\":{\"@id\":\"https:\\\/\\\/www.maisquecuidar.com\\\/loja\\\/mais-mobilidade\\\/cadeiras-de-rodas\\\/dispositivos-electricos\\\/dispositivo-eletrico-alber-smoov-one#primaryimage\"},\"image\":{\"@id\":\"https:\\\/\\\/www.maisquecuidar.com\\\/loja\\\/mais-mobilidade\\\/cadeiras-de-rodas\\\/dispositivos-electricos\\\/dispositivo-eletrico-alber-smoov-one#primaryimage\"},\"thumbnailUrl\":\"https:\\\/\\\/img.maisquecuidar.com\\\/loja\\\/wp-content\\\/uploads\\\/2020\\\/02\\\/invacare-alber-smoov-one.png\",\"datePublished\":\"2020-02-09T19:58:01+00:00\",\"dateModified\":\"2026-03-18T10:55:42+00:00\",\"description\":\"Conhe\u00e7a o propulsor el\u00e9trico Alber Smoov One da Invacare para utilizadores de cadeiras de rodas ativas. Marque uma demonstra\u00e7\u00e3o gratuita.\",\"breadcrumb\":{\"@id\":\"https:\\\/\\\/www.maisquecuidar.com\\\/loja\\\/mais-mobilidade\\\/cadeiras-de-rodas\\\/dispositivos-electricos\\\/dispositivo-eletrico-alber-smoov-one#breadcrumb\"},\"inLanguage\":\"pt-PT\",\"potentialAction\":[{\"@type\":\"ReadAction\",\"target\":[\"https:\\\/\\\/www.maisquecuidar.com\\\/loja\\\/mais-mobilidade\\\/cadeiras-de-rodas\\\/dispositivos-electricos\\\/dispositivo-eletrico-alber-smoov-one\"]}]},{\"@type\":\"ImageObject\",\"inLanguage\":\"pt-PT\",\"@id\":\"https:\\\/\\\/www.maisquecuidar.com\\\/loja\\\/mais-mobilidade\\\/cadeiras-de-rodas\\\/dispositivos-electricos\\\/dispositivo-eletrico-alber-smoov-one#primaryimage\",\"url\":\"https:\\\/\\\/img.maisquecuidar.com\\\/loja\\\/wp-content\\\/uploads\\\/2020\\\/02\\\/invacare-alber-smoov-one.png\",\"contentUrl\":\"https:\\\/\\\/img.maisquecuidar.com\\\/loja\\\/wp-content\\\/uploads\\\/2020\\\/02\\\/invacare-alber-smoov-one.png\",\"width\":1280,\"height\":800,\"caption\":\"Invacare Alber Smoov One\"},{\"@type\":\"BreadcrumbList\",\"@id\":\"https:\\\/\\\/www.maisquecuidar.com\\\/loja\\\/mais-mobilidade\\\/cadeiras-de-rodas\\\/dispositivos-electricos\\\/dispositivo-eletrico-alber-smoov-one#breadcrumb\",\"itemListElement\":[{\"@type\":\"ListItem\",\"position\":1,\"name\":\"Home\",\"item\":\"https:\\\/\\\/www.maisquecuidar.com\\\/loja\\\/\"},{\"@type\":\"ListItem\",\"position\":2,\"name\":\"Loja Online de Ortopedia e Geriatria em Portugal\",\"item\":\"https:\\\/\\\/www.maisquecuidar.com\\\/loja\\\/loja\"},{\"@type\":\"ListItem\",\"position\":3,\"name\":\"Mais Mobilidade\",\"item\":\"https:\\\/\\\/www.maisquecuidar.com\\\/loja\\\/mais-mobilidade\"},{\"@type\":\"ListItem\",\"position\":4,\"name\":\"Cadeiras de Rodas\",\"item\":\"https:\\\/\\\/www.maisquecuidar.com\\\/loja\\\/mais-mobilidade\\\/cadeiras-de-rodas\"},{\"@type\":\"ListItem\",\"position\":5,\"name\":\"Dispositivos El\u00e9ctricos para Cadeiras de Rodas\",\"item\":\"https:\\\/\\\/www.maisquecuidar.com\\\/loja\\\/mais-mobilidade\\\/cadeiras-de-rodas\\\/dispositivos-electricos\"},{\"@type\":\"ListItem\",\"position\":6,\"name\":\"Propulsor El\u00e9trico Alber Smoov One Invacare\"}]},{\"@type\":\"WebSite\",\"@id\":\"https:\\\/\\\/www.maisquecuidar.com\\\/loja\\\/#website\",\"url\":\"https:\\\/\\\/www.maisquecuidar.com\\\/loja\\\/\",\"name\":\"Mais que Cuidar\",\"description\":\"Sa\u00fade, Ortopedia e Geriatria\",\"publisher\":{\"@id\":\"https:\\\/\\\/www.maisquecuidar.com\\\/loja\\\/#organization\"},\"potentialAction\":[{\"@type\":\"SearchAction\",\"target\":{\"@type\":\"EntryPoint\",\"urlTemplate\":\"https:\\\/\\\/www.maisquecuidar.com\\\/loja\\\/?s={search_term_string}\"},\"query-input\":{\"@type\":\"PropertyValueSpecification\",\"valueRequired\":true,\"valueName\":\"search_term_string\"}}],\"inLanguage\":\"pt-PT\"},{\"@type\":\"Organization\",\"@id\":\"https:\\\/\\\/www.maisquecuidar.com\\\/loja\\\/#organization\",\"name\":\"Mais Que Cuidar\",\"url\":\"https:\\\/\\\/www.maisquecuidar.com\\\/loja\\\/\",\"logo\":{\"@type\":\"ImageObject\",\"inLanguage\":\"pt-PT\",\"@id\":\"https:\\\/\\\/www.maisquecuidar.com\\\/loja\\\/#\\\/schema\\\/logo\\\/image\\\/\",\"url\":\"https:\\\/\\\/img.maisquecuidar.com\\\/loja\\\/wp-content\\\/uploads\\\/2019\\\/08\\\/logo-mais-que-cuidar-retina.png\",\"contentUrl\":\"https:\\\/\\\/img.maisquecuidar.com\\\/loja\\\/wp-content\\\/uploads\\\/2019\\\/08\\\/logo-mais-que-cuidar-retina.png\",\"width\":565,\"height\":75,\"caption\":\"Mais Que Cuidar\"},\"image\":{\"@id\":\"https:\\\/\\\/www.maisquecuidar.com\\\/loja\\\/#\\\/schema\\\/logo\\\/image\\\/\"},\"sameAs\":[\"https:\\\/\\\/www.facebook.com\\\/maisquecuidar.pt\",\"https:\\\/\\\/www.instagram.com\\\/maisquecuidar\"]}]}<\/script>\n<!-- \/ Yoast SEO plugin. -->","yoast_head_json":{"title":"Propulsor El\u00e9trico Alber Smoov One Invacare - Mais que Cuidar","description":"Conhe\u00e7a o propulsor el\u00e9trico Alber Smoov One da Invacare para utilizadores de cadeiras de rodas ativas. Marque uma demonstra\u00e7\u00e3o gratuita.","robots":{"index":"index","follow":"follow","max-snippet":"max-snippet:-1","max-image-preview":"max-image-preview:large","max-video-preview":"max-video-preview:-1"},"canonical":"https:\/\/www.maisquecuidar.com\/loja\/mais-mobilidade\/cadeiras-de-rodas\/dispositivos-electricos\/dispositivo-eletrico-alber-smoov-one","og_locale":"pt_PT","og_type":"article","og_title":"Propulsor El\u00e9trico Alber Smoov One Invacare - Mais que Cuidar","og_description":"Conhe\u00e7a o propulsor el\u00e9trico Alber Smoov One da Invacare para utilizadores de cadeiras de rodas ativas. Marque uma demonstra\u00e7\u00e3o gratuita.","og_url":"https:\/\/www.maisquecuidar.com\/loja\/mais-mobilidade\/cadeiras-de-rodas\/dispositivos-electricos\/dispositivo-eletrico-alber-smoov-one","og_site_name":"Mais que Cuidar","article_publisher":"https:\/\/www.facebook.com\/maisquecuidar.pt","article_modified_time":"2026-03-18T10:55:42+00:00","og_image":[{"width":1280,"height":800,"url":"https:\/\/img.maisquecuidar.com\/loja\/wp-content\/uploads\/2020\/02\/invacare-alber-smoov-one.png","type":"image\/png"}],"twitter_misc":{"Tempo estimado de leitura":"3 minutos"},"schema":{"@context":"https:\/\/schema.org","@graph":[{"@type":"WebPage","@id":"https:\/\/www.maisquecuidar.com\/loja\/mais-mobilidade\/cadeiras-de-rodas\/dispositivos-electricos\/dispositivo-eletrico-alber-smoov-one","url":"https:\/\/www.maisquecuidar.com\/loja\/mais-mobilidade\/cadeiras-de-rodas\/dispositivos-electricos\/dispositivo-eletrico-alber-smoov-one","name":"Propulsor El\u00e9trico Alber Smoov One Invacare - Mais que Cuidar","isPartOf":{"@id":"https:\/\/www.maisquecuidar.com\/loja\/#website"},"primaryImageOfPage":{"@id":"https:\/\/www.maisquecuidar.com\/loja\/mais-mobilidade\/cadeiras-de-rodas\/dispositivos-electricos\/dispositivo-eletrico-alber-smoov-one#primaryimage"},"image":{"@id":"https:\/\/www.maisquecuidar.com\/loja\/mais-mobilidade\/cadeiras-de-rodas\/dispositivos-electricos\/dispositivo-eletrico-alber-smoov-one#primaryimage"},"thumbnailUrl":"https:\/\/img.maisquecuidar.com\/loja\/wp-content\/uploads\/2020\/02\/invacare-alber-smoov-one.png","datePublished":"2020-02-09T19:58:01+00:00","dateModified":"2026-03-18T10:55:42+00:00","description":"Conhe\u00e7a o propulsor el\u00e9trico Alber Smoov One da Invacare para utilizadores de cadeiras de rodas ativas. Marque uma demonstra\u00e7\u00e3o gratuita.","breadcrumb":{"@id":"https:\/\/www.maisquecuidar.com\/loja\/mais-mobilidade\/cadeiras-de-rodas\/dispositivos-electricos\/dispositivo-eletrico-alber-smoov-one#breadcrumb"},"inLanguage":"pt-PT","potentialAction":[{"@type":"ReadAction","target":["https:\/\/www.maisquecuidar.com\/loja\/mais-mobilidade\/cadeiras-de-rodas\/dispositivos-electricos\/dispositivo-eletrico-alber-smoov-one"]}]},{"@type":"ImageObject","inLanguage":"pt-PT","@id":"https:\/\/www.maisquecuidar.com\/loja\/mais-mobilidade\/cadeiras-de-rodas\/dispositivos-electricos\/dispositivo-eletrico-alber-smoov-one#primaryimage","url":"https:\/\/img.maisquecuidar.com\/loja\/wp-content\/uploads\/2020\/02\/invacare-alber-smoov-one.png","contentUrl":"https:\/\/img.maisquecuidar.com\/loja\/wp-content\/uploads\/2020\/02\/invacare-alber-smoov-one.png","width":1280,"height":800,"caption":"Invacare Alber Smoov One"},{"@type":"BreadcrumbList","@id":"https:\/\/www.maisquecuidar.com\/loja\/mais-mobilidade\/cadeiras-de-rodas\/dispositivos-electricos\/dispositivo-eletrico-alber-smoov-one#breadcrumb","itemListElement":[{"@type":"ListItem","position":1,"name":"Home","item":"https:\/\/www.maisquecuidar.com\/loja\/"},{"@type":"ListItem","position":2,"name":"Loja Online de Ortopedia e Geriatria em Portugal","item":"https:\/\/www.maisquecuidar.com\/loja\/loja"},{"@type":"ListItem","position":3,"name":"Mais Mobilidade","item":"https:\/\/www.maisquecuidar.com\/loja\/mais-mobilidade"},{"@type":"ListItem","position":4,"name":"Cadeiras de Rodas","item":"https:\/\/www.maisquecuidar.com\/loja\/mais-mobilidade\/cadeiras-de-rodas"},{"@type":"ListItem","position":5,"name":"Dispositivos El\u00e9ctricos para Cadeiras de Rodas","item":"https:\/\/www.maisquecuidar.com\/loja\/mais-mobilidade\/cadeiras-de-rodas\/dispositivos-electricos"},{"@type":"ListItem","position":6,"name":"Propulsor El\u00e9trico Alber Smoov One Invacare"}]},{"@type":"WebSite","@id":"https:\/\/www.maisquecuidar.com\/loja\/#website","url":"https:\/\/www.maisquecuidar.com\/loja\/","name":"Mais que Cuidar","description":"Sa\u00fade, Ortopedia e Geriatria","publisher":{"@id":"https:\/\/www.maisquecuidar.com\/loja\/#organization"},"potentialAction":[{"@type":"SearchAction","target":{"@type":"EntryPoint","urlTemplate":"https:\/\/www.maisquecuidar.com\/loja\/?s={search_term_string}"},"query-input":{"@type":"PropertyValueSpecification","valueRequired":true,"valueName":"search_term_string"}}],"inLanguage":"pt-PT"},{"@type":"Organization","@id":"https:\/\/www.maisquecuidar.com\/loja\/#organization","name":"Mais Que Cuidar","url":"https:\/\/www.maisquecuidar.com\/loja\/","logo":{"@type":"ImageObject","inLanguage":"pt-PT","@id":"https:\/\/www.maisquecuidar.com\/loja\/#\/schema\/logo\/image\/","url":"https:\/\/img.maisquecuidar.com\/loja\/wp-content\/uploads\/2019\/08\/logo-mais-que-cuidar-retina.png","contentUrl":"https:\/\/img.maisquecuidar.com\/loja\/wp-content\/uploads\/2019\/08\/logo-mais-que-cuidar-retina.png","width":565,"height":75,"caption":"Mais Que Cuidar"},"image":{"@id":"https:\/\/www.maisquecuidar.com\/loja\/#\/schema\/logo\/image\/"},"sameAs":["https:\/\/www.facebook.com\/maisquecuidar.pt","https:\/\/www.instagram.com\/maisquecuidar"]}]}},"_links":{"self":[{"href":"https:\/\/www.maisquecuidar.com\/loja\/wp-json\/wp\/v2\/product\/13002","targetHints":{"allow":["GET"]}}],"collection":[{"href":"https:\/\/www.maisquecuidar.com\/loja\/wp-json\/wp\/v2\/product"}],"about":[{"href":"https:\/\/www.maisquecuidar.com\/loja\/wp-json\/wp\/v2\/types\/product"}],"wp:featuredmedia":[{"embeddable":true,"href":"https:\/\/www.maisquecuidar.com\/loja\/wp-json\/wp\/v2\/media\/15655"}],"wp:attachment":[{"href":"https:\/\/www.maisquecuidar.com\/loja\/wp-json\/wp\/v2\/media?parent=13002"}],"wp:term":[{"taxonomy":"product_brand","embeddable":true,"href":"https:\/\/www.maisquecuidar.com\/loja\/wp-json\/wp\/v2\/product_brand?post=13002"},{"taxonomy":"product_cat","embeddable":true,"href":"https:\/\/www.maisquecuidar.com\/loja\/wp-json\/wp\/v2\/product_cat?post=13002"},{"taxonomy":"product_tag","embeddable":true,"href":"https:\/\/www.maisquecuidar.com\/loja\/wp-json\/wp\/v2\/product_tag?post=13002"}],"curies":[{"name":"wp","href":"https:\/\/api.w.org\/{rel}","templated":true}]}}