{"id":11909,"date":"2020-01-03T00:49:48","date_gmt":"2020-01-03T00:49:48","guid":{"rendered":"https:\/\/www.maisquecuidar.com\/loja\/?post_type=product&#038;p=11909"},"modified":"2025-10-01T18:31:58","modified_gmt":"2025-10-01T17:31:58","slug":"nebulizador-ultrassonico-profissional-u17-omron","status":"publish","type":"product","link":"https:\/\/www.maisquecuidar.com\/loja\/produtos-saude\/terapias-respiratorias\/nebulizador-ultrassonico-profissional-u17-omron","title":{"rendered":"Nebulizador Ultrass\u00f3nico Profissional U17 Omron"},"content":{"rendered":"<p>Nebulizador ultrass\u00f3nico profissional com regula\u00e7\u00e3o manual da velocidade de nebuliza\u00e7\u00e3o e com a possibilidade de funcionamento em modo cont\u00ednuo. Ideal para utiliza\u00e7\u00e3o em institui\u00e7\u00f5es (hospitais, cl\u00ednicas, lares de idosos).<\/p>\n<p>Silencioso, robusto e f\u00e1cil de higienizar e desinfetar.<\/p>\n<p>Regulador do fluxo de ar em 11 n\u00edveis.<\/p>\n<p>Tempo de nebuliza\u00e7\u00e3o program\u00e1vel entre 1 a 30 minutos ou em modo cont\u00ednuo at\u00e9 72 horas.<\/p>\n<p>Mostrador LCD retro-iluminado.<\/p>\n<p>Regulador do volume de aerossol produzido em 10 n\u00edveis.<\/p>\n<p>Com alarme indicador de anomalia ou final do tempo de nebuliza\u00e7\u00e3o ajustado.<\/p>\n","protected":false},"excerpt":{"rendered":"<p>Nebulizador com ajuste manual da velocidade de nebuliza\u00e7\u00e3o e com possibilidade de utiliza\u00e7\u00e3o em modo cont\u00ednuo.<\/p>\n","protected":false},"featured_media":11910,"template":"","meta":{"_acf_changed":false,"neve_meta_sidebar":"","neve_meta_container":"","neve_meta_enable_content_width":"","neve_meta_content_width":0,"neve_meta_title_alignment":"","neve_meta_author_avatar":"","neve_post_elements_order":"","neve_meta_disable_header":"","neve_meta_disable_footer":"","neve_meta_disable_title":""},"product_brand":[],"product_cat":[460],"product_tag":[],"class_list":{"0":"post-11909","1":"product","2":"type-product","3":"status-publish","4":"has-post-thumbnail","6":"product_cat-terapias-respiratorias","8":"first","9":"onbackorder","10":"taxable","11":"shipping-taxable","12":"purchasable","13":"product-type-simple"},"acf":[],"yoast_head":"<!-- This site is optimized with the Yoast SEO plugin v27.5 - https:\/\/yoast.com\/product\/yoast-seo-wordpress\/ -->\n<title>Nebulizador Ultrass\u00f3nico Profissional U17 Omron - Mais que Cuidar<\/title>\n<meta name=\"description\" content=\"Descubra o nebulizador ultrass\u00f3nico de utiliza\u00e7\u00e3o profissional U17 da marca Omron. Confira as caracter\u00edsticas, a velocidade de nebuliza\u00e7ao e o pre\u00e7o.\" \/>\n<meta name=\"robots\" content=\"index, follow, max-snippet:-1, max-image-preview:large, max-video-preview:-1\" \/>\n<link rel=\"canonical\" href=\"https:\/\/www.maisquecuidar.com\/loja\/produtos-saude\/terapias-respiratorias\/nebulizador-ultrassonico-profissional-u17-omron\" \/>\n<meta property=\"og:locale\" content=\"pt_PT\" \/>\n<meta property=\"og:type\" content=\"article\" \/>\n<meta property=\"og:title\" content=\"Nebulizador Ultrass\u00f3nico Profissional U17 Omron - Mais que Cuidar\" \/>\n<meta property=\"og:description\" content=\"Descubra o nebulizador ultrass\u00f3nico de utiliza\u00e7\u00e3o profissional U17 da marca Omron. Confira as caracter\u00edsticas, a velocidade de nebuliza\u00e7ao e o pre\u00e7o.\" \/>\n<meta property=\"og:url\" content=\"https:\/\/www.maisquecuidar.com\/loja\/produtos-saude\/terapias-respiratorias\/nebulizador-ultrassonico-profissional-u17-omron\" \/>\n<meta property=\"og:site_name\" content=\"Mais que Cuidar\" \/>\n<meta property=\"article:publisher\" content=\"https:\/\/www.facebook.com\/maisquecuidar.pt\" \/>\n<meta property=\"article:modified_time\" content=\"2025-10-01T17:31:58+00:00\" \/>\n<meta property=\"og:image\" content=\"https:\/\/img.maisquecuidar.com\/loja\/wp-content\/uploads\/2020\/01\/nebulizador-ultrassonico-u17-omron-1.jpg\" \/>\n\t<meta property=\"og:image:width\" content=\"1280\" \/>\n\t<meta property=\"og:image:height\" content=\"800\" \/>\n\t<meta property=\"og:image:type\" content=\"image\/jpeg\" \/>\n<script type=\"application\/ld+json\" class=\"yoast-schema-graph\">{\"@context\":\"https:\\\/\\\/schema.org\",\"@graph\":[{\"@type\":\"WebPage\",\"@id\":\"https:\\\/\\\/www.maisquecuidar.com\\\/loja\\\/produtos-saude\\\/terapias-respiratorias\\\/nebulizador-ultrassonico-profissional-u17-omron\",\"url\":\"https:\\\/\\\/www.maisquecuidar.com\\\/loja\\\/produtos-saude\\\/terapias-respiratorias\\\/nebulizador-ultrassonico-profissional-u17-omron\",\"name\":\"Nebulizador Ultrass\u00f3nico Profissional U17 Omron - Mais que Cuidar\",\"isPartOf\":{\"@id\":\"https:\\\/\\\/www.maisquecuidar.com\\\/loja\\\/#website\"},\"primaryImageOfPage\":{\"@id\":\"https:\\\/\\\/www.maisquecuidar.com\\\/loja\\\/produtos-saude\\\/terapias-respiratorias\\\/nebulizador-ultrassonico-profissional-u17-omron#primaryimage\"},\"image\":{\"@id\":\"https:\\\/\\\/www.maisquecuidar.com\\\/loja\\\/produtos-saude\\\/terapias-respiratorias\\\/nebulizador-ultrassonico-profissional-u17-omron#primaryimage\"},\"thumbnailUrl\":\"https:\\\/\\\/img.maisquecuidar.com\\\/loja\\\/wp-content\\\/uploads\\\/2020\\\/01\\\/nebulizador-ultrassonico-u17-omron-1.jpg\",\"datePublished\":\"2020-01-03T00:49:48+00:00\",\"dateModified\":\"2025-10-01T17:31:58+00:00\",\"description\":\"Descubra o nebulizador ultrass\u00f3nico de utiliza\u00e7\u00e3o profissional U17 da marca Omron. Confira as caracter\u00edsticas, a velocidade de nebuliza\u00e7ao e o pre\u00e7o.\",\"breadcrumb\":{\"@id\":\"https:\\\/\\\/www.maisquecuidar.com\\\/loja\\\/produtos-saude\\\/terapias-respiratorias\\\/nebulizador-ultrassonico-profissional-u17-omron#breadcrumb\"},\"inLanguage\":\"pt-PT\",\"potentialAction\":[{\"@type\":\"ReadAction\",\"target\":[\"https:\\\/\\\/www.maisquecuidar.com\\\/loja\\\/produtos-saude\\\/terapias-respiratorias\\\/nebulizador-ultrassonico-profissional-u17-omron\"]}]},{\"@type\":\"ImageObject\",\"inLanguage\":\"pt-PT\",\"@id\":\"https:\\\/\\\/www.maisquecuidar.com\\\/loja\\\/produtos-saude\\\/terapias-respiratorias\\\/nebulizador-ultrassonico-profissional-u17-omron#primaryimage\",\"url\":\"https:\\\/\\\/img.maisquecuidar.com\\\/loja\\\/wp-content\\\/uploads\\\/2020\\\/01\\\/nebulizador-ultrassonico-u17-omron-1.jpg\",\"contentUrl\":\"https:\\\/\\\/img.maisquecuidar.com\\\/loja\\\/wp-content\\\/uploads\\\/2020\\\/01\\\/nebulizador-ultrassonico-u17-omron-1.jpg\",\"width\":1280,\"height\":800,\"caption\":\"nebulizador ultrass\u00f3nico profissional da Omron\"},{\"@type\":\"BreadcrumbList\",\"@id\":\"https:\\\/\\\/www.maisquecuidar.com\\\/loja\\\/produtos-saude\\\/terapias-respiratorias\\\/nebulizador-ultrassonico-profissional-u17-omron#breadcrumb\",\"itemListElement\":[{\"@type\":\"ListItem\",\"position\":1,\"name\":\"Home\",\"item\":\"https:\\\/\\\/www.maisquecuidar.com\\\/loja\\\/\"},{\"@type\":\"ListItem\",\"position\":2,\"name\":\"Loja Online de Ortopedia e Geriatria em Portugal\",\"item\":\"https:\\\/\\\/www.maisquecuidar.com\\\/loja\\\/loja\"},{\"@type\":\"ListItem\",\"position\":3,\"name\":\"Produtos de Sa\u00fade\",\"item\":\"https:\\\/\\\/www.maisquecuidar.com\\\/loja\\\/produtos-saude\"},{\"@type\":\"ListItem\",\"position\":4,\"name\":\"Terapias Respirat\u00f3rias\",\"item\":\"https:\\\/\\\/www.maisquecuidar.com\\\/loja\\\/produtos-saude\\\/terapias-respiratorias\"},{\"@type\":\"ListItem\",\"position\":5,\"name\":\"Nebulizador Ultrass\u00f3nico Profissional U17 Omron\"}]},{\"@type\":\"WebSite\",\"@id\":\"https:\\\/\\\/www.maisquecuidar.com\\\/loja\\\/#website\",\"url\":\"https:\\\/\\\/www.maisquecuidar.com\\\/loja\\\/\",\"name\":\"Mais que Cuidar\",\"description\":\"Sa\u00fade, Ortopedia e Geriatria\",\"publisher\":{\"@id\":\"https:\\\/\\\/www.maisquecuidar.com\\\/loja\\\/#organization\"},\"potentialAction\":[{\"@type\":\"SearchAction\",\"target\":{\"@type\":\"EntryPoint\",\"urlTemplate\":\"https:\\\/\\\/www.maisquecuidar.com\\\/loja\\\/?s={search_term_string}\"},\"query-input\":{\"@type\":\"PropertyValueSpecification\",\"valueRequired\":true,\"valueName\":\"search_term_string\"}}],\"inLanguage\":\"pt-PT\"},{\"@type\":\"Organization\",\"@id\":\"https:\\\/\\\/www.maisquecuidar.com\\\/loja\\\/#organization\",\"name\":\"Mais Que Cuidar\",\"url\":\"https:\\\/\\\/www.maisquecuidar.com\\\/loja\\\/\",\"logo\":{\"@type\":\"ImageObject\",\"inLanguage\":\"pt-PT\",\"@id\":\"https:\\\/\\\/www.maisquecuidar.com\\\/loja\\\/#\\\/schema\\\/logo\\\/image\\\/\",\"url\":\"https:\\\/\\\/img.maisquecuidar.com\\\/loja\\\/wp-content\\\/uploads\\\/2019\\\/08\\\/logo-mais-que-cuidar-retina.png\",\"contentUrl\":\"https:\\\/\\\/img.maisquecuidar.com\\\/loja\\\/wp-content\\\/uploads\\\/2019\\\/08\\\/logo-mais-que-cuidar-retina.png\",\"width\":565,\"height\":75,\"caption\":\"Mais Que Cuidar\"},\"image\":{\"@id\":\"https:\\\/\\\/www.maisquecuidar.com\\\/loja\\\/#\\\/schema\\\/logo\\\/image\\\/\"},\"sameAs\":[\"https:\\\/\\\/www.facebook.com\\\/maisquecuidar.pt\",\"https:\\\/\\\/www.instagram.com\\\/maisquecuidar\"]}]}<\/script>\n<!-- \/ Yoast SEO plugin. -->","yoast_head_json":{"title":"Nebulizador Ultrass\u00f3nico Profissional U17 Omron - Mais que Cuidar","description":"Descubra o nebulizador ultrass\u00f3nico de utiliza\u00e7\u00e3o profissional U17 da marca Omron. Confira as caracter\u00edsticas, a velocidade de nebuliza\u00e7ao e o pre\u00e7o.","robots":{"index":"index","follow":"follow","max-snippet":"max-snippet:-1","max-image-preview":"max-image-preview:large","max-video-preview":"max-video-preview:-1"},"canonical":"https:\/\/www.maisquecuidar.com\/loja\/produtos-saude\/terapias-respiratorias\/nebulizador-ultrassonico-profissional-u17-omron","og_locale":"pt_PT","og_type":"article","og_title":"Nebulizador Ultrass\u00f3nico Profissional U17 Omron - Mais que Cuidar","og_description":"Descubra o nebulizador ultrass\u00f3nico de utiliza\u00e7\u00e3o profissional U17 da marca Omron. Confira as caracter\u00edsticas, a velocidade de nebuliza\u00e7ao e o pre\u00e7o.","og_url":"https:\/\/www.maisquecuidar.com\/loja\/produtos-saude\/terapias-respiratorias\/nebulizador-ultrassonico-profissional-u17-omron","og_site_name":"Mais que Cuidar","article_publisher":"https:\/\/www.facebook.com\/maisquecuidar.pt","article_modified_time":"2025-10-01T17:31:58+00:00","og_image":[{"width":1280,"height":800,"url":"https:\/\/img.maisquecuidar.com\/loja\/wp-content\/uploads\/2020\/01\/nebulizador-ultrassonico-u17-omron-1.jpg","type":"image\/jpeg"}],"schema":{"@context":"https:\/\/schema.org","@graph":[{"@type":"WebPage","@id":"https:\/\/www.maisquecuidar.com\/loja\/produtos-saude\/terapias-respiratorias\/nebulizador-ultrassonico-profissional-u17-omron","url":"https:\/\/www.maisquecuidar.com\/loja\/produtos-saude\/terapias-respiratorias\/nebulizador-ultrassonico-profissional-u17-omron","name":"Nebulizador Ultrass\u00f3nico Profissional U17 Omron - Mais que Cuidar","isPartOf":{"@id":"https:\/\/www.maisquecuidar.com\/loja\/#website"},"primaryImageOfPage":{"@id":"https:\/\/www.maisquecuidar.com\/loja\/produtos-saude\/terapias-respiratorias\/nebulizador-ultrassonico-profissional-u17-omron#primaryimage"},"image":{"@id":"https:\/\/www.maisquecuidar.com\/loja\/produtos-saude\/terapias-respiratorias\/nebulizador-ultrassonico-profissional-u17-omron#primaryimage"},"thumbnailUrl":"https:\/\/img.maisquecuidar.com\/loja\/wp-content\/uploads\/2020\/01\/nebulizador-ultrassonico-u17-omron-1.jpg","datePublished":"2020-01-03T00:49:48+00:00","dateModified":"2025-10-01T17:31:58+00:00","description":"Descubra o nebulizador ultrass\u00f3nico de utiliza\u00e7\u00e3o profissional U17 da marca Omron. Confira as caracter\u00edsticas, a velocidade de nebuliza\u00e7ao e o pre\u00e7o.","breadcrumb":{"@id":"https:\/\/www.maisquecuidar.com\/loja\/produtos-saude\/terapias-respiratorias\/nebulizador-ultrassonico-profissional-u17-omron#breadcrumb"},"inLanguage":"pt-PT","potentialAction":[{"@type":"ReadAction","target":["https:\/\/www.maisquecuidar.com\/loja\/produtos-saude\/terapias-respiratorias\/nebulizador-ultrassonico-profissional-u17-omron"]}]},{"@type":"ImageObject","inLanguage":"pt-PT","@id":"https:\/\/www.maisquecuidar.com\/loja\/produtos-saude\/terapias-respiratorias\/nebulizador-ultrassonico-profissional-u17-omron#primaryimage","url":"https:\/\/img.maisquecuidar.com\/loja\/wp-content\/uploads\/2020\/01\/nebulizador-ultrassonico-u17-omron-1.jpg","contentUrl":"https:\/\/img.maisquecuidar.com\/loja\/wp-content\/uploads\/2020\/01\/nebulizador-ultrassonico-u17-omron-1.jpg","width":1280,"height":800,"caption":"nebulizador ultrass\u00f3nico profissional da Omron"},{"@type":"BreadcrumbList","@id":"https:\/\/www.maisquecuidar.com\/loja\/produtos-saude\/terapias-respiratorias\/nebulizador-ultrassonico-profissional-u17-omron#breadcrumb","itemListElement":[{"@type":"ListItem","position":1,"name":"Home","item":"https:\/\/www.maisquecuidar.com\/loja\/"},{"@type":"ListItem","position":2,"name":"Loja Online de Ortopedia e Geriatria em Portugal","item":"https:\/\/www.maisquecuidar.com\/loja\/loja"},{"@type":"ListItem","position":3,"name":"Produtos de Sa\u00fade","item":"https:\/\/www.maisquecuidar.com\/loja\/produtos-saude"},{"@type":"ListItem","position":4,"name":"Terapias Respirat\u00f3rias","item":"https:\/\/www.maisquecuidar.com\/loja\/produtos-saude\/terapias-respiratorias"},{"@type":"ListItem","position":5,"name":"Nebulizador Ultrass\u00f3nico Profissional U17 Omron"}]},{"@type":"WebSite","@id":"https:\/\/www.maisquecuidar.com\/loja\/#website","url":"https:\/\/www.maisquecuidar.com\/loja\/","name":"Mais que Cuidar","description":"Sa\u00fade, Ortopedia e Geriatria","publisher":{"@id":"https:\/\/www.maisquecuidar.com\/loja\/#organization"},"potentialAction":[{"@type":"SearchAction","target":{"@type":"EntryPoint","urlTemplate":"https:\/\/www.maisquecuidar.com\/loja\/?s={search_term_string}"},"query-input":{"@type":"PropertyValueSpecification","valueRequired":true,"valueName":"search_term_string"}}],"inLanguage":"pt-PT"},{"@type":"Organization","@id":"https:\/\/www.maisquecuidar.com\/loja\/#organization","name":"Mais Que Cuidar","url":"https:\/\/www.maisquecuidar.com\/loja\/","logo":{"@type":"ImageObject","inLanguage":"pt-PT","@id":"https:\/\/www.maisquecuidar.com\/loja\/#\/schema\/logo\/image\/","url":"https:\/\/img.maisquecuidar.com\/loja\/wp-content\/uploads\/2019\/08\/logo-mais-que-cuidar-retina.png","contentUrl":"https:\/\/img.maisquecuidar.com\/loja\/wp-content\/uploads\/2019\/08\/logo-mais-que-cuidar-retina.png","width":565,"height":75,"caption":"Mais Que Cuidar"},"image":{"@id":"https:\/\/www.maisquecuidar.com\/loja\/#\/schema\/logo\/image\/"},"sameAs":["https:\/\/www.facebook.com\/maisquecuidar.pt","https:\/\/www.instagram.com\/maisquecuidar"]}]}},"_links":{"self":[{"href":"https:\/\/www.maisquecuidar.com\/loja\/wp-json\/wp\/v2\/product\/11909","targetHints":{"allow":["GET"]}}],"collection":[{"href":"https:\/\/www.maisquecuidar.com\/loja\/wp-json\/wp\/v2\/product"}],"about":[{"href":"https:\/\/www.maisquecuidar.com\/loja\/wp-json\/wp\/v2\/types\/product"}],"wp:featuredmedia":[{"embeddable":true,"href":"https:\/\/www.maisquecuidar.com\/loja\/wp-json\/wp\/v2\/media\/11910"}],"wp:attachment":[{"href":"https:\/\/www.maisquecuidar.com\/loja\/wp-json\/wp\/v2\/media?parent=11909"}],"wp:term":[{"taxonomy":"product_brand","embeddable":true,"href":"https:\/\/www.maisquecuidar.com\/loja\/wp-json\/wp\/v2\/product_brand?post=11909"},{"taxonomy":"product_cat","embeddable":true,"href":"https:\/\/www.maisquecuidar.com\/loja\/wp-json\/wp\/v2\/product_cat?post=11909"},{"taxonomy":"product_tag","embeddable":true,"href":"https:\/\/www.maisquecuidar.com\/loja\/wp-json\/wp\/v2\/product_tag?post=11909"}],"curies":[{"name":"wp","href":"https:\/\/api.w.org\/{rel}","templated":true}]}}